{"id":5504,"date":"2025-10-11T19:55:58","date_gmt":"2025-10-11T19:55:58","guid":{"rendered":"https:\/\/sjalfsbjorg.is\/?page_id=5504"},"modified":"2026-03-13T13:10:53","modified_gmt":"2026-03-13T13:10:53","slug":"kvikmyndir-um-hreyfihamlada","status":"publish","type":"page","link":"https:\/\/sjalfsbjorg.is\/en\/thekkingarmidstod\/fraedsla\/kvikmyndir-um-hreyfihamlada\/","title":{"rendered":"Kvikmyndir og \u00fe\u00e6ttir tengdar f\u00f3lki me\u00f0 hreyfih\u00f6mlun"},"content":{"rendered":"<div data-elementor-type=\"wp-page\" data-elementor-id=\"5504\" class=\"elementor elementor-5504\" data-elementor-post-type=\"page\">\n\t\t\t\t<div class=\"elementor-element elementor-element-24cad92 e-flex e-con-boxed e-con e-parent\" data-id=\"24cad92\" data-element_type=\"container\" data-e-type=\"container\">\n\t\t\t\t\t<div class=\"e-con-inner\">\n\t\t<div class=\"elementor-element elementor-element-b2a8474 e-con-full elementor-hidden-mobile e-flex e-con e-child\" data-id=\"b2a8474\" data-element_type=\"container\" data-e-type=\"container\">\n\t\t\t\t<div class=\"elementor-element elementor-element-9c5b19a elementor-invisible elementor-widget elementor-widget-nav-menu\" data-id=\"9c5b19a\" data-element_type=\"widget\" data-e-type=\"widget\" data-settings=\"{&quot;layout&quot;:&quot;dropdown&quot;,&quot;_animation&quot;:&quot;fadeIn&quot;,&quot;submenu_icon&quot;:{&quot;value&quot;:&quot;&lt;svg aria-hidden=\\&quot;true\\&quot; class=\\&quot;e-font-icon-svg e-fas-caret-down\\&quot; viewBox=\\&quot;0 0 320 512\\&quot; xmlns=\\&quot;http:\\\/\\\/www.w3.org\\\/2000\\\/svg\\&quot;&gt;&lt;path d=\\&quot;M31.3 192h257.3c17.8 0 26.7 21.5 14.1 34.1L174.1 354.8c-7.8 7.8-20.5 7.8-28.3 0L17.2 226.1C4.6 213.5 13.5 192 31.3 192z\\&quot;&gt;&lt;\\\/path&gt;&lt;\\\/svg&gt;&quot;,&quot;library&quot;:&quot;fa-solid&quot;}}\" data-widget_type=\"nav-menu.default\">\n\t\t\t\t\t\t\t\t<nav class=\"elementor-nav-menu--dropdown elementor-nav-menu__container\" aria-hidden=\"true\">\n\t\t\t\t<ul id=\"menu-2-9c5b19a\" class=\"elementor-nav-menu\"><li class=\"menu-item menu-item-type-post_type menu-item-object-page menu-item-5506\"><a href=\"https:\/\/sjalfsbjorg.is\/en\/thekkingarmidstod\/fraedsla\/kvikmyndir-um-hreyfihamlada\/\" class=\"elementor-item\" tabindex=\"-1\">Kvikmyndir og \u00fe\u00e6ttir tengdar f\u00f3lki me\u00f0 hreyfih\u00f6mlun<\/a><\/li>\n<li class=\"menu-item menu-item-type-post_type menu-item-object-page menu-item-5610\"><a href=\"https:\/\/sjalfsbjorg.is\/en\/thekkingarmidstod\/fraedsla\/hreyfihamladir-a-samfelagsmidlum\/\" class=\"elementor-item\" tabindex=\"-1\">Einstaklingar me\u00f0 hreyfih\u00f6mlun samf\u00e9lagsmi\u00f0lum<\/a><\/li>\n<li class=\"menu-item menu-item-type-post_type menu-item-object-page menu-item-5609\"><a href=\"https:\/\/sjalfsbjorg.is\/en\/thekkingarmidstod\/fraedsla\/ahugaverdar-sidur-um-rannsoknir-tengdar-hreyfihomlun\/\" class=\"elementor-item\" tabindex=\"-1\">\u00c1hugaver\u00f0ar s\u00ed\u00f0ur um ranns\u00f3knir tengdar hreyfih\u00f6mlun<\/a><\/li>\n<\/ul>\t\t\t<\/nav>\n\t\t\t\t\t\t<\/div>\n\t\t\t\t<\/div>\n\t\t<div class=\"elementor-element elementor-element-70f6116 e-con-full e-flex elementor-invisible e-con e-child\" data-id=\"70f6116\" data-element_type=\"container\" data-e-type=\"container\" data-settings=\"{&quot;animation&quot;:&quot;fadeIn&quot;}\">\n\t\t\t\t<div class=\"elementor-element elementor-element-8ef713d elementor-widget__width-initial elementor-widget elementor-widget-text-editor\" data-id=\"8ef713d\" data-element_type=\"widget\" data-e-type=\"widget\" data-widget_type=\"text-editor.default\">\n\t\t\t\t\t\t\t\t\tH\u00e9r h\u00f6fum vi\u00f0 teki\u00f0 saman kvikmyndir og \u00fe\u00e6tti um einstaklinga me\u00f0 hreyfih\u00f6mlun sem geta gefi\u00f0 inns\u00fdn inn \u00ed hvernig daglegt l\u00edf \u00feeirra er.\n\n\t\t\t\t\t\t\t\t<\/div>\n\t\t\t\t<div class=\"elementor-element elementor-element-6f85fde elementor-widget__width-initial elementor-widget elementor-widget-text-editor\" data-id=\"6f85fde\" data-element_type=\"widget\" data-e-type=\"widget\" data-widget_type=\"text-editor.default\">\n\t\t\t\t\t\t\t\t\tKvikmyndir\n\t\t\t\t\t\t\t\t<\/div>\n\t\t\t\t<div class=\"elementor-element elementor-element-5a7f9a2 elementor-align-justify elementor-widget elementor-widget-button\" data-id=\"5a7f9a2\" data-element_type=\"widget\" data-e-type=\"widget\" data-widget_type=\"button.default\">\n\t\t\t\t\t\t\t\t\t\t<a class=\"elementor-button elementor-button-link elementor-size-sm\" href=\"https:\/\/www.netflix.com\/is\/title\/81759420\">\n\t\t\t\t\t\t<span class=\"elementor-button-content-wrapper\">\n\t\t\t\t\t\t<span class=\"elementor-button-icon\">\n\t\t\t\t<svg aria-hidden=\"true\" class=\"e-font-icon-svg e-fas-arrow-circle-right\" viewbox=\"0 0 512 512\" xmlns=\"http:\/\/www.w3.org\/2000\/svg\"><path d=\"M256 8c137 0 248 111 248 248S393 504 256 504 8 393 8 256 119 8 256 8zm-28.9 143.6l75.5 72.4H120c-13.3 0-24 10.7-24 24v16c0 13.3 10.7 24 24 24h182.6l-75.5 72.4c-9.7 9.3-9.9 24.8-.4 34.3l11 10.9c9.4 9.4 24.6 9.4 33.9 0L404.3 273c9.4-9.4 9.4-24.6 0-33.9L271.6 106.3c-9.4-9.4-24.6-9.4-33.9 0l-11 10.9c-9.5 9.6-9.3 25.1.4 34.4z\"><\/path><\/svg>\t\t\t<\/span>\n\t\t\t\t\t\t\t\t\t<span class=\"elementor-button-text\">The Remarkable Life of Ibelin<\/span>\n\t\t\t\t\t<\/span>\n\t\t\t\t\t<\/a>\n\t\t\t\t\t\t\t\t<\/div>\n\t\t\t\t<div class=\"elementor-element elementor-element-d4ee2b1 elementor-widget__width-initial elementor-widget elementor-widget-text-editor\" data-id=\"d4ee2b1\" data-element_type=\"widget\" data-e-type=\"widget\" data-widget_type=\"text-editor.default\">\n\t\t\t\t\t\t\t\t\t<p>The Remarkable Life of Ibelin er kvikmynd um Mats Steen sem f\u00e6ddist me\u00f0 v\u00f6\u00f0var\u00fdrnunarsj\u00fakd\u00f3minn Duchenne og l\u00e9st \u00far honum 25 \u00e1ra gamall. S\u00ed\u00f0ustu \u00e1rin dvaldi hann a\u00f0 mestu innan veggja heimilis s\u00edns vegna sj\u00fakd\u00f3msins. Hann spila\u00f0i t\u00f6lvuleikinn World of Warcraft \u00fear sem hann haf\u00f0i b\u00fai\u00f0 s\u00e9r til pers\u00f3nuna Ibelin og \u00fear eigna\u00f0ist hann marga vini og f\u00e9laga. Hann var sterkur pers\u00f3nuleiki sem segja m\u00e1 a\u00f0 hafi haft allt sem Mats haf\u00f0i misst. \u00c1n \u00feess a\u00f0 foreldrar hans vissu var hann vins\u00e6ll \u00ed heimi t\u00f6lvuleiksins sem kom \u00ed lj\u00f3s \u00feegar hann l\u00e9st. \u00deessi mynd gefur hugmynd um hvernig netvin\u00e1tta virkar og \u00e1hrif t\u00e6kninnar \u00e1 f\u00e9lagsl\u00edf f\u00f3lks.<\/p>\t\t\t\t\t\t\t\t<\/div>\n\t\t\t\t<div class=\"elementor-element elementor-element-296add4 elementor-align-justify elementor-widget elementor-widget-button\" data-id=\"296add4\" data-element_type=\"widget\" data-e-type=\"widget\" data-widget_type=\"button.default\">\n\t\t\t\t\t\t\t\t\t\t<a class=\"elementor-button elementor-button-link elementor-size-sm\" href=\"https:\/\/www.imdb.com\/title\/tt1675434\/\">\n\t\t\t\t\t\t<span class=\"elementor-button-content-wrapper\">\n\t\t\t\t\t\t<span class=\"elementor-button-icon\">\n\t\t\t\t<svg aria-hidden=\"true\" class=\"e-font-icon-svg e-fas-arrow-circle-right\" viewbox=\"0 0 512 512\" xmlns=\"http:\/\/www.w3.org\/2000\/svg\"><path d=\"M256 8c137 0 248 111 248 248S393 504 256 504 8 393 8 256 119 8 256 8zm-28.9 143.6l75.5 72.4H120c-13.3 0-24 10.7-24 24v16c0 13.3 10.7 24 24 24h182.6l-75.5 72.4c-9.7 9.3-9.9 24.8-.4 34.3l11 10.9c9.4 9.4 24.6 9.4 33.9 0L404.3 273c9.4-9.4 9.4-24.6 0-33.9L271.6 106.3c-9.4-9.4-24.6-9.4-33.9 0l-11 10.9c-9.5 9.6-9.3 25.1.4 34.4z\"><\/path><\/svg>\t\t\t<\/span>\n\t\t\t\t\t\t\t\t\t<span class=\"elementor-button-text\">The Intouchables<\/span>\n\t\t\t\t\t<\/span>\n\t\t\t\t\t<\/a>\n\t\t\t\t\t\t\t\t<\/div>\n\t\t\t\t<div class=\"elementor-element elementor-element-8290e4f elementor-widget__width-initial elementor-widget elementor-widget-text-editor\" data-id=\"8290e4f\" data-element_type=\"widget\" data-e-type=\"widget\" data-widget_type=\"text-editor.default\">\n\t\t\t\t\t\t\t\t\t<p>Philippe er franskur au\u00f0ma\u00f0ur sem slasast illa \u00ed fallhl\u00edfarsvifi og lamast vi\u00f0 \u00fea\u00f0 fyrir ne\u00f0an h\u00e1ls. \u00deetta ver\u00f0ur honum a\u00f0 sj\u00e1lfs\u00f6g\u00f0u miki\u00f0 \u00e1fall ekki s\u00edst vegna \u00feess hversu l\u00edfsgla\u00f0ur \u00fativistarma\u00f0ur hann var fyrir slysi\u00f0. \u00deegar Philippe er \u00e1samt a\u00f0sto\u00f0arkonu sinni a\u00f0 r\u00e1\u00f0a einhvern til a\u00f0 annast sig s\u00e6kir um starfi\u00f0 ungur ma\u00f0ur, Driss, en hann er me\u00f0 heldur vafasaman feril a\u00f0 baki. Driss sj\u00e1lfum til mestrar fur\u00f0u r\u00e6\u00f0ur Philippe hann \u00fer\u00e1tt fyrir a\u00f0 lj\u00f3st s\u00e9 a\u00f0 fagleg \u00feekking hans \u00e1 um\u00f6nnun fatla\u00f0ra er engin. En Philippe hefur s\u00ednar \u00e1st\u00e6\u00f0ur fyrir \u00fev\u00ed a\u00f0 honum leist best \u00e1 \u00feann sem engan s\u00e9ns \u00e1tti \u00ed starfi\u00f0. \u00dea\u00f0 \u00e1 s\u00ed\u00f0an eftir a\u00f0 koma \u00ed lj\u00f3s a\u00f0 inns\u00e6i hans var r\u00e9tt og sm\u00e1m saman myndast \u00e1 milli \u00feessara \u00f3l\u00edku manna einst\u00f6k vin\u00e1tta sem ver\u00f0ur b\u00e1\u00f0um til g\u00f3\u00f0s.<\/p>\t\t\t\t\t\t\t\t<\/div>\n\t\t\t\t<div class=\"elementor-element elementor-element-ee362c8 elementor-align-justify elementor-widget elementor-widget-button\" data-id=\"ee362c8\" data-element_type=\"widget\" data-e-type=\"widget\" data-widget_type=\"button.default\">\n\t\t\t\t\t\t\t\t\t\t<a class=\"elementor-button elementor-button-link elementor-size-sm\" href=\"https:\/\/www.netflix.com\/nl-en\/title\/80236271\">\n\t\t\t\t\t\t<span class=\"elementor-button-content-wrapper\">\n\t\t\t\t\t\t<span class=\"elementor-button-icon\">\n\t\t\t\t<svg aria-hidden=\"true\" class=\"e-font-icon-svg e-fas-arrow-circle-right\" viewbox=\"0 0 512 512\" xmlns=\"http:\/\/www.w3.org\/2000\/svg\"><path d=\"M256 8c137 0 248 111 248 248S393 504 256 504 8 393 8 256 119 8 256 8zm-28.9 143.6l75.5 72.4H120c-13.3 0-24 10.7-24 24v16c0 13.3 10.7 24 24 24h182.6l-75.5 72.4c-9.7 9.3-9.9 24.8-.4 34.3l11 10.9c9.4 9.4 24.6 9.4 33.9 0L404.3 273c9.4-9.4 9.4-24.6 0-33.9L271.6 106.3c-9.4-9.4-24.6-9.4-33.9 0l-11 10.9c-9.5 9.6-9.3 25.1.4 34.4z\"><\/path><\/svg>\t\t\t<\/span>\n\t\t\t\t\t\t\t\t\t<span class=\"elementor-button-text\">Five Feet Apart<\/span>\n\t\t\t\t\t<\/span>\n\t\t\t\t\t<\/a>\n\t\t\t\t\t\t\t\t<\/div>\n\t\t\t\t<div class=\"elementor-element elementor-element-46b2505 elementor-widget__width-initial elementor-widget elementor-widget-text-editor\" data-id=\"46b2505\" data-element_type=\"widget\" data-e-type=\"widget\" data-widget_type=\"text-editor.default\">\n\t\t\t\t\t\t\t\t\t<p>Cystic Fibrosis er me\u00f0f\u00e6ddur arfgengur sj\u00fakd\u00f3mur. Sj\u00fakd\u00f3mseinkenni stafa af \u00fev\u00ed a\u00f0 \u00fatkirtlar, sem eru me\u00f0al annars svitakirtlar, sl\u00edmkirtlar \u00f6ndunarf\u00e6ranna og briskirtillinn sem framlei\u00f0ir meltingarhvata, starfa ekki e\u00f0lilega. Einkenni eru mismunandi eftir einstaklingum, en \u00feau koma fyrst og fremst fram \u00ed lungum og\/e\u00f0a meltingarf\u00e6rum. Af \u00fev\u00ed lei\u00f0ir a\u00f0 einstaklinga me\u00f0 sj\u00fakd\u00f3minn eru \u00fatsettari fyrir veikindum og me\u00f0 l\u00e9legra \u00f3n\u00e6miskerfi en venjan er. \u00dea\u00f0 er \u00fev\u00ed erfitt fyrir \u00feessa einstaklinga a\u00f0 vera saman og ver\u00f0a \u00feeir a\u00f0 halda fjarl\u00e6g\u00f0. \u00cd \u00feessari mynd er fjalla\u00f0 um \u00fe\u00e6r erfi\u00f0u a\u00f0st\u00e6\u00f0ur sem skapast \u00feegar tv\u00e6r manneskjur me\u00f0 sj\u00fakd\u00f3minn ver\u00f0a \u00e1stfangnar.<\/p>\t\t\t\t\t\t\t\t<\/div>\n\t\t\t\t<div class=\"elementor-element elementor-element-3dbc2f2 elementor-align-justify elementor-widget elementor-widget-button\" data-id=\"3dbc2f2\" data-element_type=\"widget\" data-e-type=\"widget\" data-widget_type=\"button.default\">\n\t\t\t\t\t\t\t\t\t\t<a class=\"elementor-button elementor-button-link elementor-size-sm\" href=\"https:\/\/www.imdb.com\/title\/tt0427047\/?ref_=ls_t_3\">\n\t\t\t\t\t\t<span class=\"elementor-button-content-wrapper\">\n\t\t\t\t\t\t<span class=\"elementor-button-icon\">\n\t\t\t\t<svg aria-hidden=\"true\" class=\"e-font-icon-svg e-fas-arrow-circle-right\" viewbox=\"0 0 512 512\" xmlns=\"http:\/\/www.w3.org\/2000\/svg\"><path d=\"M256 8c137 0 248 111 248 248S393 504 256 504 8 393 8 256 119 8 256 8zm-28.9 143.6l75.5 72.4H120c-13.3 0-24 10.7-24 24v16c0 13.3 10.7 24 24 24h182.6l-75.5 72.4c-9.7 9.3-9.9 24.8-.4 34.3l11 10.9c9.4 9.4 24.6 9.4 33.9 0L404.3 273c9.4-9.4 9.4-24.6 0-33.9L271.6 106.3c-9.4-9.4-24.6-9.4-33.9 0l-11 10.9c-9.5 9.6-9.3 25.1.4 34.4z\"><\/path><\/svg>\t\t\t<\/span>\n\t\t\t\t\t\t\t\t\t<span class=\"elementor-button-text\">Cavalcade<\/span>\n\t\t\t\t\t<\/span>\n\t\t\t\t\t<\/a>\n\t\t\t\t\t\t\t\t<\/div>\n\t\t\t\t<div class=\"elementor-element elementor-element-c7cfd37 elementor-widget__width-initial elementor-widget elementor-widget-text-editor\" data-id=\"c7cfd37\" data-element_type=\"widget\" data-e-type=\"widget\" data-widget_type=\"text-editor.default\">\n\t\t\t\t\t\t\t\t\tMyndin fjallar um ungan mann Leo sem h\u00e6ttir me\u00f0 k\u00e6rustu sinni. \u00deegar hann er \u00e1 lei\u00f0 a\u00f0 hitta hana \u00ed s\u00ed\u00f0asta skipti\u00f0 lendir hann \u00ed slysi. \u00cd kj\u00f6lfar slysins b\u00fdr hann vi\u00f0 l\u00edkamlega f\u00f6tlun sem hefur \u00e1hrif \u00e1 allt l\u00edf hans. \u00cd myndinni er fjalla\u00f0 um \u00fe\u00e1 erfi\u00f0u st\u00f6\u00f0u sem hann er \u00ed, \u00feegar kemur a\u00f0 sambandi \u00feeirra \u00ed kj\u00f6lfar slyssins.\t\t\t\t\t\t\t\t<\/div>\n\t\t\t\t<div class=\"elementor-element elementor-element-0cf3bbe elementor-align-justify elementor-widget elementor-widget-button\" data-id=\"0cf3bbe\" data-element_type=\"widget\" data-e-type=\"widget\" data-widget_type=\"button.default\">\n\t\t\t\t\t\t\t\t\t\t<a class=\"elementor-button elementor-button-link elementor-size-sm\" href=\"https:\/\/www.imdb.com\/title\/tt5012320\/\">\n\t\t\t\t\t\t<span class=\"elementor-button-content-wrapper\">\n\t\t\t\t\t\t<span class=\"elementor-button-icon\">\n\t\t\t\t<svg aria-hidden=\"true\" class=\"e-font-icon-svg e-fas-arrow-circle-right\" viewbox=\"0 0 512 512\" xmlns=\"http:\/\/www.w3.org\/2000\/svg\"><path d=\"M256 8c137 0 248 111 248 248S393 504 256 504 8 393 8 256 119 8 256 8zm-28.9 143.6l75.5 72.4H120c-13.3 0-24 10.7-24 24v16c0 13.3 10.7 24 24 24h182.6l-75.5 72.4c-9.7 9.3-9.9 24.8-.4 34.3l11 10.9c9.4 9.4 24.6 9.4 33.9 0L404.3 273c9.4-9.4 9.4-24.6 0-33.9L271.6 106.3c-9.4-9.4-24.6-9.4-33.9 0l-11 10.9c-9.5 9.6-9.3 25.1.4 34.4z\"><\/path><\/svg>\t\t\t<\/span>\n\t\t\t\t\t\t\t\t\t<span class=\"elementor-button-text\">Out of My Mind<\/span>\n\t\t\t\t\t<\/span>\n\t\t\t\t\t<\/a>\n\t\t\t\t\t\t\t\t<\/div>\n\t\t\t\t<div class=\"elementor-element elementor-element-5abd132 elementor-widget__width-initial elementor-widget elementor-widget-text-editor\" data-id=\"5abd132\" data-element_type=\"widget\" data-e-type=\"widget\" data-widget_type=\"text-editor.default\">\n\t\t\t\t\t\t\t\t\tMelody Brooks er 11 \u00e1ra st\u00falka me\u00f0 Cerebral palsy sem notar hj\u00f3last\u00f3l auk \u00feess a\u00f0 b\u00faa vi\u00f0 m\u00e1l\u00f6r\u00f0ugleika. H\u00fan l\u00e6tur \u00fea\u00f0 \u00fe\u00f3 ekki stoppa sig og notast vi\u00f0 tj\u00e1skiptat\u00e6kni (e. assistive technology). H\u00fan byrjar sk\u00f3lag\u00f6ngu s\u00edna \u00ed s\u00e9rdeild en flj\u00f3tlega kemur \u00ed lj\u00f3s a\u00f0 h\u00fan er g\u00f3\u00f0ur n\u00e1msma\u00f0ur og er flutt \u00ed almennan sk\u00f3la. \u00cd myndinni er s\u00fdnt fr\u00e1 \u00feeim \u00e1skorunum sem h\u00fan stendur frammi fyrir \u00ed almennum sk\u00f3la, \u00fear sem h\u00fan \u00fearf a\u00f0 a\u00f0lagast n\u00fdju umhverfi og f\u00e1 \u00fea\u00f0 til a\u00f0 hlusta \u00e1 sig.\t\t\t\t\t\t\t\t<\/div>\n\t\t\t\t<div class=\"elementor-element elementor-element-282b3af elementor-align-justify elementor-widget elementor-widget-button\" data-id=\"282b3af\" data-element_type=\"widget\" data-e-type=\"widget\" data-widget_type=\"button.default\">\n\t\t\t\t\t\t\t\t\t\t<a class=\"elementor-button elementor-button-link elementor-size-sm\" href=\"https:\/\/www.youtube.com\/watch?v=maz8UHHa9PA\">\n\t\t\t\t\t\t<span class=\"elementor-button-content-wrapper\">\n\t\t\t\t\t\t<span class=\"elementor-button-icon\">\n\t\t\t\t<svg aria-hidden=\"true\" class=\"e-font-icon-svg e-fas-arrow-circle-right\" viewbox=\"0 0 512 512\" xmlns=\"http:\/\/www.w3.org\/2000\/svg\"><path d=\"M256 8c137 0 248 111 248 248S393 504 256 504 8 393 8 256 119 8 256 8zm-28.9 143.6l75.5 72.4H120c-13.3 0-24 10.7-24 24v16c0 13.3 10.7 24 24 24h182.6l-75.5 72.4c-9.7 9.3-9.9 24.8-.4 34.3l11 10.9c9.4 9.4 24.6 9.4 33.9 0L404.3 273c9.4-9.4 9.4-24.6 0-33.9L271.6 106.3c-9.4-9.4-24.6-9.4-33.9 0l-11 10.9c-9.5 9.6-9.3 25.1.4 34.4z\"><\/path><\/svg>\t\t\t<\/span>\n\t\t\t\t\t\t\t\t\t<span class=\"elementor-button-text\">Stuart: The Day My Life Changed<\/span>\n\t\t\t\t\t<\/span>\n\t\t\t\t\t<\/a>\n\t\t\t\t\t\t\t\t<\/div>\n\t\t\t\t<div class=\"elementor-element elementor-element-df88f75 elementor-widget__width-initial elementor-widget elementor-widget-text-editor\" data-id=\"df88f75\" data-element_type=\"widget\" data-e-type=\"widget\" data-widget_type=\"text-editor.default\">\n\t\t\t\t\t\t\t\t\tStuart: The Day My Life Changed er heimildarmynd fr\u00e1 \u00e1rinu 2010 um Stuart Mangan. \u00dear er sagt fr\u00e1 \u00fev\u00ed hvernig l\u00edf hans breyttist \u00feegar hann lenti \u00ed slysi vi\u00f0 a\u00f0 spila Rugby. \u00cd myndinni er fjalla\u00f0 um \u00fea\u00f0 ferli sem fer \u00ed gang \u00feegar hann \u00fatskrifast af endurh\u00e6fingami\u00f0st\u00f6\u00f0 og flytur \u00e1 eigi\u00f0 heimili. Myndin s\u00fdnir \u00e1 \u00e1hrifar\u00edkan h\u00e1tt hvernig samf\u00e9lagi\u00f0 tekur \u00e1 m\u00f3ti honum og hvernig hann \u00fer\u00f3ar eigi\u00f0 sj\u00e1lfst\u00e6\u00f0i.\t\t\t\t\t\t\t\t<\/div>\n\t\t\t\t<div class=\"elementor-element elementor-element-d87b665 elementor-align-justify elementor-widget elementor-widget-button\" data-id=\"d87b665\" data-element_type=\"widget\" data-e-type=\"widget\" data-widget_type=\"button.default\">\n\t\t\t\t\t\t\t\t\t\t<a class=\"elementor-button elementor-button-link elementor-size-sm\" href=\"https:\/\/www.youtube.com\/watch?v=7950E33KzeI\">\n\t\t\t\t\t\t<span class=\"elementor-button-content-wrapper\">\n\t\t\t\t\t\t<span class=\"elementor-button-icon\">\n\t\t\t\t<svg aria-hidden=\"true\" class=\"e-font-icon-svg e-fas-arrow-circle-right\" viewbox=\"0 0 512 512\" xmlns=\"http:\/\/www.w3.org\/2000\/svg\"><path d=\"M256 8c137 0 248 111 248 248S393 504 256 504 8 393 8 256 119 8 256 8zm-28.9 143.6l75.5 72.4H120c-13.3 0-24 10.7-24 24v16c0 13.3 10.7 24 24 24h182.6l-75.5 72.4c-9.7 9.3-9.9 24.8-.4 34.3l11 10.9c9.4 9.4 24.6 9.4 33.9 0L404.3 273c9.4-9.4 9.4-24.6 0-33.9L271.6 106.3c-9.4-9.4-24.6-9.4-33.9 0l-11 10.9c-9.5 9.6-9.3 25.1.4 34.4z\"><\/path><\/svg>\t\t\t<\/span>\n\t\t\t\t\t\t\t\t\t<span class=\"elementor-button-text\">Change, Not Charity: The Americans With Disabilities Act<\/span>\n\t\t\t\t\t<\/span>\n\t\t\t\t\t<\/a>\n\t\t\t\t\t\t\t\t<\/div>\n\t\t\t\t<div class=\"elementor-element elementor-element-a19b3b4 elementor-widget__width-initial elementor-widget elementor-widget-text-editor\" data-id=\"a19b3b4\" data-element_type=\"widget\" data-e-type=\"widget\" data-widget_type=\"text-editor.default\">\n\t\t\t\t\t\t\t\t\t\u00deessi mynd fjallar, eins og nafni\u00f0 gefur til kynna, um ADA l\u00f6gin, tilur\u00f0 \u00feeirra og tilgang. ADA l\u00f6gin voru sett \u00ed Bandar\u00edkjunum \u00e1ri\u00f0 1990. Langa nafn \u00feessara laga er An Act to Establish a Clear and Comprehensive Prohibition of Discrimination on the Basis of Disability. Tilgangurinn \u00feeirra er einfaldlega a\u00f0 banna alla mismunun gegn f\u00f6tlu\u00f0um. \u00cd myndinni er fjalla\u00f0 um s\u00f6gu \u00feeirra og hvernig \u00feau hafa \u00e1hrif \u00e1 a\u00f0gengism\u00e1l og fleira.\t\t\t\t\t\t\t\t<\/div>\n\t\t\t\t<div class=\"elementor-element elementor-element-82974df elementor-align-justify elementor-widget elementor-widget-button\" data-id=\"82974df\" data-element_type=\"widget\" data-e-type=\"widget\" data-widget_type=\"button.default\">\n\t\t\t\t\t\t\t\t\t\t<a class=\"elementor-button elementor-button-link elementor-size-sm\" href=\"https:\/\/vimeo.com\/210836509\">\n\t\t\t\t\t\t<span class=\"elementor-button-content-wrapper\">\n\t\t\t\t\t\t<span class=\"elementor-button-icon\">\n\t\t\t\t<svg aria-hidden=\"true\" class=\"e-font-icon-svg e-fas-arrow-circle-right\" viewbox=\"0 0 512 512\" xmlns=\"http:\/\/www.w3.org\/2000\/svg\"><path d=\"M256 8c137 0 248 111 248 248S393 504 256 504 8 393 8 256 119 8 256 8zm-28.9 143.6l75.5 72.4H120c-13.3 0-24 10.7-24 24v16c0 13.3 10.7 24 24 24h182.6l-75.5 72.4c-9.7 9.3-9.9 24.8-.4 34.3l11 10.9c9.4 9.4 24.6 9.4 33.9 0L404.3 273c9.4-9.4 9.4-24.6 0-33.9L271.6 106.3c-9.4-9.4-24.6-9.4-33.9 0l-11 10.9c-9.5 9.6-9.3 25.1.4 34.4z\"><\/path><\/svg>\t\t\t<\/span>\n\t\t\t\t\t\t\t\t\t<span class=\"elementor-button-text\">Halli sigurvegari<\/span>\n\t\t\t\t\t<\/span>\n\t\t\t\t\t<\/a>\n\t\t\t\t\t\t\t\t<\/div>\n\t\t\t\t<div class=\"elementor-element elementor-element-3ab5cc3 elementor-widget__width-initial elementor-widget elementor-widget-text-editor\" data-id=\"3ab5cc3\" data-element_type=\"widget\" data-e-type=\"widget\" data-widget_type=\"text-editor.default\">\n\t\t\t\t\t\t\t\t\tHaraldur \u00d3lafsson (Halli) er hreyfihamla\u00f0ur ma\u00f0ur sem var vista\u00f0ur sem barn \u00e1 K\u00f3pavogsh\u00e6li og dvaldist \u00fear fram \u00e1 fullor\u00f0ins\u00e1r. Kerfi\u00f0 d\u00e6mdi hann \u00far leik og \u00e1kva\u00f0 a\u00f0 hann g\u00e6ti ekkert l\u00e6rt. En Halli er h\u00e6fileikar\u00edkur og b\u00fdr yfir \u00f3bugandi \u00ferautseigju og kjarki, l\u00edfsvilja og skemmtilegheitum. Hann eigna\u00f0ist vini og kynntist velvilju\u00f0u f\u00f3lki sem studdi hann. Halli fluttist af K\u00f3pavogsh\u00e6li og stunda\u00f0i n\u00e1m, m.a. \u00e1 rafi\u00f0na\u00f0arbraut I\u00f0nsk\u00f3lans \u00ed Reykjav\u00edk. Hann t\u00f3k l\u00edka b\u00edlpr\u00f3f og breytti \u00fea\u00f0 l\u00edfi hans miki\u00f0.\n\t\t\t\t\t\t\t\t<\/div>\n\t\t\t\t<div class=\"elementor-element elementor-element-54e9d5d elementor-align-justify elementor-widget elementor-widget-button\" data-id=\"54e9d5d\" data-element_type=\"widget\" data-e-type=\"widget\" data-widget_type=\"button.default\">\n\t\t\t\t\t\t\t\t\t\t<a class=\"elementor-button elementor-button-link elementor-size-sm\" href=\"https:\/\/www.youtube.com\/watch?v=4AeVHWMe5Qo\">\n\t\t\t\t\t\t<span class=\"elementor-button-content-wrapper\">\n\t\t\t\t\t\t<span class=\"elementor-button-icon\">\n\t\t\t\t<svg aria-hidden=\"true\" class=\"e-font-icon-svg e-fas-arrow-circle-right\" viewbox=\"0 0 512 512\" xmlns=\"http:\/\/www.w3.org\/2000\/svg\"><path d=\"M256 8c137 0 248 111 248 248S393 504 256 504 8 393 8 256 119 8 256 8zm-28.9 143.6l75.5 72.4H120c-13.3 0-24 10.7-24 24v16c0 13.3 10.7 24 24 24h182.6l-75.5 72.4c-9.7 9.3-9.9 24.8-.4 34.3l11 10.9c9.4 9.4 24.6 9.4 33.9 0L404.3 273c9.4-9.4 9.4-24.6 0-33.9L271.6 106.3c-9.4-9.4-24.6-9.4-33.9 0l-11 10.9c-9.5 9.6-9.3 25.1.4 34.4z\"><\/path><\/svg>\t\t\t<\/span>\n\t\t\t\t\t\t\t\t\t<span class=\"elementor-button-text\">Einst\u00f6k b\u00f6rn og fullor\u00f0nir<\/span>\n\t\t\t\t\t<\/span>\n\t\t\t\t\t<\/a>\n\t\t\t\t\t\t\t\t<\/div>\n\t\t\t\t<div class=\"elementor-element elementor-element-f423433 elementor-widget__width-initial elementor-widget elementor-widget-text-editor\" data-id=\"f423433\" data-element_type=\"widget\" data-e-type=\"widget\" data-widget_type=\"text-editor.default\">\n\t\t\t\t\t\t\t\t\tSjaldg\u00e6fir sj\u00fakd\u00f3mar skipta \u00fe\u00fasundum \u00e1 heimsv\u00edsu og nokkur hundru\u00f0 hafa greinst h\u00e9r \u00e1 landi. \u00de\u00f3tt \u00f3l\u00edkir s\u00e9u er sameiginlegt me\u00f0 m\u00f6rgum \u00feeirra a\u00f0 f\u00f3lki er h\u00e6tt vi\u00f0 a\u00f0 lenda utanveltu \u00ed opinberum kerfum samf\u00e9lagsins. \u00cd \u00feessari heimildarmynd er skyggnst inn \u00ed l\u00edf \u00feriggja fj\u00f6lskyldna barna me\u00f0 sjaldg\u00e6fan sj\u00fakd\u00f3m og \u00fe\u00e6r \u00e1skoranir sem \u00fe\u00e6r standa frammi fyrir.\t\t\t\t\t\t\t\t<\/div>\n\t\t\t\t<div class=\"elementor-element elementor-element-9a13a67 elementor-align-justify elementor-widget elementor-widget-button\" data-id=\"9a13a67\" data-element_type=\"widget\" data-e-type=\"widget\" data-widget_type=\"button.default\">\n\t\t\t\t\t\t\t\t\t\t<a class=\"elementor-button elementor-button-link elementor-size-sm\" href=\"https:\/\/www.imdb.com\/title\/tt27902121\/\">\n\t\t\t\t\t\t<span class=\"elementor-button-content-wrapper\">\n\t\t\t\t\t\t<span class=\"elementor-button-icon\">\n\t\t\t\t<svg aria-hidden=\"true\" class=\"e-font-icon-svg e-fas-arrow-circle-right\" viewbox=\"0 0 512 512\" xmlns=\"http:\/\/www.w3.org\/2000\/svg\"><path d=\"M256 8c137 0 248 111 248 248S393 504 256 504 8 393 8 256 119 8 256 8zm-28.9 143.6l75.5 72.4H120c-13.3 0-24 10.7-24 24v16c0 13.3 10.7 24 24 24h182.6l-75.5 72.4c-9.7 9.3-9.9 24.8-.4 34.3l11 10.9c9.4 9.4 24.6 9.4 33.9 0L404.3 273c9.4-9.4 9.4-24.6 0-33.9L271.6 106.3c-9.4-9.4-24.6-9.4-33.9 0l-11 10.9c-9.5 9.6-9.3 25.1.4 34.4z\"><\/path><\/svg>\t\t\t<\/span>\n\t\t\t\t\t\t\t\t\t<span class=\"elementor-button-text\">Super\/Man: The Christopher Reeve Story<\/span>\n\t\t\t\t\t<\/span>\n\t\t\t\t\t<\/a>\n\t\t\t\t\t\t\t\t<\/div>\n\t\t\t\t<div class=\"elementor-element elementor-element-5041347 elementor-widget__width-initial elementor-widget elementor-widget-text-editor\" data-id=\"5041347\" data-element_type=\"widget\" data-e-type=\"widget\" data-widget_type=\"text-editor.default\">\n\t\t\t\t\t\t\t\t\tSuper\/Man: The Christopher Reeve Story er mynd fr\u00e1 \u00e1rinu 2024 sem fjallar um Christhoper sem langar a\u00f0 ver\u00f0a kvikmyndastjarna eftir a\u00f0 l\u00edof hans breytist \u00ed kj\u00f6lfar hestaslyss, sem ver\u00f0ur til \u00feess a\u00f0 hann lamast.\t\t\t\t\t\t\t\t<\/div>\n\t\t\t\t<div class=\"elementor-element elementor-element-f1231a7 elementor-widget__width-initial elementor-widget elementor-widget-text-editor\" data-id=\"f1231a7\" data-element_type=\"widget\" data-e-type=\"widget\" data-widget_type=\"text-editor.default\">\n\t\t\t\t\t\t\t\t\t\u00de\u00e6ttir\t\t\t\t\t\t\t\t<\/div>\n\t\t\t\t<div class=\"elementor-element elementor-element-0b88775 elementor-align-justify elementor-widget elementor-widget-button\" data-id=\"0b88775\" data-element_type=\"widget\" data-e-type=\"widget\" data-widget_type=\"button.default\">\n\t\t\t\t\t\t\t\t\t\t<a class=\"elementor-button elementor-button-link elementor-size-sm\" href=\"https:\/\/tv.nrk.no\/serie\/team-poelsa\">\n\t\t\t\t\t\t<span class=\"elementor-button-content-wrapper\">\n\t\t\t\t\t\t<span class=\"elementor-button-icon\">\n\t\t\t\t<svg aria-hidden=\"true\" class=\"e-font-icon-svg e-fas-arrow-circle-right\" viewbox=\"0 0 512 512\" xmlns=\"http:\/\/www.w3.org\/2000\/svg\"><path d=\"M256 8c137 0 248 111 248 248S393 504 256 504 8 393 8 256 119 8 256 8zm-28.9 143.6l75.5 72.4H120c-13.3 0-24 10.7-24 24v16c0 13.3 10.7 24 24 24h182.6l-75.5 72.4c-9.7 9.3-9.9 24.8-.4 34.3l11 10.9c9.4 9.4 24.6 9.4 33.9 0L404.3 273c9.4-9.4 9.4-24.6 0-33.9L271.6 106.3c-9.4-9.4-24.6-9.4-33.9 0l-11 10.9c-9.5 9.6-9.3 25.1.4 34.4z\"><\/path><\/svg>\t\t\t<\/span>\n\t\t\t\t\t\t\t\t\t<span class=\"elementor-button-text\">Team p\u00f8lsa<\/span>\n\t\t\t\t\t<\/span>\n\t\t\t\t\t<\/a>\n\t\t\t\t\t\t\t\t<\/div>\n\t\t\t\t<div class=\"elementor-element elementor-element-7658271 elementor-widget__width-initial elementor-widget elementor-widget-text-editor\" data-id=\"7658271\" data-element_type=\"widget\" data-e-type=\"widget\" data-widget_type=\"text-editor.default\">\n\t\t\t\t\t\t\t\t\tTeam p\u00f8lsa eru \u00fe\u00e6ttir sem ger\u00f0ir voru af norska r\u00edkissj\u00f3nvarpinu. \u00deer fjalla um \u00d8ystein &#8220;P\u00f8lsa&#8221; Pettersen sem setur saman li\u00f0 sem \u00e6fir saman g\u00f6ngusk\u00ed\u00f0i. \u00dea\u00f0 gerir hver og einn li\u00f0sma\u00f0ur me\u00f0 sinni a\u00f0fer\u00f0 \u00fear sem \u00feau b\u00faa \u00f6ll vi\u00f0 f\u00f6tlun af einhverju tagi. \u00deeirra st\u00e6rsta markmi\u00f0 er a\u00f0 komast \u00e1 st\u00f3rm\u00f3t \u00e1 g\u00f6ngusk\u00ed\u00f0um. Sj\u00f3n er s\u00f6gu r\u00edkari.\t\t\t\t\t\t\t\t<\/div>\n\t\t\t\t<div class=\"elementor-element elementor-element-3d6eba8 elementor-align-justify elementor-widget elementor-widget-button\" data-id=\"3d6eba8\" data-element_type=\"widget\" data-e-type=\"widget\" data-widget_type=\"button.default\">\n\t\t\t\t\t\t\t\t\t\t<a class=\"elementor-button elementor-button-link elementor-size-sm\" href=\"https:\/\/tv.nrk.no\/serie\/saann-er-jeg-og-saann-er-det\" target=\"_blank\">\n\t\t\t\t\t\t<span class=\"elementor-button-content-wrapper\">\n\t\t\t\t\t\t<span class=\"elementor-button-icon\">\n\t\t\t\t<svg aria-hidden=\"true\" class=\"e-font-icon-svg e-fas-arrow-circle-right\" viewbox=\"0 0 512 512\" xmlns=\"http:\/\/www.w3.org\/2000\/svg\"><path d=\"M256 8c137 0 248 111 248 248S393 504 256 504 8 393 8 256 119 8 256 8zm-28.9 143.6l75.5 72.4H120c-13.3 0-24 10.7-24 24v16c0 13.3 10.7 24 24 24h182.6l-75.5 72.4c-9.7 9.3-9.9 24.8-.4 34.3l11 10.9c9.4 9.4 24.6 9.4 33.9 0L404.3 273c9.4-9.4 9.4-24.6 0-33.9L271.6 106.3c-9.4-9.4-24.6-9.4-33.9 0l-11 10.9c-9.5 9.6-9.3 25.1.4 34.4z\"><\/path><\/svg>\t\t\t<\/span>\n\t\t\t\t\t\t\t\t\t<span class=\"elementor-button-text\">S\u00e5nn er jeg, og s\u00e5nn er det<\/span>\n\t\t\t\t\t<\/span>\n\t\t\t\t\t<\/a>\n\t\t\t\t\t\t\t\t<\/div>\n\t\t\t\t<div class=\"elementor-element elementor-element-dc480f2 elementor-widget__width-initial elementor-widget elementor-widget-text-editor\" data-id=\"dc480f2\" data-element_type=\"widget\" data-e-type=\"widget\" data-widget_type=\"text-editor.default\">\n\t\t\t\t\t\t\t\t\tS\u00e5nn er jeg, og s\u00e5nn er det eru \u00fe\u00e6ttir sem framleiddir voru af norska r\u00edkissj\u00f3nvarpinu. \u00dear gefa b\u00f6rn me\u00f0 f\u00f6tlun e\u00f0a sj\u00fakd\u00f3ma inns\u00fdn \u00ed hvernig l\u00edf \u00feeirra er, hva\u00f0a \u00e1skoranir \u00feau b\u00faa vi\u00f0 og hvernig \u00feau vinna me\u00f0 \u00feeim. \u00de\u00e6ttirnir eru ger\u00f0ir me\u00f0 r\u00f6dd barnanna og fr\u00e1 \u00feeirra sj\u00f3narhorni. Me\u00f0al annars voru ger\u00f0ir nokkrir \u00fe\u00e6ttir um b\u00f6rn me\u00f0 hreyfihamlanir.\t\t\t\t\t\t\t\t<\/div>\n\t\t\t\t<div class=\"elementor-element elementor-element-657ee50 elementor-widget__width-initial elementor-widget elementor-widget-text-editor\" data-id=\"657ee50\" data-element_type=\"widget\" data-e-type=\"widget\" data-widget_type=\"text-editor.default\">\n\t\t\t\t\t\t\t\t\t<p><strong><a href=\"https:\/\/sjalfsbjorg.is\/en\/thekkingarmidstod\/vid-viljum-heyra-i-ther\/\">Do you have any suggestions or further questions? Contact us here<\/a><\/strong><\/p>\t\t\t\t\t\t\t\t<\/div>\n\t\t\t\t<\/div>\n\t\t\t\t\t<\/div>\n\t\t\t\t<\/div>\n\t\t<div class=\"elementor-element elementor-element-aae3dc1 e-con-full e-flex e-con e-parent\" data-id=\"aae3dc1\" data-element_type=\"container\" data-e-type=\"container\">\n\t\t\t\t<div class=\"elementor-element elementor-element-e771da5 elementor-widget elementor-widget-template\" data-id=\"e771da5\" data-element_type=\"widget\" data-e-type=\"widget\" data-widget_type=\"template.default\">\n\t\t\t\t<div class=\"elementor-widget-container\">\n\t\t\t\t\t\t\t<div class=\"elementor-template\">\n\t\t\t\t\t<div data-elementor-type=\"container\" data-elementor-id=\"9887\" class=\"elementor elementor-9887\" data-elementor-post-type=\"elementor_library\">\n\t\t\t\t<div class=\"elementor-element elementor-element-6734a465 elementor-hidden-mobile e-flex e-con-boxed e-con e-parent\" data-id=\"6734a465\" data-element_type=\"container\" data-e-type=\"container\">\n\t\t\t\t\t<div class=\"e-con-inner\">\n\t\t\t\t<div class=\"elementor-element elementor-element-34ed906d elementor-nav-menu--dropdown-mobile elementor-nav-menu__align-center elementor-nav-menu--stretch elementor-nav-menu__text-align-aside elementor-nav-menu--toggle elementor-nav-menu--burger elementor-widget elementor-widget-nav-menu\" data-id=\"34ed906d\" data-element_type=\"widget\" data-e-type=\"widget\" data-settings=\"{&quot;full_width&quot;:&quot;stretch&quot;,&quot;layout&quot;:&quot;horizontal&quot;,&quot;submenu_icon&quot;:{&quot;value&quot;:&quot;&lt;svg aria-hidden=\\&quot;true\\&quot; class=\\&quot;e-font-icon-svg e-fas-caret-down\\&quot; viewBox=\\&quot;0 0 320 512\\&quot; xmlns=\\&quot;http:\\\/\\\/www.w3.org\\\/2000\\\/svg\\&quot;&gt;&lt;path d=\\&quot;M31.3 192h257.3c17.8 0 26.7 21.5 14.1 34.1L174.1 354.8c-7.8 7.8-20.5 7.8-28.3 0L17.2 226.1C4.6 213.5 13.5 192 31.3 192z\\&quot;&gt;&lt;\\\/path&gt;&lt;\\\/svg&gt;&quot;,&quot;library&quot;:&quot;fa-solid&quot;},&quot;toggle&quot;:&quot;burger&quot;}\" data-widget_type=\"nav-menu.default\">\n\t\t\t\t\t\t\t\t<nav aria-label=\"Menu\" class=\"elementor-nav-menu--main elementor-nav-menu__container elementor-nav-menu--layout-horizontal e--pointer-underline e--animation-fade\">\n\t\t\t\t<ul id=\"menu-1-34ed906d\" class=\"elementor-nav-menu\"><li class=\"menu-item menu-item-type-post_type menu-item-object-page menu-item-5526\"><a href=\"https:\/\/sjalfsbjorg.is\/en\/thekkingarmidstod\/adgengi\/\" class=\"elementor-item\">Accessibility<\/a><\/li>\n<li class=\"menu-item menu-item-type-post_type menu-item-object-page menu-item-5527\"><a href=\"https:\/\/sjalfsbjorg.is\/en\/thekkingarmidstod\/atvinna-menntun\/\" class=\"elementor-item\">Employment &amp; education<\/a><\/li>\n<li class=\"menu-item menu-item-type-post_type menu-item-object-page menu-item-3408\"><a href=\"https:\/\/sjalfsbjorg.is\/en\/thekkingarmidstod\/velferd\/\" class=\"elementor-item\">Welfare<\/a><\/li>\n<li class=\"menu-item menu-item-type-post_type menu-item-object-page menu-item-5528\"><a href=\"https:\/\/sjalfsbjorg.is\/en\/thekkingarmidstod\/fraedsla\/\" class=\"elementor-item\">Education<\/a><\/li>\n<li class=\"menu-item menu-item-type-post_type menu-item-object-page menu-item-5531\"><a href=\"https:\/\/sjalfsbjorg.is\/en\/thekkingarmidstod\/tomstundir\/\" class=\"elementor-item\">Leisure<\/a><\/li>\n<li class=\"menu-item menu-item-type-post_type menu-item-object-page menu-item-3963\"><a href=\"https:\/\/sjalfsbjorg.is\/en\/thekkingarmidstod\/thjonusta-sveitarfelaga\/\" class=\"elementor-item\">Municipal services<\/a><\/li>\n<li class=\"menu-item menu-item-type-post_type menu-item-object-page menu-item-3264\"><a href=\"https:\/\/sjalfsbjorg.is\/en\/thekkingarmidstod\/vid-viljum-heyra-i-ther\/\" class=\"elementor-item\">We want to hear from you.<\/a><\/li>\n<\/ul>\t\t\t<\/nav>\n\t\t\t\t\t<div class=\"elementor-menu-toggle\" role=\"button\" tabindex=\"0\" aria-label=\"Menu Toggle\" aria-expanded=\"false\">\n\t\t\t<svg aria-hidden=\"true\" role=\"presentation\" class=\"elementor-menu-toggle__icon--open e-font-icon-svg e-eicon-menu-bar\" viewbox=\"0 0 1000 1000\" xmlns=\"http:\/\/www.w3.org\/2000\/svg\"><path d=\"M104 333H896C929 333 958 304 958 271S929 208 896 208H104C71 208 42 237 42 271S71 333 104 333ZM104 583H896C929 583 958 554 958 521S929 458 896 458H104C71 458 42 487 42 521S71 583 104 583ZM104 833H896C929 833 958 804 958 771S929 708 896 708H104C71 708 42 737 42 771S71 833 104 833Z\"><\/path><\/svg><svg aria-hidden=\"true\" role=\"presentation\" class=\"elementor-menu-toggle__icon--close e-font-icon-svg e-eicon-close\" viewbox=\"0 0 1000 1000\" xmlns=\"http:\/\/www.w3.org\/2000\/svg\"><path d=\"M742 167L500 408 258 167C246 154 233 150 217 150 196 150 179 158 167 167 154 179 150 196 150 212 150 229 154 242 171 254L408 500 167 742C138 771 138 800 167 829 196 858 225 858 254 829L496 587 738 829C750 842 767 846 783 846 800 846 817 842 829 829 842 817 846 804 846 783 846 767 842 750 829 737L588 500 833 258C863 229 863 200 833 171 804 137 775 137 742 167Z\"><\/path><\/svg>\t\t<\/div>\n\t\t\t\t\t<nav class=\"elementor-nav-menu--dropdown elementor-nav-menu__container\" aria-hidden=\"true\">\n\t\t\t\t<ul id=\"menu-2-34ed906d\" class=\"elementor-nav-menu\"><li class=\"menu-item menu-item-type-post_type menu-item-object-page menu-item-5526\"><a href=\"https:\/\/sjalfsbjorg.is\/en\/thekkingarmidstod\/adgengi\/\" class=\"elementor-item\" tabindex=\"-1\">Accessibility<\/a><\/li>\n<li class=\"menu-item menu-item-type-post_type menu-item-object-page menu-item-5527\"><a href=\"https:\/\/sjalfsbjorg.is\/en\/thekkingarmidstod\/atvinna-menntun\/\" class=\"elementor-item\" tabindex=\"-1\">Employment &amp; education<\/a><\/li>\n<li class=\"menu-item menu-item-type-post_type menu-item-object-page menu-item-3408\"><a href=\"https:\/\/sjalfsbjorg.is\/en\/thekkingarmidstod\/velferd\/\" class=\"elementor-item\" tabindex=\"-1\">Welfare<\/a><\/li>\n<li class=\"menu-item menu-item-type-post_type menu-item-object-page menu-item-5528\"><a href=\"https:\/\/sjalfsbjorg.is\/en\/thekkingarmidstod\/fraedsla\/\" class=\"elementor-item\" tabindex=\"-1\">Education<\/a><\/li>\n<li class=\"menu-item menu-item-type-post_type menu-item-object-page menu-item-5531\"><a href=\"https:\/\/sjalfsbjorg.is\/en\/thekkingarmidstod\/tomstundir\/\" class=\"elementor-item\" tabindex=\"-1\">Leisure<\/a><\/li>\n<li class=\"menu-item menu-item-type-post_type menu-item-object-page menu-item-3963\"><a href=\"https:\/\/sjalfsbjorg.is\/en\/thekkingarmidstod\/thjonusta-sveitarfelaga\/\" class=\"elementor-item\" tabindex=\"-1\">Municipal services<\/a><\/li>\n<li class=\"menu-item menu-item-type-post_type menu-item-object-page menu-item-3264\"><a href=\"https:\/\/sjalfsbjorg.is\/en\/thekkingarmidstod\/vid-viljum-heyra-i-ther\/\" class=\"elementor-item\" tabindex=\"-1\">We want to hear from you.<\/a><\/li>\n<\/ul>\t\t\t<\/nav>\n\t\t\t\t\t\t<\/div>\n\t\t\t\t\t<\/div>\n\t\t\t\t<\/div>\n\t\t\t\t<\/div>\n\t\t\t\t<\/div>\n\t\t\t\t\t\t<\/div>\n\t\t\t\t<\/div>\n\t\t\t\t<\/div>\n\t\t\t\t<\/div>","protected":false},"excerpt":{"rendered":"<p>H\u00e9r h\u00f6fum vi\u00f0 teki\u00f0 saman kvikmyndir og \u00fe\u00e6tti um einstaklinga me\u00f0 hreyfih\u00f6mlun sem geta gefi\u00f0 inns\u00fdn inn \u00ed hvernig daglegt l\u00edf \u00feeirra er. Kvikmyndir The Remarkable Life of Ibelin The Remarkable Life of Ibelin er kvikmynd um Mats Steen sem f\u00e6ddist me\u00f0 v\u00f6\u00f0var\u00fdrnunarsj\u00fakd\u00f3minn Duchenne og l\u00e9st \u00far honum 25 \u00e1ra gamall. S\u00ed\u00f0ustu \u00e1rin dvaldi hann [&hellip;]<\/p>\n","protected":false},"author":1,"featured_media":0,"parent":5491,"menu_order":0,"comment_status":"closed","ping_status":"closed","template":"elementor_theme","meta":{"footnotes":""},"class_list":["post-5504","page","type-page","status-publish","hentry"],"_links":{"self":[{"href":"https:\/\/sjalfsbjorg.is\/en\/wp-json\/wp\/v2\/pages\/5504","targetHints":{"allow":["GET"]}}],"collection":[{"href":"https:\/\/sjalfsbjorg.is\/en\/wp-json\/wp\/v2\/pages"}],"about":[{"href":"https:\/\/sjalfsbjorg.is\/en\/wp-json\/wp\/v2\/types\/page"}],"author":[{"embeddable":true,"href":"https:\/\/sjalfsbjorg.is\/en\/wp-json\/wp\/v2\/users\/1"}],"replies":[{"embeddable":true,"href":"https:\/\/sjalfsbjorg.is\/en\/wp-json\/wp\/v2\/comments?post=5504"}],"version-history":[{"count":0,"href":"https:\/\/sjalfsbjorg.is\/en\/wp-json\/wp\/v2\/pages\/5504\/revisions"}],"up":[{"embeddable":true,"href":"https:\/\/sjalfsbjorg.is\/en\/wp-json\/wp\/v2\/pages\/5491"}],"wp:attachment":[{"href":"https:\/\/sjalfsbjorg.is\/en\/wp-json\/wp\/v2\/media?parent=5504"}],"curies":[{"name":"wp","href":"https:\/\/api.w.org\/{rel}","templated":true}]}}