{"id":6645,"date":"2025-10-12T20:39:25","date_gmt":"2025-10-12T20:39:25","guid":{"rendered":"https:\/\/sjalfsbjorg.is\/?page_id=6645"},"modified":"2025-11-25T01:02:27","modified_gmt":"2025-11-25T01:02:27","slug":"vestfirdir","status":"publish","type":"page","link":"https:\/\/sjalfsbjorg.is\/en\/thekkingarmidstod\/thjonusta-sveitarfelaga\/vestfirdir\/","title":{"rendered":"Vestfir\u00f0ir"},"content":{"rendered":"<div data-elementor-type=\"wp-page\" data-elementor-id=\"6645\" class=\"elementor elementor-6645\" data-elementor-post-type=\"page\">\n\t\t\t\t<div class=\"elementor-element elementor-element-e807e06 e-flex e-con-boxed e-con e-parent\" data-id=\"e807e06\" data-element_type=\"container\" data-e-type=\"container\">\n\t\t\t\t\t<div class=\"e-con-inner\">\n\t\t<div class=\"elementor-element elementor-element-3f1259d e-con-full elementor-hidden-mobile e-flex e-con e-child\" data-id=\"3f1259d\" data-element_type=\"container\" data-e-type=\"container\">\n\t\t\t\t<div class=\"elementor-element elementor-element-6fd34a4 elementor-invisible elementor-widget elementor-widget-nav-menu\" data-id=\"6fd34a4\" data-element_type=\"widget\" data-e-type=\"widget\" data-settings=\"{&quot;layout&quot;:&quot;dropdown&quot;,&quot;_animation&quot;:&quot;fadeIn&quot;,&quot;submenu_icon&quot;:{&quot;value&quot;:&quot;&lt;svg aria-hidden=\\&quot;true\\&quot; class=\\&quot;e-font-icon-svg e-fas-caret-down\\&quot; viewBox=\\&quot;0 0 320 512\\&quot; xmlns=\\&quot;http:\\\/\\\/www.w3.org\\\/2000\\\/svg\\&quot;&gt;&lt;path d=\\&quot;M31.3 192h257.3c17.8 0 26.7 21.5 14.1 34.1L174.1 354.8c-7.8 7.8-20.5 7.8-28.3 0L17.2 226.1C4.6 213.5 13.5 192 31.3 192z\\&quot;&gt;&lt;\\\/path&gt;&lt;\\\/svg&gt;&quot;,&quot;library&quot;:&quot;fa-solid&quot;}}\" data-widget_type=\"nav-menu.default\">\n\t\t\t\t\t\t\t\t<nav class=\"elementor-nav-menu--dropdown elementor-nav-menu__container\" aria-hidden=\"true\">\n\t\t\t\t<ul id=\"menu-2-6fd34a4\" class=\"elementor-nav-menu\"><li class=\"menu-item menu-item-type-post_type menu-item-object-page menu-item-has-children menu-item-5844\"><a href=\"https:\/\/sjalfsbjorg.is\/en\/thekkingarmidstod\/thjonusta-sveitarfelaga\/hofudborgarsvaedid\/\" class=\"elementor-item\" tabindex=\"-1\">H\u00f6fu\u00f0borgarsv\u00e6\u00f0i\u00f0<\/a>\n<ul class=\"sub-menu elementor-nav-menu--dropdown\">\n\t<li class=\"menu-item menu-item-type-post_type menu-item-object-page menu-item-6464\"><a href=\"https:\/\/sjalfsbjorg.is\/en\/thekkingarmidstod\/thjonusta-sveitarfelaga\/hofudborgarsvaedid\/gardabaer\/\" class=\"elementor-sub-item\" tabindex=\"-1\">Gar\u00f0ab\u00e6r<\/a><\/li>\n\t<li class=\"menu-item menu-item-type-post_type menu-item-object-page menu-item-6481\"><a href=\"https:\/\/sjalfsbjorg.is\/en\/thekkingarmidstod\/thjonusta-sveitarfelaga\/hofudborgarsvaedid\/hafnarfjardarkaupstadur-hafnarfjordur\/\" class=\"elementor-sub-item\" tabindex=\"-1\">Hafnarfjar\u00f0arkaupsta\u00f0ur (Hafnarfj\u00f6r\u00f0ur)<\/a><\/li>\n\t<li class=\"menu-item menu-item-type-post_type menu-item-object-page menu-item-6488\"><a href=\"https:\/\/sjalfsbjorg.is\/en\/thekkingarmidstod\/thjonusta-sveitarfelaga\/hofudborgarsvaedid\/kjosarhreppur\/\" class=\"elementor-sub-item\" tabindex=\"-1\">Kj\u00f3sarhreppur<\/a><\/li>\n\t<li class=\"menu-item menu-item-type-post_type menu-item-object-page menu-item-6500\"><a href=\"https:\/\/sjalfsbjorg.is\/en\/thekkingarmidstod\/thjonusta-sveitarfelaga\/hofudborgarsvaedid\/kopavogsbaer-kopavogur\/\" class=\"elementor-sub-item\" tabindex=\"-1\">K\u00f3pavogsb\u00e6r (K\u00f3pavogur)<\/a><\/li>\n\t<li class=\"menu-item menu-item-type-post_type menu-item-object-page menu-item-6499\"><a href=\"https:\/\/sjalfsbjorg.is\/en\/thekkingarmidstod\/thjonusta-sveitarfelaga\/hofudborgarsvaedid\/mosfellsbaer\/\" class=\"elementor-sub-item\" tabindex=\"-1\">Mosfellsb\u00e6r<\/a><\/li>\n\t<li class=\"menu-item menu-item-type-post_type menu-item-object-page menu-item-6518\"><a href=\"https:\/\/sjalfsbjorg.is\/en\/thekkingarmidstod\/thjonusta-sveitarfelaga\/hofudborgarsvaedid\/reykjavikurborg-reykjavik-og-kjalarnes\/\" class=\"elementor-sub-item\" tabindex=\"-1\">Reykjav\u00edkurborg (Reykjav\u00edk og Kjalarnes)<\/a><\/li>\n\t<li class=\"menu-item menu-item-type-post_type menu-item-object-page menu-item-6536\"><a href=\"https:\/\/sjalfsbjorg.is\/en\/thekkingarmidstod\/thjonusta-sveitarfelaga\/hofudborgarsvaedid\/seltjarnarneskaupstadur-seltjarnarnes\/\" class=\"elementor-sub-item\" tabindex=\"-1\">Seltjarnarneskaupsta\u00f0ur (Seltjarnarnes)<\/a><\/li>\n<\/ul>\n<\/li>\n<li class=\"menu-item menu-item-type-post_type menu-item-object-page menu-item-has-children menu-item-6535\"><a href=\"https:\/\/sjalfsbjorg.is\/en\/thekkingarmidstod\/thjonusta-sveitarfelaga\/reykjanes\/\" class=\"elementor-item\" tabindex=\"-1\">Reykjanes<\/a>\n<ul class=\"sub-menu elementor-nav-menu--dropdown\">\n\t<li class=\"menu-item menu-item-type-post_type menu-item-object-page menu-item-6549\"><a href=\"https:\/\/sjalfsbjorg.is\/en\/thekkingarmidstod\/thjonusta-sveitarfelaga\/reykjanes\/grindavikurbaer-grindavik\/\" class=\"elementor-sub-item\" tabindex=\"-1\">Grindavikurb\u00e6r (Grindav\u00edk)<\/a><\/li>\n\t<li class=\"menu-item menu-item-type-post_type menu-item-object-page menu-item-6548\"><a href=\"https:\/\/sjalfsbjorg.is\/en\/thekkingarmidstod\/thjonusta-sveitarfelaga\/reykjanes\/reykjanesbaer-keflavik-njardvik\/\" class=\"elementor-sub-item\" tabindex=\"-1\">Reykjanesb\u00e6r (Keflav\u00edk, Njar\u00f0v\u00edk)<\/a><\/li>\n\t<li class=\"menu-item menu-item-type-post_type menu-item-object-page menu-item-6547\"><a href=\"https:\/\/sjalfsbjorg.is\/en\/thekkingarmidstod\/thjonusta-sveitarfelaga\/reykjanes\/sveitarfelagid-vogar-vogar\/\" class=\"elementor-sub-item\" tabindex=\"-1\">Sveitarf\u00e9lagi\u00f0 Vogar (Vogar)<\/a><\/li>\n<\/ul>\n<\/li>\n<li class=\"menu-item menu-item-type-post_type menu-item-object-page menu-item-has-children menu-item-6576\"><a href=\"https:\/\/sjalfsbjorg.is\/en\/thekkingarmidstod\/rettindi\/thjonusta-sveitarfelaga\/vesturland\/\" class=\"elementor-item\" tabindex=\"-1\">Vesturland<\/a>\n<ul class=\"sub-menu elementor-nav-menu--dropdown\">\n\t<li class=\"menu-item menu-item-type-post_type menu-item-object-page menu-item-6575\"><a href=\"https:\/\/sjalfsbjorg.is\/en\/thekkingarmidstod\/rettindi\/thjonusta-sveitarfelaga\/vesturland\/akraneskaupstadur-akranes\/\" class=\"elementor-sub-item\" tabindex=\"-1\">Akraneskaupsta\u00f0ur (Akranes)<\/a><\/li>\n\t<li class=\"menu-item menu-item-type-post_type menu-item-object-page menu-item-6586\"><a href=\"https:\/\/sjalfsbjorg.is\/en\/thekkingarmidstod\/rettindi\/thjonusta-sveitarfelaga\/vesturland\/borgarbyggd-bifrost-borgarnes-hvanneyri-reykholt-varmaland\/\" class=\"elementor-sub-item\" tabindex=\"-1\">Borgarbygg\u00f0 (Bifr\u00f6st, Borgarnes, Hvanneyri, Reykholt, Varmaland)<\/a><\/li>\n\t<li class=\"menu-item menu-item-type-post_type menu-item-object-page menu-item-6585\"><a href=\"https:\/\/sjalfsbjorg.is\/en\/thekkingarmidstod\/rettindi\/thjonusta-sveitarfelaga\/vesturland\/dalabyggd-budardalur\/\" class=\"elementor-sub-item\" tabindex=\"-1\">Dalabygg\u00f0 (B\u00fa\u00f0ardalur)<\/a><\/li>\n\t<li class=\"menu-item menu-item-type-post_type menu-item-object-page menu-item-6590\"><a href=\"https:\/\/sjalfsbjorg.is\/en\/thekkingarmidstod\/rettindi\/thjonusta-sveitarfelaga\/vesturland\/eyja-og-miklaholtshreppur\/\" class=\"elementor-sub-item\" tabindex=\"-1\">Eyja- og Miklaholtshreppur<\/a><\/li>\n\t<li class=\"menu-item menu-item-type-post_type menu-item-object-page menu-item-6616\"><a href=\"https:\/\/sjalfsbjorg.is\/en\/thekkingarmidstod\/rettindi\/thjonusta-sveitarfelaga\/vesturland\/grundarfjardarbaer-grundarfjordur\/\" class=\"elementor-sub-item\" tabindex=\"-1\">Grundarfjar\u00f0arb\u00e6r (Grundarfj\u00f6r\u00f0ur)<\/a><\/li>\n\t<li class=\"menu-item menu-item-type-post_type menu-item-object-page menu-item-6615\"><a href=\"https:\/\/sjalfsbjorg.is\/en\/thekkingarmidstod\/rettindi\/thjonusta-sveitarfelaga\/vesturland\/hvalfjardarsveit\/\" class=\"elementor-sub-item\" tabindex=\"-1\">Hvalfjar\u00f0arsveit<\/a><\/li>\n\t<li class=\"menu-item menu-item-type-post_type menu-item-object-page menu-item-6628\"><a href=\"https:\/\/sjalfsbjorg.is\/en\/thekkingarmidstod\/rettindi\/thjonusta-sveitarfelaga\/vesturland\/skorradalshreppur\/\" class=\"elementor-sub-item\" tabindex=\"-1\">Skorradalshreppur<\/a><\/li>\n\t<li class=\"menu-item menu-item-type-post_type menu-item-object-page menu-item-6641\"><a href=\"https:\/\/sjalfsbjorg.is\/en\/thekkingarmidstod\/rettindi\/thjonusta-sveitarfelaga\/vesturland\/snaefellsbaer-hellissandur-rif-olafsvik\/\" class=\"elementor-sub-item\" tabindex=\"-1\">Sn\u00e6fellsb\u00e6r (Hellissandur, Rif, \u00d3lafsv\u00edk)<\/a><\/li>\n\t<li class=\"menu-item menu-item-type-post_type menu-item-object-page menu-item-6640\"><a href=\"https:\/\/sjalfsbjorg.is\/en\/thekkingarmidstod\/rettindi\/thjonusta-sveitarfelaga\/vesturland\/stykkisholmsbaer-stykkisholmur\/\" class=\"elementor-sub-item\" tabindex=\"-1\">Stykkish\u00f3lmsb\u00e6r (Stykkish\u00f3lmur)<\/a><\/li>\n<\/ul>\n<\/li>\n<li class=\"menu-item menu-item-type-post_type menu-item-object-page menu-item-has-children menu-item-6656\"><a href=\"https:\/\/sjalfsbjorg.is\/en\/thekkingarmidstod\/thjonusta-sveitarfelaga\/vestfirdir\/\" class=\"elementor-item\" tabindex=\"-1\">Vestfir\u00f0ir<\/a>\n<ul class=\"sub-menu elementor-nav-menu--dropdown\">\n\t<li class=\"menu-item menu-item-type-post_type menu-item-object-page menu-item-6655\"><a href=\"https:\/\/sjalfsbjorg.is\/en\/thekkingarmidstod\/thjonusta-sveitarfelaga\/vestfirdir\/arneshreppur\/\" class=\"elementor-sub-item\" tabindex=\"-1\">\u00c1rneshreppur<\/a><\/li>\n\t<li class=\"menu-item menu-item-type-post_type menu-item-object-page menu-item-6654\"><a href=\"https:\/\/sjalfsbjorg.is\/en\/thekkingarmidstod\/thjonusta-sveitarfelaga\/vestfirdir\/bolungarvikurkaupstadur-bolungarvik\/\" class=\"elementor-sub-item\" tabindex=\"-1\">Bolungarv\u00edkurkaupsta\u00f0ur (Bolungarv\u00edk)<\/a><\/li>\n\t<li class=\"menu-item menu-item-type-post_type menu-item-object-page menu-item-6653\"><a href=\"https:\/\/sjalfsbjorg.is\/en\/thekkingarmidstod\/thjonusta-sveitarfelaga\/vestfirdir\/isafjardarbaer-isafjordur-sudureyri-flateyri-thingeyri\/\" class=\"elementor-sub-item\" tabindex=\"-1\">\u00cdsafjar\u00f0arb\u00e6r (\u00cdsafj\u00f6r\u00f0ur, Su\u00f0ureyri, Flateyri, \u00deingeyri)<\/a><\/li>\n\t<li class=\"menu-item menu-item-type-post_type menu-item-object-page menu-item-6704\"><a href=\"https:\/\/sjalfsbjorg.is\/en\/thekkingarmidstod\/thjonusta-sveitarfelaga\/vestfirdir\/kaldrananeshreppur-drangsnes\/\" class=\"elementor-sub-item\" tabindex=\"-1\">Kaldrananeshreppur (Drangsnes)<\/a><\/li>\n\t<li class=\"menu-item menu-item-type-post_type menu-item-object-page menu-item-6703\"><a href=\"https:\/\/sjalfsbjorg.is\/en\/thekkingarmidstod\/thjonusta-sveitarfelaga\/vestfirdir\/reykholahreppur-reykholar-kroksfjardarnes\/\" class=\"elementor-sub-item\" tabindex=\"-1\">Reykh\u00f3lahreppur (Reykh\u00f3lar, Kr\u00f3ksfjar\u00f0arnes)<\/a><\/li>\n\t<li class=\"menu-item menu-item-type-post_type menu-item-object-page menu-item-6702\"><a href=\"https:\/\/sjalfsbjorg.is\/en\/thekkingarmidstod\/thjonusta-sveitarfelaga\/vestfirdir\/strandabyggd-holmavik\/\" class=\"elementor-sub-item\" tabindex=\"-1\">Strandabygg\u00f0 (H\u00f3lmav\u00edk)<\/a><\/li>\n\t<li class=\"menu-item menu-item-type-post_type menu-item-object-page menu-item-6701\"><a href=\"https:\/\/sjalfsbjorg.is\/en\/thekkingarmidstod\/thjonusta-sveitarfelaga\/vestfirdir\/sudavikurhreppur-sudavik\/\" class=\"elementor-sub-item\" tabindex=\"-1\">S\u00fa\u00f0av\u00edkurhreppur (S\u00fa\u00f0av\u00edk)<\/a><\/li>\n\t<li class=\"menu-item menu-item-type-post_type menu-item-object-page menu-item-6700\"><a href=\"https:\/\/sjalfsbjorg.is\/en\/thekkingarmidstod\/thjonusta-sveitarfelaga\/vestfirdir\/vesturbyggd-patreksfjordur-bildudalur\/\" class=\"elementor-sub-item\" tabindex=\"-1\">Vesturbygg\u00f0 (Patreksfj\u00f6r\u00f0ur, T\u00e1lknafj\u00f6r\u00f0ur og B\u00edldudalur)<\/a><\/li>\n<\/ul>\n<\/li>\n<li class=\"menu-item menu-item-type-post_type menu-item-object-page menu-item-has-children menu-item-6737\"><a href=\"https:\/\/sjalfsbjorg.is\/en\/thekkingarmidstod\/thjonusta-sveitarfelaga\/nordurland-vestra\/\" class=\"elementor-item\" tabindex=\"-1\">Nor\u00f0urland vestra<\/a>\n<ul class=\"sub-menu elementor-nav-menu--dropdown\">\n\t<li class=\"menu-item menu-item-type-post_type menu-item-object-page menu-item-6757\"><a href=\"https:\/\/sjalfsbjorg.is\/en\/thekkingarmidstod\/thjonusta-sveitarfelaga\/nordurland-vestra\/hunathing-vestra-hvammstangi-laugarbakki\/\" class=\"elementor-sub-item\" tabindex=\"-1\">H\u00fana\u00feing vestra (Hvammstangi, Laugarbakki)<\/a><\/li>\n\t<li class=\"menu-item menu-item-type-post_type menu-item-object-page menu-item-6756\"><a href=\"https:\/\/sjalfsbjorg.is\/en\/thekkingarmidstod\/thjonusta-sveitarfelaga\/nordurland-vestra\/sveitarfelagid-skagafjordur-saudarkrokur-hofsos\/\" class=\"elementor-sub-item\" tabindex=\"-1\">Sveitarf\u00e9lagi\u00f0 Skagafj\u00f6r\u00f0ur (Sau\u00f0\u00e1rkr\u00f3kur, Hofs\u00f3s)<\/a><\/li>\n\t<li class=\"menu-item menu-item-type-post_type menu-item-object-page menu-item-6755\"><a href=\"https:\/\/sjalfsbjorg.is\/en\/thekkingarmidstod\/thjonusta-sveitarfelaga\/nordurland-vestra\/sveitarfelagid-skagastrond-skagastrond\/\" class=\"elementor-sub-item\" tabindex=\"-1\">Sveitarf\u00e9lagi\u00f0 Skagastr\u00f6nd (Skagastr\u00f6nd)<\/a><\/li>\n<\/ul>\n<\/li>\n<li class=\"menu-item menu-item-type-post_type menu-item-object-page menu-item-has-children menu-item-6788\"><a href=\"https:\/\/sjalfsbjorg.is\/en\/thekkingarmidstod\/thjonusta-sveitarfelaga\/nordurland-eystra\/\" class=\"elementor-item\" tabindex=\"-1\">Nor\u00f0urland eystra<\/a>\n<ul class=\"sub-menu elementor-nav-menu--dropdown\">\n\t<li class=\"menu-item menu-item-type-post_type menu-item-object-page menu-item-6820\"><a href=\"https:\/\/sjalfsbjorg.is\/en\/thekkingarmidstod\/thjonusta-sveitarfelaga\/nordurland-eystra\/akureyrarkaupstadur-akureyri-grimsey-hrisey\/\" class=\"elementor-sub-item\" tabindex=\"-1\">Akureyrarb\u00e6r (Akureyri, Gr\u00edmsey, Hr\u00edsey)<\/a><\/li>\n\t<li class=\"menu-item menu-item-type-post_type menu-item-object-page menu-item-6821\"><a href=\"https:\/\/sjalfsbjorg.is\/en\/thekkingarmidstod\/thjonusta-sveitarfelaga\/nordurland-eystra\/dalvikurbyggd-dalvik-arskogssandur\/\" class=\"elementor-sub-item\" tabindex=\"-1\">Dalv\u00edkurbygg\u00f0 (Dalv\u00edk, \u00c1rsk\u00f3gssandur, Hauganes, \u00c1rsk\u00f3gsstr\u00f6nd og Svarfa\u00f0ardalur)<\/a><\/li>\n\t<li class=\"menu-item menu-item-type-post_type menu-item-object-page menu-item-6822\"><a href=\"https:\/\/sjalfsbjorg.is\/en\/thekkingarmidstod\/thjonusta-sveitarfelaga\/nordurland-eystra\/eyjafjardarsveit\/\" class=\"elementor-sub-item\" tabindex=\"-1\">Eyjafjar\u00f0arsveit<\/a><\/li>\n\t<li class=\"menu-item menu-item-type-post_type menu-item-object-page menu-item-6883\"><a href=\"https:\/\/sjalfsbjorg.is\/en\/thekkingarmidstod\/thjonusta-sveitarfelaga\/nordurland-eystra\/fjallabyggd-siglufjordur-olafsfjordur\/\" class=\"elementor-sub-item\" tabindex=\"-1\">Fjallabygg\u00f0 (Siglufj\u00f6r\u00f0ur, \u00d3lafsfj\u00f6r\u00f0ur)<\/a><\/li>\n\t<li class=\"menu-item menu-item-type-post_type menu-item-object-page menu-item-6884\"><a href=\"https:\/\/sjalfsbjorg.is\/en\/thekkingarmidstod\/thjonusta-sveitarfelaga\/nordurland-eystra\/grytubakkahreppur-grenivik\/\" class=\"elementor-sub-item\" tabindex=\"-1\">Gr\u00fdtubakkahreppur (Greniv\u00edk)<\/a><\/li>\n\t<li class=\"menu-item menu-item-type-post_type menu-item-object-page menu-item-6906\"><a href=\"https:\/\/sjalfsbjorg.is\/en\/thekkingarmidstod\/thjonusta-sveitarfelaga\/nordurland-eystra\/horgarsveit\/\" class=\"elementor-sub-item\" tabindex=\"-1\">H\u00f6rg\u00e1rsveit<\/a><\/li>\n\t<li class=\"menu-item menu-item-type-post_type menu-item-object-page menu-item-6907\"><a href=\"https:\/\/sjalfsbjorg.is\/en\/thekkingarmidstod\/thjonusta-sveitarfelaga\/nordurland-eystra\/langanesbyggd-thorshofn-bakkafjordur\/\" class=\"elementor-sub-item\" tabindex=\"-1\">Langanesbygg\u00f0 (\u00de\u00f3rsh\u00f6fn, Bakkafj\u00f6r\u00f0ur)<\/a><\/li>\n\t<li class=\"menu-item menu-item-type-post_type menu-item-object-page menu-item-6905\"><a href=\"https:\/\/sjalfsbjorg.is\/en\/thekkingarmidstod\/thjonusta-sveitarfelaga\/nordurland-eystra\/nordurthing-husavik-kopasker-raufarhofn\/\" class=\"elementor-sub-item\" tabindex=\"-1\">Nor\u00f0ur\u00feing (H\u00fasav\u00edk, K\u00f3pasker, Raufarh\u00f6fn)<\/a><\/li>\n\t<li class=\"menu-item menu-item-type-post_type menu-item-object-page menu-item-6952\"><a href=\"https:\/\/sjalfsbjorg.is\/en\/thekkingarmidstod\/thjonusta-sveitarfelaga\/nordurland-eystra\/svalbardsstrandarhreppur\/\" class=\"elementor-sub-item\" tabindex=\"-1\">Svalbar\u00f0sstrandarhreppur<\/a><\/li>\n\t<li class=\"menu-item menu-item-type-post_type menu-item-object-page menu-item-6953\"><a href=\"https:\/\/sjalfsbjorg.is\/en\/thekkingarmidstod\/thjonusta-sveitarfelaga\/nordurland-eystra\/thingeyjarsveit\/\" class=\"elementor-sub-item\" tabindex=\"-1\">\u00deingeyjarsveit (Sk\u00fatusta\u00f0ahreppur og \u00deingeyjarsveit)<\/a><\/li>\n<\/ul>\n<\/li>\n<li class=\"menu-item menu-item-type-post_type menu-item-object-page menu-item-has-children menu-item-6974\"><a href=\"https:\/\/sjalfsbjorg.is\/en\/thekkingarmidstod\/thjonusta-sveitarfelaga\/austurland\/\" class=\"elementor-item\" tabindex=\"-1\">Austurland<\/a>\n<ul class=\"sub-menu elementor-nav-menu--dropdown\">\n\t<li class=\"menu-item menu-item-type-post_type menu-item-object-page menu-item-6996\"><a href=\"https:\/\/sjalfsbjorg.is\/en\/thekkingarmidstod\/thjonusta-sveitarfelaga\/austurland\/fjardabyggd-brekkuthorpmjoifjordur-neskaupsstadur-eskifjordur-reydarfjordur-faskrudsfjordur-stodvarfjordur\/\" class=\"elementor-sub-item\" tabindex=\"-1\">Fjar\u00f0abygg\u00f0 (Brei\u00f0dalsv\u00edk, Brekku\u00feorp\/Mj\u00f3ifj\u00f6r\u00f0ur, Neskaupssta\u00f0ur, Eskifj\u00f6r\u00f0ur, Rey\u00f0arfj\u00f6r\u00f0ur, F\u00e1skr\u00fa\u00f0sfj\u00f6r\u00f0ur, St\u00f6\u00f0varfj\u00f6r\u00f0ur)<\/a><\/li>\n\t<li class=\"menu-item menu-item-type-post_type menu-item-object-page menu-item-6995\"><a href=\"https:\/\/sjalfsbjorg.is\/en\/thekkingarmidstod\/thjonusta-sveitarfelaga\/austurland\/fljotsdalshreppur\/\" class=\"elementor-sub-item\" tabindex=\"-1\">Flj\u00f3tsdalshreppur<\/a><\/li>\n\t<li class=\"menu-item menu-item-type-post_type menu-item-object-page menu-item-6994\"><a href=\"https:\/\/sjalfsbjorg.is\/en\/thekkingarmidstod\/thjonusta-sveitarfelaga\/austurland\/vopnafjardarhreppur-vopnafjordur\/\" class=\"elementor-sub-item\" tabindex=\"-1\">Vopnafjar\u00f0arhreppur (Vopnafj\u00f6r\u00f0ur)<\/a><\/li>\n\t<li class=\"menu-item menu-item-type-post_type menu-item-object-page menu-item-6993\"><a href=\"https:\/\/sjalfsbjorg.is\/en\/thekkingarmidstod\/thjonusta-sveitarfelaga\/austurland\/mulathing-borgarfjardarhreppur-djupavogur-fljotsdalsherad-og-seydisfjordur\/\" class=\"elementor-sub-item\" tabindex=\"-1\">M\u00fala\u00feing (Borgarfjar\u00f0arhreppur, Dj\u00fapavogur, Flj\u00f3tsdalsh\u00e9ra\u00f0 og Sey\u00f0isfj\u00f6r\u00f0ur)<\/a><\/li>\n<\/ul>\n<\/li>\n<li class=\"menu-item menu-item-type-post_type menu-item-object-page menu-item-has-children menu-item-6999\"><a href=\"https:\/\/sjalfsbjorg.is\/en\/thekkingarmidstod\/thjonusta-sveitarfelaga\/sudurland\/\" class=\"elementor-item\" tabindex=\"-1\">Su\u00f0urland<\/a>\n<ul class=\"sub-menu elementor-nav-menu--dropdown\">\n\t<li class=\"menu-item menu-item-type-post_type menu-item-object-page menu-item-7050\"><a href=\"https:\/\/sjalfsbjorg.is\/en\/thekkingarmidstod\/thjonusta-sveitarfelaga\/sudurland\/asahreppur\/\" class=\"elementor-sub-item\" tabindex=\"-1\">\u00c1sahreppur<\/a><\/li>\n\t<li class=\"menu-item menu-item-type-post_type menu-item-object-page menu-item-7036\"><a href=\"https:\/\/sjalfsbjorg.is\/en\/thekkingarmidstod\/thjonusta-sveitarfelaga\/sudurland\/blaskogabyggd-laugarvatn-reykholt-aratunga-laugaras-biskupstungur\/\" class=\"elementor-sub-item\" tabindex=\"-1\">Bl\u00e1sk\u00f3gabygg\u00f0 (Laugarvatn, Reykholt, Aratunga, Laugar\u00e1s, Biskupstungur)<\/a><\/li>\n\t<li class=\"menu-item menu-item-type-post_type menu-item-object-page menu-item-7035\"><a href=\"https:\/\/sjalfsbjorg.is\/en\/thekkingarmidstod\/thjonusta-sveitarfelaga\/sudurland\/floahreppur\/\" class=\"elementor-sub-item\" tabindex=\"-1\">Fl\u00f3ahreppur<\/a><\/li>\n\t<li class=\"menu-item menu-item-type-post_type menu-item-object-page menu-item-7064\"><a href=\"https:\/\/sjalfsbjorg.is\/en\/thekkingarmidstod\/thjonusta-sveitarfelaga\/sudurland\/grimsnes-og-grafningshreppur-irafoss-borg-solheimar\/\" class=\"elementor-sub-item\" tabindex=\"-1\">Gr\u00edmsnes- og Grafningshreppur (\u00cdrafoss, Borg, S\u00f3lheimar)<\/a><\/li>\n\t<li class=\"menu-item menu-item-type-post_type menu-item-object-page menu-item-7094\"><a href=\"https:\/\/sjalfsbjorg.is\/en\/thekkingarmidstod\/thjonusta-sveitarfelaga\/sudurland\/hrunamannahreppur-fludir\/\" class=\"elementor-sub-item\" tabindex=\"-1\">Hrunamannahreppur (Fl\u00fa\u00f0ir)<\/a><\/li>\n\t<li class=\"menu-item menu-item-type-post_type menu-item-object-page menu-item-7093\"><a href=\"https:\/\/sjalfsbjorg.is\/en\/thekkingarmidstod\/thjonusta-sveitarfelaga\/sudurland\/hveragerdisbaer-hveragerdi\/\" class=\"elementor-sub-item\" tabindex=\"-1\">Hverager\u00f0isb\u00e6r (Hverager\u00f0i)<\/a><\/li>\n\t<li class=\"menu-item menu-item-type-post_type menu-item-object-page menu-item-7137\"><a href=\"https:\/\/sjalfsbjorg.is\/en\/thekkingarmidstod\/thjonusta-sveitarfelaga\/sudurland\/myrdalshreppur-vik-2\/\" class=\"elementor-sub-item\" tabindex=\"-1\">M\u00fdrdalshreppur (V\u00edk)<\/a><\/li>\n\t<li class=\"menu-item menu-item-type-post_type menu-item-object-page menu-item-7138\"><a href=\"https:\/\/sjalfsbjorg.is\/en\/thekkingarmidstod\/thjonusta-sveitarfelaga\/sudurland\/myrdalshreppur-vik\/\" class=\"elementor-sub-item\" tabindex=\"-1\">Skaft\u00e1rhreppur (Kirkjub\u00e6jarklaustur)<\/a><\/li>\n\t<li class=\"menu-item menu-item-type-post_type menu-item-object-page menu-item-7115\"><a href=\"https:\/\/sjalfsbjorg.is\/en\/thekkingarmidstod\/thjonusta-sveitarfelaga\/sudurland\/skeida-og-gnupverjahreppur-arnes\/\" class=\"elementor-sub-item\" tabindex=\"-1\">Skei\u00f0a- og Gn\u00fapverjahreppur (\u00c1rnes)<\/a><\/li>\n\t<li class=\"menu-item menu-item-type-post_type menu-item-object-page menu-item-7141\"><a href=\"https:\/\/sjalfsbjorg.is\/en\/thekkingarmidstod\/thjonusta-sveitarfelaga\/sudurland\/sveitarfelagid-arborg-selfoss-eyrarbakki-stokkseyri\/\" class=\"elementor-sub-item\" tabindex=\"-1\">Sveitarf\u00e9lagi\u00f0 \u00c1rborg (Selfoss, Eyrarbakki, Stokkseyri)<\/a><\/li>\n<\/ul>\n<\/li>\n<\/ul>\t\t\t<\/nav>\n\t\t\t\t\t\t<\/div>\n\t\t\t\t<\/div>\n\t\t<div class=\"elementor-element elementor-element-811c8bc e-con-full e-flex elementor-invisible e-con e-child\" data-id=\"811c8bc\" data-element_type=\"container\" data-e-type=\"container\" data-settings=\"{&quot;animation&quot;:&quot;fadeIn&quot;}\">\n\t\t\t\t<div class=\"elementor-element elementor-element-b6c6a5a elementor-widget__width-initial elementor-widget elementor-widget-text-editor\" data-id=\"b6c6a5a\" data-element_type=\"widget\" data-e-type=\"widget\" data-widget_type=\"text-editor.default\">\n\t\t\t\t\t\t\t\t\t<p data-block-key=\"h2hch\">Vestfir\u00f0ir<\/p>\n<p data-block-key=\"tnrlt\">\u00deau \u00e1tta sveitarf\u00e9l\u00f6g sem eru \u00e1 Vestfj\u00f6r\u00f0um mynda\u00a0<span style=\"text-decoration: underline;text-decoration-color: #1D7488; text-underline-offset: 4px;\"><a href=\"https:\/\/www.vestfirdir.is\/is\/verkefni\/fv\">Fj\u00f3r\u00f0ungssamband Vestfir\u00f0inga<\/a>.<\/span> Fj\u00f3r\u00f0ungssambandi\u00f0 er bandalag sveitarf\u00e9laganna og m\u00e1lsvari. \u00deetta eru frj\u00e1ls samt\u00f6k en \u00feau eru ekki l\u00f6gbundin.\u00a0Tilgangur sambandsins er a\u00f0 vinna a\u00f0 hagsmunum vestfirskra sveitarf\u00e9laga og alls Vestfir\u00f0ingafj\u00f3r\u00f0ungs. Sambandi\u00f0 fylgist me\u00f0 og beitir s\u00e9r \u00ed m\u00e1lefnum sveitarf\u00e9laganna, hvar sem \u00feau kunna a\u00f0 vera til umfj\u00f6llunar.<\/p>\t\t\t\t\t\t\t\t<\/div>\n\t\t\t\t<div class=\"elementor-element elementor-element-30e670c elementor-widget-divider--view-line elementor-widget elementor-widget-divider\" data-id=\"30e670c\" data-element_type=\"widget\" data-e-type=\"widget\" data-widget_type=\"divider.default\">\n\t\t\t\t\t\t\t<div class=\"elementor-divider\">\n\t\t\t<span class=\"elementor-divider-separator\">\n\t\t\t\t\t\t<\/span>\n\t\t<\/div>\n\t\t\t\t\t\t<\/div>\n\t\t\t\t<div class=\"elementor-element elementor-element-3bb4677 elementor-widget__width-initial elementor-widget elementor-widget-text-editor\" data-id=\"3bb4677\" data-element_type=\"widget\" data-e-type=\"widget\" data-widget_type=\"text-editor.default\">\n\t\t\t\t\t\t\t\t\t<p><strong><a href=\"https:\/\/sjalfsbjorg.is\/en\/thekkingarmidstod\/vid-viljum-heyra-i-ther\/\">Do you have any suggestions or further questions? Contact us here<\/a><\/strong><\/p>\t\t\t\t\t\t\t\t<\/div>\n\t\t\t\t<\/div>\n\t\t\t\t\t<\/div>\n\t\t\t\t<\/div>\n\t\t<div class=\"elementor-element elementor-element-b8f6777 e-con-full e-flex e-con e-parent\" data-id=\"b8f6777\" data-element_type=\"container\" data-e-type=\"container\">\n\t\t\t\t<div class=\"elementor-element elementor-element-335f7bc elementor-widget elementor-widget-template\" data-id=\"335f7bc\" data-element_type=\"widget\" data-e-type=\"widget\" data-widget_type=\"template.default\">\n\t\t\t\t<div class=\"elementor-widget-container\">\n\t\t\t\t\t\t\t<div class=\"elementor-template\">\n\t\t\t\t\t<div data-elementor-type=\"container\" data-elementor-id=\"9887\" class=\"elementor elementor-9887\" data-elementor-post-type=\"elementor_library\">\n\t\t\t\t<div class=\"elementor-element elementor-element-6734a465 elementor-hidden-mobile e-flex e-con-boxed e-con e-parent\" data-id=\"6734a465\" data-element_type=\"container\" data-e-type=\"container\">\n\t\t\t\t\t<div class=\"e-con-inner\">\n\t\t\t\t<div class=\"elementor-element elementor-element-34ed906d elementor-nav-menu--dropdown-mobile elementor-nav-menu__align-center elementor-nav-menu--stretch elementor-nav-menu__text-align-aside elementor-nav-menu--toggle elementor-nav-menu--burger elementor-widget elementor-widget-nav-menu\" data-id=\"34ed906d\" data-element_type=\"widget\" data-e-type=\"widget\" data-settings=\"{&quot;full_width&quot;:&quot;stretch&quot;,&quot;layout&quot;:&quot;horizontal&quot;,&quot;submenu_icon&quot;:{&quot;value&quot;:&quot;&lt;svg aria-hidden=\\&quot;true\\&quot; class=\\&quot;e-font-icon-svg e-fas-caret-down\\&quot; viewBox=\\&quot;0 0 320 512\\&quot; xmlns=\\&quot;http:\\\/\\\/www.w3.org\\\/2000\\\/svg\\&quot;&gt;&lt;path d=\\&quot;M31.3 192h257.3c17.8 0 26.7 21.5 14.1 34.1L174.1 354.8c-7.8 7.8-20.5 7.8-28.3 0L17.2 226.1C4.6 213.5 13.5 192 31.3 192z\\&quot;&gt;&lt;\\\/path&gt;&lt;\\\/svg&gt;&quot;,&quot;library&quot;:&quot;fa-solid&quot;},&quot;toggle&quot;:&quot;burger&quot;}\" data-widget_type=\"nav-menu.default\">\n\t\t\t\t\t\t\t\t<nav aria-label=\"Menu\" class=\"elementor-nav-menu--main elementor-nav-menu__container elementor-nav-menu--layout-horizontal e--pointer-underline e--animation-fade\">\n\t\t\t\t<ul id=\"menu-1-34ed906d\" class=\"elementor-nav-menu\"><li class=\"menu-item menu-item-type-post_type menu-item-object-page menu-item-5526\"><a href=\"https:\/\/sjalfsbjorg.is\/en\/thekkingarmidstod\/adgengi\/\" class=\"elementor-item\">Accessibility<\/a><\/li>\n<li class=\"menu-item menu-item-type-post_type menu-item-object-page menu-item-5527\"><a href=\"https:\/\/sjalfsbjorg.is\/en\/thekkingarmidstod\/atvinna-menntun\/\" class=\"elementor-item\">Employment &amp; education<\/a><\/li>\n<li class=\"menu-item menu-item-type-post_type menu-item-object-page menu-item-3408\"><a href=\"https:\/\/sjalfsbjorg.is\/en\/thekkingarmidstod\/velferd\/\" class=\"elementor-item\">Welfare<\/a><\/li>\n<li class=\"menu-item menu-item-type-post_type menu-item-object-page menu-item-5528\"><a href=\"https:\/\/sjalfsbjorg.is\/en\/thekkingarmidstod\/fraedsla\/\" class=\"elementor-item\">Education<\/a><\/li>\n<li class=\"menu-item menu-item-type-post_type menu-item-object-page menu-item-5531\"><a href=\"https:\/\/sjalfsbjorg.is\/en\/thekkingarmidstod\/tomstundir\/\" class=\"elementor-item\">Leisure<\/a><\/li>\n<li class=\"menu-item menu-item-type-post_type menu-item-object-page menu-item-3963\"><a href=\"https:\/\/sjalfsbjorg.is\/en\/thekkingarmidstod\/thjonusta-sveitarfelaga\/\" class=\"elementor-item\">Municipal services<\/a><\/li>\n<li class=\"menu-item menu-item-type-post_type menu-item-object-page menu-item-3264\"><a href=\"https:\/\/sjalfsbjorg.is\/en\/thekkingarmidstod\/vid-viljum-heyra-i-ther\/\" class=\"elementor-item\">We want to hear from you.<\/a><\/li>\n<\/ul>\t\t\t<\/nav>\n\t\t\t\t\t<div class=\"elementor-menu-toggle\" role=\"button\" tabindex=\"0\" aria-label=\"Menu Toggle\" aria-expanded=\"false\">\n\t\t\t<svg aria-hidden=\"true\" role=\"presentation\" class=\"elementor-menu-toggle__icon--open e-font-icon-svg e-eicon-menu-bar\" viewbox=\"0 0 1000 1000\" xmlns=\"http:\/\/www.w3.org\/2000\/svg\"><path d=\"M104 333H896C929 333 958 304 958 271S929 208 896 208H104C71 208 42 237 42 271S71 333 104 333ZM104 583H896C929 583 958 554 958 521S929 458 896 458H104C71 458 42 487 42 521S71 583 104 583ZM104 833H896C929 833 958 804 958 771S929 708 896 708H104C71 708 42 737 42 771S71 833 104 833Z\"><\/path><\/svg><svg aria-hidden=\"true\" role=\"presentation\" class=\"elementor-menu-toggle__icon--close e-font-icon-svg e-eicon-close\" viewbox=\"0 0 1000 1000\" xmlns=\"http:\/\/www.w3.org\/2000\/svg\"><path d=\"M742 167L500 408 258 167C246 154 233 150 217 150 196 150 179 158 167 167 154 179 150 196 150 212 150 229 154 242 171 254L408 500 167 742C138 771 138 800 167 829 196 858 225 858 254 829L496 587 738 829C750 842 767 846 783 846 800 846 817 842 829 829 842 817 846 804 846 783 846 767 842 750 829 737L588 500 833 258C863 229 863 200 833 171 804 137 775 137 742 167Z\"><\/path><\/svg>\t\t<\/div>\n\t\t\t\t\t<nav class=\"elementor-nav-menu--dropdown elementor-nav-menu__container\" aria-hidden=\"true\">\n\t\t\t\t<ul id=\"menu-2-34ed906d\" class=\"elementor-nav-menu\"><li class=\"menu-item menu-item-type-post_type menu-item-object-page menu-item-5526\"><a href=\"https:\/\/sjalfsbjorg.is\/en\/thekkingarmidstod\/adgengi\/\" class=\"elementor-item\" tabindex=\"-1\">Accessibility<\/a><\/li>\n<li class=\"menu-item menu-item-type-post_type menu-item-object-page menu-item-5527\"><a href=\"https:\/\/sjalfsbjorg.is\/en\/thekkingarmidstod\/atvinna-menntun\/\" class=\"elementor-item\" tabindex=\"-1\">Employment &amp; education<\/a><\/li>\n<li class=\"menu-item menu-item-type-post_type menu-item-object-page menu-item-3408\"><a href=\"https:\/\/sjalfsbjorg.is\/en\/thekkingarmidstod\/velferd\/\" class=\"elementor-item\" tabindex=\"-1\">Welfare<\/a><\/li>\n<li class=\"menu-item menu-item-type-post_type menu-item-object-page menu-item-5528\"><a href=\"https:\/\/sjalfsbjorg.is\/en\/thekkingarmidstod\/fraedsla\/\" class=\"elementor-item\" tabindex=\"-1\">Education<\/a><\/li>\n<li class=\"menu-item menu-item-type-post_type menu-item-object-page menu-item-5531\"><a href=\"https:\/\/sjalfsbjorg.is\/en\/thekkingarmidstod\/tomstundir\/\" class=\"elementor-item\" tabindex=\"-1\">Leisure<\/a><\/li>\n<li class=\"menu-item menu-item-type-post_type menu-item-object-page menu-item-3963\"><a href=\"https:\/\/sjalfsbjorg.is\/en\/thekkingarmidstod\/thjonusta-sveitarfelaga\/\" class=\"elementor-item\" tabindex=\"-1\">Municipal services<\/a><\/li>\n<li class=\"menu-item menu-item-type-post_type menu-item-object-page menu-item-3264\"><a href=\"https:\/\/sjalfsbjorg.is\/en\/thekkingarmidstod\/vid-viljum-heyra-i-ther\/\" class=\"elementor-item\" tabindex=\"-1\">We want to hear from you.<\/a><\/li>\n<\/ul>\t\t\t<\/nav>\n\t\t\t\t\t\t<\/div>\n\t\t\t\t\t<\/div>\n\t\t\t\t<\/div>\n\t\t\t\t<\/div>\n\t\t\t\t<\/div>\n\t\t\t\t\t\t<\/div>\n\t\t\t\t<\/div>\n\t\t\t\t<\/div>\n\t\t\t\t<\/div>","protected":false},"excerpt":{"rendered":"<p>Vestfir\u00f0ir \u00deau \u00e1tta sveitarf\u00e9l\u00f6g sem eru \u00e1 Vestfj\u00f6r\u00f0um mynda\u00a0Fj\u00f3r\u00f0ungssamband Vestfir\u00f0inga. Fj\u00f3r\u00f0ungssambandi\u00f0 er bandalag sveitarf\u00e9laganna og m\u00e1lsvari. \u00deetta eru frj\u00e1ls samt\u00f6k en \u00feau eru ekki l\u00f6gbundin.\u00a0Tilgangur sambandsins er a\u00f0 vinna a\u00f0 hagsmunum vestfirskra sveitarf\u00e9laga og alls Vestfir\u00f0ingafj\u00f3r\u00f0ungs. Sambandi\u00f0 fylgist me\u00f0 og beitir s\u00e9r \u00ed m\u00e1lefnum sveitarf\u00e9laganna, hvar sem \u00feau kunna a\u00f0 vera til umfj\u00f6llunar. Hefur \u00fe\u00fa [&hellip;]<\/p>\n","protected":false},"author":1,"featured_media":0,"parent":3944,"menu_order":0,"comment_status":"closed","ping_status":"closed","template":"elementor_theme","meta":{"footnotes":""},"class_list":["post-6645","page","type-page","status-publish","hentry"],"_links":{"self":[{"href":"https:\/\/sjalfsbjorg.is\/en\/wp-json\/wp\/v2\/pages\/6645","targetHints":{"allow":["GET"]}}],"collection":[{"href":"https:\/\/sjalfsbjorg.is\/en\/wp-json\/wp\/v2\/pages"}],"about":[{"href":"https:\/\/sjalfsbjorg.is\/en\/wp-json\/wp\/v2\/types\/page"}],"author":[{"embeddable":true,"href":"https:\/\/sjalfsbjorg.is\/en\/wp-json\/wp\/v2\/users\/1"}],"replies":[{"embeddable":true,"href":"https:\/\/sjalfsbjorg.is\/en\/wp-json\/wp\/v2\/comments?post=6645"}],"version-history":[{"count":0,"href":"https:\/\/sjalfsbjorg.is\/en\/wp-json\/wp\/v2\/pages\/6645\/revisions"}],"up":[{"embeddable":true,"href":"https:\/\/sjalfsbjorg.is\/en\/wp-json\/wp\/v2\/pages\/3944"}],"wp:attachment":[{"href":"https:\/\/sjalfsbjorg.is\/en\/wp-json\/wp\/v2\/media?parent=6645"}],"curies":[{"name":"wp","href":"https:\/\/api.w.org\/{rel}","templated":true}]}}