{"id":808,"date":"2025-10-01T00:28:32","date_gmt":"2025-10-01T00:28:32","guid":{"rendered":"https:\/\/sjalfsbjorg.is\/?page_id=808"},"modified":"2026-04-09T09:54:00","modified_gmt":"2026-04-09T09:54:00","slug":"sagan","status":"publish","type":"page","link":"https:\/\/sjalfsbjorg.is\/en\/starfsemin\/sagan\/","title":{"rendered":"The story"},"content":{"rendered":"<div data-elementor-type=\"wp-page\" data-elementor-id=\"808\" class=\"elementor elementor-808\" data-elementor-post-type=\"page\">\n\t\t\t\t<div class=\"elementor-element elementor-element-99ea3c9 e-flex e-con-boxed e-con e-parent\" data-id=\"99ea3c9\" data-element_type=\"container\" data-e-type=\"container\">\n\t\t\t\t\t<div class=\"e-con-inner\">\n\t\t<div class=\"elementor-element elementor-element-51041cf e-con-full elementor-hidden-mobile e-flex e-con e-child\" data-id=\"51041cf\" data-element_type=\"container\" data-e-type=\"container\">\n\t\t\t\t<div class=\"elementor-element elementor-element-1017d65 elementor-invisible elementor-widget elementor-widget-nav-menu\" data-id=\"1017d65\" data-element_type=\"widget\" data-e-type=\"widget\" data-settings=\"{&quot;layout&quot;:&quot;dropdown&quot;,&quot;_animation&quot;:&quot;fadeIn&quot;,&quot;submenu_icon&quot;:{&quot;value&quot;:&quot;&lt;svg aria-hidden=\\&quot;true\\&quot; class=\\&quot;e-font-icon-svg e-fas-caret-down\\&quot; viewBox=\\&quot;0 0 320 512\\&quot; xmlns=\\&quot;http:\\\/\\\/www.w3.org\\\/2000\\\/svg\\&quot;&gt;&lt;path d=\\&quot;M31.3 192h257.3c17.8 0 26.7 21.5 14.1 34.1L174.1 354.8c-7.8 7.8-20.5 7.8-28.3 0L17.2 226.1C4.6 213.5 13.5 192 31.3 192z\\&quot;&gt;&lt;\\\/path&gt;&lt;\\\/svg&gt;&quot;,&quot;library&quot;:&quot;fa-solid&quot;}}\" data-widget_type=\"nav-menu.default\">\n\t\t\t\t\t\t\t\t<nav class=\"elementor-nav-menu--dropdown elementor-nav-menu__container\" aria-hidden=\"true\">\n\t\t\t\t<ul id=\"menu-2-1017d65\" class=\"elementor-nav-menu\"><li class=\"menu-item menu-item-type-post_type menu-item-object-page menu-item-12526\"><a href=\"https:\/\/sjalfsbjorg.is\/en\/um-okkur\/starfsfolk\/\" class=\"elementor-item\" tabindex=\"-1\">Staff<\/a><\/li>\n<li class=\"menu-item menu-item-type-post_type menu-item-object-page menu-item-2028\"><a href=\"https:\/\/sjalfsbjorg.is\/en\/um-okkur\/stjorn-og-starfsfolk\/\" class=\"elementor-item\" tabindex=\"-1\">Board and committees<\/a><\/li>\n<li class=\"menu-item menu-item-type-post_type menu-item-object-page menu-item-12532\"><a href=\"https:\/\/sjalfsbjorg.is\/en\/um-okkur\/stefna\/\" class=\"elementor-item\" tabindex=\"-1\">Stefna Sj\u00e1lfsbjargar<\/a><\/li>\n<li class=\"menu-item menu-item-type-post_type menu-item-object-page menu-item-12533\"><a href=\"https:\/\/sjalfsbjorg.is\/en\/um-okkur\/log-sjalfsbjargar\/\" class=\"elementor-item\" tabindex=\"-1\">Laws of Self-Reliance<\/a><\/li>\n<li class=\"menu-item menu-item-type-post_type menu-item-object-page menu-item-12534\"><a href=\"https:\/\/sjalfsbjorg.is\/en\/um-okkur\/adildarfelogin\/\" class=\"elementor-item\" tabindex=\"-1\">Member associations<\/a><\/li>\n<li class=\"menu-item menu-item-type-post_type menu-item-object-page menu-item-12536\"><a href=\"https:\/\/sjalfsbjorg.is\/en\/starfsemin\/sagan\/\" class=\"elementor-item\" tabindex=\"-1\">The story<\/a><\/li>\n<li class=\"menu-item menu-item-type-post_type menu-item-object-page menu-item-2216\"><a href=\"https:\/\/sjalfsbjorg.is\/en\/um-okkur\/samstarfsadilar\/\" class=\"elementor-item\" tabindex=\"-1\">Partners<\/a><\/li>\n<li class=\"menu-item menu-item-type-post_type menu-item-object-page menu-item-12535\"><a href=\"https:\/\/sjalfsbjorg.is\/en\/um-okkur\/fyrir-fjolmidla\/\" class=\"elementor-item\" tabindex=\"-1\">For the media<\/a><\/li>\n<li class=\"menu-item menu-item-type-post_type menu-item-object-page menu-item-2148\"><a href=\"https:\/\/sjalfsbjorg.is\/en\/um-okkur\/skrifstofan\/\" class=\"elementor-item\" tabindex=\"-1\">The office<\/a><\/li>\n<li class=\"menu-item menu-item-type-post_type menu-item-object-page menu-item-12744\"><a href=\"https:\/\/sjalfsbjorg.is\/en\/um-okkur\/algengar-spurningar\/\" class=\"elementor-item\" tabindex=\"-1\">Frequently Asked Questions<\/a><\/li>\n<\/ul>\t\t\t<\/nav>\n\t\t\t\t\t\t<\/div>\n\t\t\t\t<\/div>\n\t\t<div class=\"elementor-element elementor-element-b6cb63e e-con-full e-flex elementor-invisible e-con e-child\" data-id=\"b6cb63e\" data-element_type=\"container\" data-e-type=\"container\" data-settings=\"{&quot;animation&quot;:&quot;fadeIn&quot;}\">\n\t\t\t\t<div class=\"elementor-element elementor-element-0b08394 elementor-widget elementor-widget-text-editor\" data-id=\"0b08394\" data-element_type=\"widget\" data-e-type=\"widget\" data-widget_type=\"text-editor.default\">\n\t\t\t\t\t\t\t\t\t<section><div class=\"container-fluid clamped\"><div class=\"row justify-content-center justify-content-md-start\"><div class=\"col-xl-7 col-md-9 offset-xl-1 col-14\"><div class=\"intro\"><p>S\u00f6guvefur Sj\u00e1lfsbjargar, landssambands fatla\u00f0ra, er a\u00f0 stofni til unninn \u00ed tilefni af 50 \u00e1ra afm\u00e6li Sj\u00e1lfsbjargar. Anna \u00d3lafsd\u00f3ttir Bj\u00f6rnsson sagnfr\u00e6\u00f0ingur t\u00f3k a\u00f0 s\u00e9r a\u00f0 skrifa s\u00f6gu Sj\u00e1lfsbjargar fyrir vef\u00fatg\u00e1fu upp \u00far \u00feeim prentu\u00f0u heimildum sem fyrir liggja og taka heimildavi\u00f0t\u00f6l vi\u00f0 tvo brautry\u00f0jendur, \u00d3l\u00f6fu R\u00edkar\u00f0sd\u00f3ttur \u00ed Reykjav\u00edk og P\u00e1l\u00ednu Snorrad\u00f3ttur \u00ed Hverager\u00f0i sem einnig er fr\u00f3\u00f0 um fyrstu \u00e1r Sj\u00e1lfsbjargar \u00e1 \u00cdsafir\u00f0i. B\u00e1\u00f0ar b\u00faa yfir mikilli \u00feekkingu \u00e1 s\u00f6gu Sj\u00e1lfsbjargar og hafa lagt t\u00edmariti landssambandsins drj\u00fagt li\u00f0. Auk \u00feess ver\u00f0ur vi\u00f0tal sem Anna t\u00f3k fyrir 50 \u00e1ra afm\u00e6lisrit Sj\u00e1lfsbjargar, vi\u00f0 \u00d3l\u00f6fu, birt sem hluti af vef \u00feessum, eftir \u00fatkomu ritsins. Valdimar Tryggvason, br\u00f3\u00f0ir Vilborgar heitinnar Tryggvad\u00f3ttur f\u00e6r\u00f0i Sj\u00e1lfsbj\u00f6rg a\u00f0 gj\u00f6f myndir er h\u00fan haf\u00f0i teki\u00f0 og skr\u00e1\u00f0 af mikilli elju.<\/p><p>Myndasafn Sj\u00e1lfsbjargar var einnig einstaklega gagnlegt. Afrakstur \u00feeirrar vinnu voru\u00a0\u00e1 sj\u00f6tta tug vefs\u00ed\u00f0na, \u00ed sex\u00a0megink\u00f6flum. Vefurinn er settur upp me\u00f0 \u00fea\u00f0 \u00ed huga a\u00f0 au\u00f0velt s\u00e9 a\u00f0 b\u00e6ta fr\u00f3\u00f0leik og uppl\u00fdsingum vi\u00f0 hann, b\u00e6\u00f0i eldri heimildum og n\u00fdrri vi\u00f0bur\u00f0um.<\/p><p>Fr\u00e1 \u00fev\u00ed h\u00f6fundur afhenti s\u00f6guvefinn til Sj\u00e1lfsbjargar \u00e1 50 \u00e1ra afm\u00e6li sambandsins, 4. j\u00fan\u00ed 2009, fluttist ritstj\u00f3rn og h\u00f6fundarr\u00e9ttur efnis til Sj\u00e1lfsbjargar og allar vi\u00f0b\u00e6tur og n\u00fdir kaflar, \u00fe\u00f3tt \u00feeir s\u00e9u verk annarra h\u00f6funda, ver\u00f0a hluti af s\u00edkvikum s\u00f6guvef sem vonandi ver\u00f0ur \u00ed st\u00f6\u00f0ugri uppf\u00e6rslu og endurn\u00fdjun. ,,Fort\u00ed\u00f0in er ekki lengur \u00fea\u00f0 sem h\u00fan eitt sinn var,\u201c sag\u00f0i norskur sagnfr\u00e6\u00f0ingur fyrir nokkrum \u00e1rum og vill h\u00f6fundur gera \u00feau or\u00f0 a\u00f0 s\u00ednum. Vef\u00fatg\u00e1fur af s\u00f6gulegu efni eru \u00e1hugaver\u00f0ur valkostur og b\u00fd\u00f0ur a\u00f0 nokkru leyti upp \u00e1 annars konar s\u00f6guritun en saga sem ritu\u00f0 er til \u00fatg\u00e1fu \u00e1 papp\u00edr. H\u00f6fundur vonar \u00fe\u00f3 a\u00f0 upprunalegur texti f\u00e1i a\u00f0 standa l\u00edti\u00f0 breyttur, en allar e\u00f0lilegar vi\u00f0b\u00e6tur, \u00fea\u00f0 er stutt innskot og lei\u00f0r\u00e9ttingar, eiga a\u00f0 sj\u00e1lfs\u00f6g\u00f0u r\u00e9tt \u00e1 s\u00e9r.<\/p><p>\u00d6llum er heimilt a\u00f0 nota efni af vefnum til fr\u00f3\u00f0leiks og sem heimild um s\u00f6gu fatla\u00f0ra \u00e1 \u00cdslandi.<\/p><p><b><br \/>Anna \u00d3lafsd\u00f3ttir Bj\u00f6rnsson, 2009<\/b><\/p><p>\u00a0<\/p><\/div><\/div><\/div><\/div><\/section><footer><div class=\"container-fluid\"><div class=\"col-3 offset-lg-2 offset-1 col-11 logo-col\"><a href=\"https:\/\/sjalfsbjorg.is\/en\/um-okkur\/adildarfelogin\/sjalfsbjorg-a-akureyri-sagan\/\">\u00c1grip af s\u00f6gu Sj\u00e1lfsbjargar \u00e1 Akureyri<\/a><\/div><\/div><\/footer><div>\u00a0<\/div><div><a href=\"https:\/\/sjalfsbjorg.is\/en\/um-okkur\/adildarfelogin\/sjalfsbjorg-i-austur-hunavatnssyslu-sagan\/\">\u00c1grip af s\u00f6gu Sj\u00e1lfsbjargar \u00ed Austur-H\u00fanavatnss\u00fdslu<\/a><\/div><div>\u00a0<\/div><div><a href=\"https:\/\/sjalfsbjorg.is\/en\/um-okkur\/adildarfelogin\/sjalfsbjorg-i-bolungarvik-sagan\/\">\u00c1grip af s\u00f6gu Sj\u00e1lfsbjargar \u00ed Bolungarv\u00edk<\/a><\/div><div>\u00a0<\/div><div><a href=\"https:\/\/sjalfsbjorg.is\/en\/um-okkur\/adildarfelogin\/sjalfsbjorg-i-bolungarvik-sagan\/\">\u00c1grip af s\u00f6gu Sj\u00e1lfsbjargar \u00e1 h\u00f6fu\u00f0borgarsv\u00e6\u00f0inu<\/a><\/div><div>\u00a0<\/div><div><a href=\"https:\/\/sjalfsbjorg.is\/en\/um-okkur\/adildarfelogin\/sjalfsbjorg-i-bolungarvik-sagan\/\">\u00c1grip af s\u00f6gu Sj\u00e1lfsbjargar \u00e1 H\u00fasav\u00edk<\/a><\/div><div>\u00a0<\/div><div><a href=\"https:\/\/sjalfsbjorg.is\/en\/um-okkur\/adildarfelogin\/sjalfsbjorg-a-isafirdi-sagan\/\">\u00c1grip af s\u00f6gu Sj\u00e1lfsbjargar \u00e1 \u00cdsafir\u00f0i<\/a><\/div><div>\u00a0<\/div><div><a href=\"https:\/\/sjalfsbjorg.is\/en\/um-okkur\/adildarfelogin\/sjalfsbjorg-a-mid-austurlandi\/\">\u00c1grip af s\u00f6gu Sj\u00e1lfsbjargar \u00e1 mi\u00f0-Austurlandi<\/a><\/div><div>\u00a0<\/div><div><a href=\"https:\/\/sjalfsbjorg.is\/en\/um-okkur\/adildarfelogin\/sjalfsbjorg-a-siglufirdi\/\">\u00c1grip af s\u00f6gu Sj\u00e1lfsbjargar \u00e1 Siglufir\u00f0i<\/a><\/div><div>\u00a0<\/div><div><a href=\"https:\/\/sjalfsbjorg.is\/en\/um-okkur\/adildarfelogin\/sjalfsbjorg-a-saudarkrokii-skagafirdi\/\">\u00c1grip af s\u00f6gu Sj\u00e1lfsbjargar \u00ed Skagafir\u00f0i<\/a><\/div><div>\u00a0<\/div><div><a href=\"https:\/\/sjalfsbjorg.is\/en\/um-okkur\/adildarfelogin\/sjalfsbjorg-i-arnessyslu-a-sudurlandi\/\">\u00c1grip af s\u00f6gu Sj\u00e1lfsbjargar \u00e1 Su\u00f0urlandi<\/a><\/div><div>\u00a0<\/div><div><a href=\"https:\/\/sjalfsbjorg.is\/en\/um-okkur\/adildarfelogin\/sjalfsbjorg-a-sudurnesjum-sagan\/\">\u00c1grip af s\u00f6gu Sj\u00e1lfsbjargar \u00e1 Su\u00f0urnesjum<\/a><\/div><div>\u00a0<\/div><div><a href=\"https:\/\/sjalfsbjorg.is\/en\/um-okkur\/adildarfelogin\/sjalfsbjorg-i-vopnafirdi\/\">\u00c1grip af s\u00f6gu Sj\u00e1lfsbjargar \u00e1 Vopnafir\u00f0i<\/a><\/div><footer><div class=\"container-fluid\"><div class=\"row\">\u00a0<\/div><\/div><\/footer>\t\t\t\t\t\t\t\t<\/div>\n\t\t\t\t<\/div>\n\t\t\t\t\t<\/div>\n\t\t\t\t<\/div>\n\t\t\t\t<\/div>","protected":false},"excerpt":{"rendered":"<p>S\u00f6guvefur Sj\u00e1lfsbjargar, landssambands fatla\u00f0ra, er a\u00f0 stofni til unninn \u00ed tilefni af 50 \u00e1ra afm\u00e6li Sj\u00e1lfsbjargar. Anna \u00d3lafsd\u00f3ttir Bj\u00f6rnsson sagnfr\u00e6\u00f0ingur t\u00f3k a\u00f0 s\u00e9r a\u00f0 skrifa s\u00f6gu Sj\u00e1lfsbjargar fyrir vef\u00fatg\u00e1fu upp \u00far \u00feeim prentu\u00f0u heimildum sem fyrir liggja og taka heimildavi\u00f0t\u00f6l vi\u00f0 tvo brautry\u00f0jendur, \u00d3l\u00f6fu R\u00edkar\u00f0sd\u00f3ttur \u00ed Reykjav\u00edk og P\u00e1l\u00ednu Snorrad\u00f3ttur \u00ed Hverager\u00f0i sem einnig er [&hellip;]<\/p>\n","protected":false},"author":1,"featured_media":0,"parent":766,"menu_order":0,"comment_status":"closed","ping_status":"closed","template":"elementor_theme","meta":{"footnotes":""},"class_list":["post-808","page","type-page","status-publish","hentry"],"_links":{"self":[{"href":"https:\/\/sjalfsbjorg.is\/en\/wp-json\/wp\/v2\/pages\/808","targetHints":{"allow":["GET"]}}],"collection":[{"href":"https:\/\/sjalfsbjorg.is\/en\/wp-json\/wp\/v2\/pages"}],"about":[{"href":"https:\/\/sjalfsbjorg.is\/en\/wp-json\/wp\/v2\/types\/page"}],"author":[{"embeddable":true,"href":"https:\/\/sjalfsbjorg.is\/en\/wp-json\/wp\/v2\/users\/1"}],"replies":[{"embeddable":true,"href":"https:\/\/sjalfsbjorg.is\/en\/wp-json\/wp\/v2\/comments?post=808"}],"version-history":[{"count":0,"href":"https:\/\/sjalfsbjorg.is\/en\/wp-json\/wp\/v2\/pages\/808\/revisions"}],"up":[{"embeddable":true,"href":"https:\/\/sjalfsbjorg.is\/en\/wp-json\/wp\/v2\/pages\/766"}],"wp:attachment":[{"href":"https:\/\/sjalfsbjorg.is\/en\/wp-json\/wp\/v2\/media?parent=808"}],"curies":[{"name":"wp","href":"https:\/\/api.w.org\/{rel}","templated":true}]}}