{"id":821,"date":"2025-10-01T00:29:22","date_gmt":"2025-10-01T00:29:22","guid":{"rendered":"https:\/\/sjalfsbjorg.is\/?page_id=821"},"modified":"2026-04-27T11:50:30","modified_gmt":"2026-04-27T11:50:30","slug":"landsfundir","status":"publish","type":"page","link":"https:\/\/sjalfsbjorg.is\/en\/starfsemin\/landsfundir\/","title":{"rendered":"National meetings"},"content":{"rendered":"<div data-elementor-type=\"wp-page\" data-elementor-id=\"821\" class=\"elementor elementor-821\" data-elementor-post-type=\"page\">\n\t\t\t\t<div class=\"elementor-element elementor-element-5f93612 e-flex e-con-boxed e-con e-parent\" data-id=\"5f93612\" data-element_type=\"container\" data-e-type=\"container\">\n\t\t\t\t\t<div class=\"e-con-inner\">\n\t\t<div class=\"elementor-element elementor-element-a4c2a53 e-con-full elementor-hidden-mobile e-flex e-con e-child\" data-id=\"a4c2a53\" data-element_type=\"container\" data-e-type=\"container\">\n\t\t\t\t<div class=\"elementor-element elementor-element-b8b3e61 elementor-invisible elementor-widget elementor-widget-nav-menu\" data-id=\"b8b3e61\" data-element_type=\"widget\" data-e-type=\"widget\" data-settings=\"{&quot;layout&quot;:&quot;dropdown&quot;,&quot;_animation&quot;:&quot;fadeIn&quot;,&quot;submenu_icon&quot;:{&quot;value&quot;:&quot;&lt;svg aria-hidden=\\&quot;true\\&quot; class=\\&quot;e-font-icon-svg e-fas-caret-down\\&quot; viewBox=\\&quot;0 0 320 512\\&quot; xmlns=\\&quot;http:\\\/\\\/www.w3.org\\\/2000\\\/svg\\&quot;&gt;&lt;path d=\\&quot;M31.3 192h257.3c17.8 0 26.7 21.5 14.1 34.1L174.1 354.8c-7.8 7.8-20.5 7.8-28.3 0L17.2 226.1C4.6 213.5 13.5 192 31.3 192z\\&quot;&gt;&lt;\\\/path&gt;&lt;\\\/svg&gt;&quot;,&quot;library&quot;:&quot;fa-solid&quot;}}\" data-widget_type=\"nav-menu.default\">\n\t\t\t\t\t\t\t\t<nav class=\"elementor-nav-menu--dropdown elementor-nav-menu__container\" aria-hidden=\"true\">\n\t\t\t\t<ul id=\"menu-2-b8b3e61\" class=\"elementor-nav-menu\"><li class=\"menu-item menu-item-type-post_type menu-item-object-page menu-item-841\"><a href=\"https:\/\/sjalfsbjorg.is\/en\/starfsemin\/landsfundir\/\" class=\"elementor-item\" tabindex=\"-1\">National meetings<\/a><\/li>\n<li class=\"menu-item menu-item-type-post_type menu-item-object-page menu-item-836\"><a href=\"https:\/\/sjalfsbjorg.is\/en\/starfsemin\/alyktanir\/\" class=\"elementor-item\" tabindex=\"-1\">Conclusions<\/a><\/li>\n<li class=\"menu-item menu-item-type-post_type menu-item-object-page menu-item-12638\"><a href=\"https:\/\/sjalfsbjorg.is\/en\/starfsemin\/happdraetti\/\" class=\"elementor-item\" tabindex=\"-1\">Lottery<\/a><\/li>\n<li class=\"menu-item menu-item-type-post_type menu-item-object-page menu-item-12895\"><a href=\"https:\/\/sjalfsbjorg.is\/en\/starfsemin\/klifur-timarit\/\" class=\"elementor-item\" tabindex=\"-1\">Climbing magazine<\/a><\/li>\n<li class=\"menu-item menu-item-type-post_type menu-item-object-page menu-item-12520\"><a href=\"https:\/\/sjalfsbjorg.is\/en\/starfsemin\/personuverndarstefna-sjalfsbjargar\/\" class=\"elementor-item\" tabindex=\"-1\">Privacy Policy<\/a><\/li>\n<li class=\"menu-item menu-item-type-post_type menu-item-object-page menu-item-12521\"><a href=\"https:\/\/sjalfsbjorg.is\/en\/starfsemin\/sidareglur-sjalfsbjargar\/\" class=\"elementor-item\" tabindex=\"-1\">Code of Conduct<\/a><\/li>\n<li class=\"menu-item menu-item-type-post_type menu-item-object-page menu-item-12522\"><a href=\"https:\/\/sjalfsbjorg.is\/en\/starfsemin\/starfsreglur-stjornar\/\" class=\"elementor-item\" tabindex=\"-1\">Starfsreglur<\/a><\/li>\n<li class=\"menu-item menu-item-type-post_type menu-item-object-page menu-item-12523\"><a href=\"https:\/\/sjalfsbjorg.is\/en\/starfsemin\/salfraedithjonusta\/\" class=\"elementor-item\" tabindex=\"-1\">Psychological services<\/a><\/li>\n<li class=\"menu-item menu-item-type-post_type menu-item-object-page menu-item-12524\"><a href=\"https:\/\/sjalfsbjorg.is\/en\/starfsemin\/adgengis-uttektir\/\" class=\"elementor-item\" tabindex=\"-1\">A\u00f0gengis\u00fattektir<\/a><\/li>\n<li class=\"menu-item menu-item-type-post_type menu-item-object-page menu-item-12613\"><a href=\"https:\/\/sjalfsbjorg.is\/en\/starfsemin\/styrkir\/\" class=\"elementor-item\" tabindex=\"-1\">Styrkir<\/a><\/li>\n<\/ul>\t\t\t<\/nav>\n\t\t\t\t\t\t<\/div>\n\t\t\t\t<\/div>\n\t\t<div class=\"elementor-element elementor-element-e82877f e-con-full e-flex elementor-invisible e-con e-child\" data-id=\"e82877f\" data-element_type=\"container\" data-e-type=\"container\" data-settings=\"{&quot;animation&quot;:&quot;fadeIn&quot;}\">\n\t\t\t\t<div class=\"elementor-element elementor-element-f2e726d elementor-widget elementor-widget-n-accordion\" data-id=\"f2e726d\" data-element_type=\"widget\" data-e-type=\"widget\" data-settings=\"{&quot;default_state&quot;:&quot;all_collapsed&quot;,&quot;max_items_expended&quot;:&quot;one&quot;,&quot;n_accordion_animation_duration&quot;:{&quot;unit&quot;:&quot;ms&quot;,&quot;size&quot;:400,&quot;sizes&quot;:[]}}\" data-widget_type=\"nested-accordion.default\">\n\t\t\t\t\t\t\t<div class=\"e-n-accordion\" aria-label=\"Accordion. Open links with Enter or Space, close with Escape, and navigate with Arrow Keys\">\n\t\t\t\t\t\t<details id=\"e-n-accordion-item-2540\" class=\"e-n-accordion-item\" >\n\t\t\t\t<summary class=\"e-n-accordion-item-title\" data-accordion-index=\"1\" tabindex=\"0\" aria-expanded=\"false\" aria-controls=\"e-n-accordion-item-2540\" >\n\t\t\t\t\t<span class='e-n-accordion-item-title-header'><div class=\"e-n-accordion-item-title-text\"> Landsfundur 2026 <\/div><\/span>\n\t\t\t\t\t\t\t<span class='e-n-accordion-item-title-icon'>\n\t\t\t<span class='e-opened' ><svg aria-hidden=\"true\" class=\"e-font-icon-svg e-fas-minus\" viewbox=\"0 0 448 512\" xmlns=\"http:\/\/www.w3.org\/2000\/svg\"><path d=\"M416 208H32c-17.67 0-32 14.33-32 32v32c0 17.67 14.33 32 32 32h384c17.67 0 32-14.33 32-32v-32c0-17.67-14.33-32-32-32z\"><\/path><\/svg><\/span>\n\t\t\t<span class='e-closed'><svg aria-hidden=\"true\" class=\"e-font-icon-svg e-fas-plus\" viewbox=\"0 0 448 512\" xmlns=\"http:\/\/www.w3.org\/2000\/svg\"><path d=\"M416 208H272V64c0-17.67-14.33-32-32-32h-32c-17.67 0-32 14.33-32 32v144H32c-17.67 0-32 14.33-32 32v32c0 17.67 14.33 32 32 32h144v144c0 17.67 14.33 32 32 32h32c17.67 0 32-14.33 32-32V304h144c17.67 0 32-14.33 32-32v-32c0-17.67-14.33-32-32-32z\"><\/path><\/svg><\/span>\n\t\t<\/span>\n\n\t\t\t\t\t\t<\/summary>\n\t\t\t\t<div role=\"region\" aria-labelledby=\"e-n-accordion-item-2540\" class=\"elementor-element elementor-element-d2d685c e-con-full e-flex e-con e-child\" data-id=\"d2d685c\" data-element_type=\"container\" data-e-type=\"container\">\n\t\t\t\t<div class=\"elementor-element elementor-element-9932937 elementor-widget elementor-widget-text-editor\" data-id=\"9932937\" data-element_type=\"widget\" data-e-type=\"widget\" data-widget_type=\"text-editor.default\">\n\t\t\t\t\t\t\t\t\t<p data-block-key=\"zxf1u\">H\u00e9r koma uppl\u00fdsingar vegna landsfundar 2026<\/p><p data-block-key=\"39nih\"><b>Fundarbo\u00f0 landsfundar Sj\u00e1lfsbjargar landssambands hreyfihamla\u00f0ra (lsh) 2026. Haldinn \u00ed sal Sj\u00e1lfsbjargar \u00e1 h\u00f6fu\u00f0borgarsv\u00e6\u00f0inu, H\u00e1t\u00fani 12, inngangur 7. \u00deann 24. apr\u00edl 2026 kl.13:00 og 25. apr\u00edl 2026 kl. 9:30.<\/b><\/p><p data-block-key=\"1bc9c\"><b>Dagskr\u00e1 samkv\u00e6mt 21.gr. laga<\/b><\/p><p data-block-key=\"bki8g\"><b>Eftirfarandi g\u00f6gn eru fylgiskj\u00f6l fundarins.<\/b><\/p><p data-block-key=\"1nnhb\"><a href=\"https:\/\/sjalfsbjorg.is\/wp-content\/uploads\/2026\/03\/Fskj.-00.00_Timalina_Landsfundur2026.xlsx\">00.00 T\u00edmal\u00edna Landsfundar 2026<\/a><\/p><p data-block-key=\"9scr0\"><a href=\"https:\/\/sjalfsbjorg.is\/wp-content\/uploads\/2026\/04\/Fylgiskjal-3.1-Landsfundarfulltruar.docx\">Fskj 3.1. Landsfundarfulltr\u00faar<\/a><\/p><p data-block-key=\"9mlg2\"><a href=\"https:\/\/sjalfsbjorg.is\/wp-content\/uploads\/2026\/04\/Dagskra-landsfundar-2026-Fskj.4.1-1.pdf\">Fskj 4.1. Dagskr\u00e1 Landsfundar 2026<\/a><\/p><p data-block-key=\"el0ll\"><a href=\"https:\/\/sjalfsbjorg.is\/wp-content\/uploads\/2026\/04\/Sjalfsbjorg_arsskyrsla-2025_Fskj.5.1.pdf\">Fskj. 5.1. Sk\u00fdrsla stj\u00f3rnar fyrir s\u00ed\u00f0asta almanaks\u00e1r<\/a><\/p><p data-block-key=\"e7uh\"><a href=\"https:\/\/sjalfsbjorg.is\/wp-content\/uploads\/2026\/04\/Sjalfsbjorg-lsh-Arsreikningur-2025-undirritadur.pdf\">Fskj. 6.1. endursko\u00f0a\u00f0ur \u00e1rsreikningur Sj\u00e1lfsbjargar 2025<\/a><\/p><p data-block-key=\"bkk0f\"><a href=\"https:\/\/sjalfsbjorg.is\/wp-content\/uploads\/2026\/04\/Kjarkur_endurhaefing_arsskyrsla_2025.pdf\">Fskj. 7.1. \u00c1rssk\u00fdrsla og \u00e1rsreikningur Kjarks endurh\u00e6fingar 2025<\/a><\/p><p data-block-key=\"eurft\">Fskj. 8.1. &#8211; 8.2. Sk\u00fdrslur a\u00f0ildarf\u00e9laga<\/p><p data-block-key=\"eurft\">Fskj. 8.1. \u00c1rssk\u00fdrslur<\/p><p data-block-key=\"7i95m\"><a href=\"https:\/\/sjalfsbjorg.is\/wp-content\/uploads\/2026\/04\/Akureyri_Arsskyrslur-adildarfelaga-Sjalfsbjargar-lsh-fyrir-2025Fskj.8.1.a.docx\">Fskj. 8.1.a. \u00c1rssk\u00fdrsla Sj\u00e1lfsbjargar \u00e1 Akureyri<\/a><\/p><p data-block-key=\"83a3b\"><a href=\"https:\/\/sjalfsbjorg.is\/wp-content\/uploads\/2026\/04\/Bolungarvik-_arsskyrslur-adildarfelaga-Sjalfsbjargar-lsh-fyrir-2025Fskj.8.1.b.docx\">Fskj. 8.1.b. \u00c1rssk\u00fdrsla Sj\u00e1lfsbjargar \u00ed Bolungarv\u00edk<\/a><\/p><p data-block-key=\"frgi9\"><a href=\"https:\/\/sjalfsbjorg.is\/wp-content\/uploads\/2026\/04\/Fjallabyggd_arsskyrsla_2025-Fskj.8.1.c.docx\">Fskj. 8.1.c. \u00c1rssk\u00fdrsla Sj\u00e1lfsbjargar \u00ed Fjallabygg\u00f0<\/a><\/p><p data-block-key=\"7h3as\"><a href=\"https:\/\/sjalfsbjorg.is\/wp-content\/uploads\/2026\/04\/Hofudborgarsv_Arsskyrsla2025Sjalfsbjorg-HBS-Fskj.8.1.d.docx\">Fskj. 8.1.d. \u00c1rssk\u00fdrsla Sj\u00e1lfsbjargar \u00e1 h\u00f6fu\u00f0borgarsv\u00e6\u00f0inu<\/a><\/p><p data-block-key=\"7h3as\">Fskj. 8.1.e. \u00c1rssk\u00fdrsla Sj\u00e1lfsbjargar \u00e1 Mi\u00f0-Austurlandi<\/p><p data-block-key=\"c1i83\"><a href=\"https:\/\/sjalfsbjorg.is\/wp-content\/uploads\/2026\/04\/Skagafjordur_Arsskyrsla2025.docx\">Fskj. 8.1.f. \u00c1rssk\u00fdrsla Sj\u00e1lfsbjargar \u00ed Skagafir\u00f0i<\/a><\/p><p data-block-key=\"c1i83\"><a href=\"https:\/\/sjalfsbjorg.is\/wp-content\/uploads\/2026\/04\/Sudurnes_Arskyrsla-2025-sjalfsbjorg-a-sudurnesjum-Fskj.8.1.g.pdf\">Fskj. 8.1.g. \u00c1rssk\u00fdrsla Sj\u00e1lfsbjargar \u00e1 Su\u00f0urnesjum<\/a><\/p><p data-block-key=\"e02f7\">Fskj. 8.2 \u00c1rsreikningar<\/p><p data-block-key=\"e02f7\">Fskj. 8.2.a. \u00c1rsreikningur Sj\u00e1lfsbjargar \u00e1 Akureyri<\/p><p data-block-key=\"e02f7\">Fskj. 8.2.b Sj\u00e1lfsbjargar \u00ed Bolungarv\u00edk<\/p><p data-block-key=\"e02f7\"><a href=\"https:\/\/sjalfsbjorg.is\/wp-content\/uploads\/2026\/04\/arsreikningur_Fjallabyggd_siglo-sjalfsbjorg_2025Fskj.8.2.c.pdf\">Fskj. 8.2.c \u00c1rsreikningur Sj\u00e1lfsbjargar \u00ed Fjallabygg\u00f0<\/a><\/p><p data-block-key=\"fscse\">Fskj. 8.2.d. \u00c1rsreikningur Sj\u00e1lfsbjargar \u00e1 H\u00fasav\u00edk og \u00deingeyjars\u00fdslu<\/p><p data-block-key=\"fscse\"><a href=\"https:\/\/sjalfsbjorg.is\/wp-content\/uploads\/2026\/04\/SBH-arsreikningur-2025.pdf\">Fskj. 8.2.e. \u00c1rsreikningur Sj\u00e1lfsbjargar \u00e1 H\u00f6fu\u00f0borgarsv\u00e6\u00f0inu<\/a><\/p><p data-block-key=\"fujqu\">Fskj. 8.2.f \u00c1rsreikningur Sj\u00e1lfsbjargar \u00ed Skagafir\u00f0i<\/p><p data-block-key=\"bkk0f\">Fskj. 10.1 Starfs- og fj\u00e1rhags\u00e1\u00e6tlun fyrir yfirstandandi \u00e1r og n\u00e6sta \u00e1r<\/p><p data-block-key=\"b56gc\"><a href=\"https:\/\/sjalfsbjorg.is\/wp-content\/uploads\/2026\/04\/Fylgiskjal-11.1-Tillaga-til-Landsfundar-um-argjald-2027-1.doc\">Fskj. 11.1 \u00c1kv\u00f6r\u00f0un um \u00e1rgjald.<\/a><\/p><p data-block-key=\"b56gc\"><a href=\"https:\/\/sjalfsbjorg.is\/wp-content\/uploads\/2026\/04\/Tillaga-um-thoknun-fyrir-setu-i-stjorn-2026-2027Fskj.12.1.doc\">Fskj. 12.1 \u00de\u00f3knun fyrir stj\u00f3rnarsetu<\/a><\/p><p data-block-key=\"b01rn\"><a href=\"https:\/\/sjalfsbjorg.is\/wp-content\/uploads\/2026\/03\/Drog_Lagabreyting_Einstaklingsadild-26-mars-2026-Fskj.14.1.docx\">Fskj 14.1. Lagabreytingartillaga_Einstaklingsa\u00f0ild<\/a><\/p><p data-block-key=\"8mg04\"><a href=\"https:\/\/sjalfsbjorg.is\/wp-content\/uploads\/2026\/04\/Minnisblad-AB-Logman-f-Sjalfsbjorg-9-mars-2026.pdf\">Fskj. 14.2. Greinarger\u00f0 me\u00f0 lagabreytingartill\u00f6gu_Einstaklingsa\u00f0ild<\/a><\/p><p data-block-key=\"8mkgq\"><a href=\"https:\/\/sjalfsbjorg.is\/wp-content\/uploads\/2026\/04\/Fskj.-15.1.Kjornefndarlisti-fyrir-landsfund-2026.xlsx\">Fskj. 15.1.Kj\u00f6rnefndarlisti fyrir landsfund 2026<\/a><\/p><p data-block-key=\"dk0oj\"><a href=\"https:\/\/sjalfsbjorg.is\/wp-content\/uploads\/2026\/04\/Kynning_THuridur_Harpa_2026Fskj.15.2.pdf\">Fskj. 15.2 Kynning \u00e1 frambo\u00f0i til formanns &#8211; \u00deur\u00ed\u00f0ur H. Sigur\u00f0ard\u00f3ttir<\/a><\/p><p data-block-key=\"dk0oj\">Fskj. 15.3 Kynning \u00e1 frambo\u00f0i til gjaldkera &#8211; Gr\u00e9tar P\u00e9tur Geirsson<\/p><p data-block-key=\"dk0oj\"><a href=\"https:\/\/sjalfsbjorg.is\/wp-content\/uploads\/2026\/04\/GudniSigmundsson_kynningFskj.15.4.docx\">Fskj. 15.4 Kynning \u00e1 frambo\u00f0i til me\u00f0stj\u00f3rnanda &#8211; Gu\u00f0ni Sigmundsson<\/a><\/p><p data-block-key=\"dk0oj\">Fskj. 15.5 Kynning \u00e1 frambo\u00f0i til me\u00f0stj\u00f3rnanda Kristj\u00e1n Karl J\u00fal\u00edusson<\/p><p data-block-key=\"4lbbt\">Fskj. 15.6 Kynning \u00e1 frambo\u00f0i til varamanns &#8211; Linda Egilsd\u00f3ttir<\/p><p data-block-key=\"4lbbt\"><a href=\"https:\/\/sjalfsbjorg.is\/wp-content\/uploads\/2026\/04\/Alyktun_Sjalfsbjorg2026_adgengi.docx\">Fskj. 19.1 \u00c1lyktun landsfundar 2026<\/a><\/p><p data-block-key=\"4lbbt\"><b>Eftir fund<\/b><\/p><p data-block-key=\"16elf\">Fundarger\u00f0 Landsfundar 2026<\/p>\t\t\t\t\t\t\t\t<\/div>\n\t\t\t\t<\/div>\n\t\t\t\t\t<\/details>\n\t\t\t\t\t<\/div>\n\t\t\t\t\t\t<\/div>\n\t\t\t\t<div class=\"elementor-element elementor-element-2d02d20 elementor-widget elementor-widget-n-accordion\" data-id=\"2d02d20\" data-element_type=\"widget\" data-e-type=\"widget\" data-settings=\"{&quot;default_state&quot;:&quot;all_collapsed&quot;,&quot;max_items_expended&quot;:&quot;one&quot;,&quot;n_accordion_animation_duration&quot;:{&quot;unit&quot;:&quot;ms&quot;,&quot;size&quot;:400,&quot;sizes&quot;:[]}}\" data-widget_type=\"nested-accordion.default\">\n\t\t\t\t\t\t\t<div class=\"e-n-accordion\" aria-label=\"Accordion. Open links with Enter or Space, close with Escape, and navigate with Arrow Keys\">\n\t\t\t\t\t\t<details id=\"e-n-accordion-item-4710\" class=\"e-n-accordion-item\" >\n\t\t\t\t<summary class=\"e-n-accordion-item-title\" data-accordion-index=\"1\" tabindex=\"0\" aria-expanded=\"false\" aria-controls=\"e-n-accordion-item-4710\" >\n\t\t\t\t\t<span class='e-n-accordion-item-title-header'><div class=\"e-n-accordion-item-title-text\"> National Conference 2025 <\/div><\/span>\n\t\t\t\t\t\t\t<span class='e-n-accordion-item-title-icon'>\n\t\t\t<span class='e-opened' ><svg aria-hidden=\"true\" class=\"e-font-icon-svg e-fas-minus\" viewbox=\"0 0 448 512\" xmlns=\"http:\/\/www.w3.org\/2000\/svg\"><path d=\"M416 208H32c-17.67 0-32 14.33-32 32v32c0 17.67 14.33 32 32 32h384c17.67 0 32-14.33 32-32v-32c0-17.67-14.33-32-32-32z\"><\/path><\/svg><\/span>\n\t\t\t<span class='e-closed'><svg aria-hidden=\"true\" class=\"e-font-icon-svg e-fas-plus\" viewbox=\"0 0 448 512\" xmlns=\"http:\/\/www.w3.org\/2000\/svg\"><path d=\"M416 208H272V64c0-17.67-14.33-32-32-32h-32c-17.67 0-32 14.33-32 32v144H32c-17.67 0-32 14.33-32 32v32c0 17.67 14.33 32 32 32h144v144c0 17.67 14.33 32 32 32h32c17.67 0 32-14.33 32-32V304h144c17.67 0 32-14.33 32-32v-32c0-17.67-14.33-32-32-32z\"><\/path><\/svg><\/span>\n\t\t<\/span>\n\n\t\t\t\t\t\t<\/summary>\n\t\t\t\t<div role=\"region\" aria-labelledby=\"e-n-accordion-item-4710\" class=\"elementor-element elementor-element-5a50578 e-con-full e-flex e-con e-child\" data-id=\"5a50578\" data-element_type=\"container\" data-e-type=\"container\">\n\t\t\t\t<div class=\"elementor-element elementor-element-22a2960 elementor-widget elementor-widget-text-editor\" data-id=\"22a2960\" data-element_type=\"widget\" data-e-type=\"widget\" data-widget_type=\"text-editor.default\">\n\t\t\t\t\t\t\t\t\t<p data-block-key=\"zxf1u\">H\u00e9r koma uppl\u00fdsingar vegna landsfundar 2025<\/p><p data-block-key=\"39nih\"><b>Fundarbo\u00f0 landsfundar Sj\u00e1lfsbjargar landssambands hreyfihamla\u00f0ra (lsh) 2025. Haldinn \u00ed sal Sj\u00e1lfsbjargar \u00e1 h\u00f6fu\u00f0borgarsv\u00e6\u00f0inu, H\u00e1t\u00fani 12, 25. apr\u00edl 2025 kl.13:00 og 26. apr\u00edl 2025 kl. 10:00.<\/b><\/p><p data-block-key=\"1bc9c\"><b>Dagskr\u00e1 samkv\u00e6mt 12.gr. laga<\/b><\/p><p data-block-key=\"bki8g\"><b>Eftirfarandi g\u00f6gn eru fylgiskj\u00f6l fundarins.<\/b><\/p><p data-block-key=\"1nnhb\"><a href=\"https:\/\/sjalfsbjorg.is\/wp-content\/uploads\/2025\/10\/Copy_of_Fskj._00.00_Timalina_Landsfundur2025-1.xlsx\">00.00 T\u00edmal\u00edna Landsfundar 2025<\/a><\/p><p data-block-key=\"9scr0\"><a href=\"https:\/\/sjalfsbjorg.is\/wp-content\/uploads\/2025\/10\/Fylgiskjal_1.3_Landsfundarfulltruarbreytt254.docx\">Fskj 1.3. Landsfundarfulltr\u00faar<\/a><\/p><p data-block-key=\"9mlg2\"><a href=\"https:\/\/sjalfsbjorg.is\/wp-content\/uploads\/2025\/10\/Dagskra_landsfundar_Sjalfsbjargar_landssambands_hreyfihamladra_lsh_20252542.pdf\">Fskj 1.4. Dagskr\u00e1 Landsfundar 2025<\/a><\/p><p data-block-key=\"el0ll\"><a href=\"https:\/\/sjalfsbjorg.is\/wp-content\/uploads\/2025\/10\/Sjalfsbjorg_Arsskyrsla_2024.pdf\">Fskj. 3.1. Sk\u00fdrsla stj\u00f3rnar fyrir s\u00ed\u00f0asta almanaks\u00e1r<\/a><\/p><p data-block-key=\"e7uh\"><a href=\"https:\/\/sjalfsbjorg.is\/wp-content\/uploads\/2025\/10\/Sjalfsbjorg_lsh_-_Arsreikningur_2024_UR.pdf\">Fskj. 3.2. endursko\u00f0a\u00f0ur \u00e1rsreikningur Sj\u00e1lfsbjargar 2024<\/a><\/p><p data-block-key=\"eurft\">Fskj. 3.3a &#8211; 3.3l. Sk\u00fdrslur a\u00f0ildarf\u00e9laga<\/p><p data-block-key=\"7i95m\"><a href=\"https:\/\/sjalfsbjorg.is\/wp-content\/uploads\/2025\/10\/Fskj._3.3a_Arsskyrsla_2024_Sjalfsbjargar_Akureyri.pdf\">Fskj. 3.3a. \u00c1rssk\u00fdrsla Sj\u00e1lfsbjargar \u00e1 Akureyri<\/a><\/p><p data-block-key=\"83a3b\"><a href=\"https:\/\/sjalfsbjorg.is\/wp-content\/uploads\/2025\/10\/Fskj._3.3b_Arsskyrsla_2024_Bolungarvik_-_skyrsla_formanns.pdf\">Fskj. 3.3b. \u00c1rssk\u00fdrsla Sj\u00e1lfsbjargar \u00ed Bolungarv\u00edk<\/a><\/p><p data-block-key=\"frgi9\"><a href=\"https:\/\/sjalfsbjorg.is\/wp-content\/uploads\/2025\/10\/Fskj._3.3c_Arsskyrsla_2024_Sjalfsbjorg_i_Fjallabyggd.pdf\">Fskj. 3.3c. \u00c1rssk\u00fdrsla Sj\u00e1lfsbjargar \u00ed Fjallabygg\u00f0<\/a><\/p><p data-block-key=\"7h3as\"><a href=\"https:\/\/sjalfsbjorg.is\/wp-content\/uploads\/2025\/10\/Fskj._3.3d_Arsskyrsla_2024_Sjalfsbjorg_hofudborgarsvaedi.pdf\">Fskj. 3.3d. \u00c1rssk\u00fdrsla Sj\u00e1lfsbjargar \u00e1 h\u00f6fu\u00f0borgarsv\u00e6\u00f0inu<\/a><br \/><a href=\"https:\/\/sjalfsbjorg.is\/wp-content\/uploads\/2025\/10\/Fskj._3.3e_Arsskyrsla_2024_Mid-Austurland.pdf\">Fskj. 3.3e. \u00c1rssk\u00fdrsla Sj\u00e1lfsbjargar \u00e1 Mi\u00f0-Austurlandi<\/a><\/p><p data-block-key=\"c1i83\"><a href=\"https:\/\/sjalfsbjorg.is\/wp-content\/uploads\/2025\/10\/Fskj._3.3f_Arsskyrsla_2024_Skagafjordur.pdf\">Fskj. 3.3f. \u00c1rssk\u00fdrsla Sj\u00e1lfsbjargar \u00ed Skagafir\u00f0i<\/a><br \/><a href=\"https:\/\/sjalfsbjorg.is\/wp-content\/uploads\/2025\/10\/Fskj._3.3g_Arsskyrsla_2024_Sudurnes.pdf\">Fskj. 3.3g. \u00c1rssk\u00fdrsla Sj\u00e1lfsbjargar \u00e1 Su\u00f0urnesjum<\/a><\/p><p data-block-key=\"e02f7\"><a href=\"https:\/\/sjalfsbjorg.is\/wp-content\/uploads\/2025\/10\/Fskj._3.3h_Arsreikningur_Sjalfsbjargar_i_Bolungarvik_2024_-_undirritadur.pdf\">Fskj. 3.3h. \u00c1rsreikningur Sj\u00e1lfsbjargar \u00ed Bolungarv\u00edk<\/a><br \/><a href=\"https:\/\/sjalfsbjorg.is\/wp-content\/uploads\/2025\/10\/Fskj._3.3i_Arsreikningur_Fjallabyggd2024.pdf\">Fskj. 3.3i. \u00c1rsreikningur Sj\u00e1lfsbjargar \u00ed Fjallabygg\u00f0<\/a><\/p><p data-block-key=\"fscse\"><a href=\"https:\/\/sjalfsbjorg.is\/wp-content\/uploads\/2025\/10\/Fskj._3.3j_Arsreikningur_Husavik_og_THingeyjarsysla.pdf\">Fskj. 3.3j. \u00c1rsreikningur Sj\u00e1lfsbjargar \u00e1 H\u00fasav\u00edk og \u00deingeyjars\u00fdslu<\/a><br \/><a href=\"https:\/\/sjalfsbjorg.is\/wp-content\/uploads\/2025\/10\/Fskj._3.3k_Arsreikingur2024_Sjalfsbjorg_hofudborgarsvaedi.pdf\">Fskj. 3.3k. \u00c1rsreikningur Sj\u00e1lfsbjargar \u00e1 H\u00f6fu\u00f0borgarsv\u00e6\u00f0inu<\/a><\/p><p data-block-key=\"fujqu\"><a href=\"https:\/\/sjalfsbjorg.is\/wp-content\/uploads\/2025\/10\/Fskj._3.3l_Arsreikningur_-_sjalfsbjorg_Skagafjordur.ods\">Fskj. 3.3l. \u00c1rsreikningur Sj\u00e1lfsbjargar \u00ed Skagafir\u00f0i<\/a><\/p><p data-block-key=\"d3715\"><a href=\"https:\/\/sjalfsbjorg.is\/wp-content\/uploads\/2025\/10\/Stefna_Sjalfsbjargar_2025.pdf\">Fskj. 4.a. Stefna Sj\u00e1lfsbjargar 2025<\/a><\/p><p data-block-key=\"bpqi1\"><a href=\"https:\/\/sjalfsbjorg.is\/wp-content\/uploads\/2025\/10\/Greinagerd_med_Stefnu_Sjalfsbjargar_2025.pdf\">Fskj. 4.b. Greinager\u00f0 me\u00f0 stefnu Sj\u00e1lfsbjargar 2025<\/a><\/p><p data-block-key=\"bkk0f\"><a href=\"https:\/\/sjalfsbjorg.is\/wp-content\/uploads\/2025\/10\/Arsskyrsla_Kjarks_endurhaefingar_2024_loka.pdf\">Fskj. 5 \u00c1rssk\u00fdrsla og \u00e1rsreikningur Kjarks endurh\u00e6fingar 2024<\/a><\/p><p data-block-key=\"330gk\">Fskj. 6 Fj\u00e1rhags\u00e1\u00e6tlun fyrir yfirstandandi \u00e1r og n\u00e6sta \u00e1r<\/p><p data-block-key=\"b56gc\"><a href=\"https:\/\/sjalfsbjorg.is\/wp-content\/uploads\/2025\/10\/Fylgiskjal_07.00_Tillaga_til_landsfundur_um_argjald_2026skjal2.docx\">Fskj. 7 \u00c1kv\u00f6r\u00f0un um \u00e1rgjald.<\/a><\/p><p data-block-key=\"8r0dc\"><a href=\"https:\/\/sjalfsbjorg.is\/wp-content\/uploads\/2025\/10\/Alyktun_2025.pdf\">Fskj. 8.a \u00c1lyktun landsfundar 2025<\/a><\/p><p data-block-key=\"b01rn\"><a href=\"https:\/\/sjalfsbjorg.is\/wp-content\/uploads\/2025\/10\/Lagabr_tillaga_Landsfundur_2025tenglartilbuid2april22.pdf\">Fskj 9a. Tillaga laganefndar a\u00f0 breyttum l\u00f6gum (n\u00fdjum heildarl\u00f6gum).<\/a><\/p><p data-block-key=\"8mg04\"><a href=\"https:\/\/sjalfsbjorg.is\/wp-content\/uploads\/2025\/10\/Grg_m_tillogu_laganefndar_landsfund_2025.pdf\">Fskj. 9.a.a. Greinarger\u00f0 laganefndar me\u00f0 till\u00f6gu a\u00f0 breyttum l\u00f6gum (n\u00fdjum heildarl\u00f6gum)<\/a><\/p><p data-block-key=\"bi7v1\"><a href=\"https:\/\/sjalfsbjorg.is\/wp-content\/uploads\/2025\/10\/Fylgiskjal_9.b_Lagabreytingartillogur_vid_nyjar_lagagreinatillogur_42.2_og_42.3.pdf\">Fskj 9b. Lagabreytingatill\u00f6gur vi\u00f0 n\u00fdjar lagagreinatill\u00f6gur 42.2 og 42.3<\/a><\/p><p data-block-key=\"8mkgq\"><a href=\"https:\/\/sjalfsbjorg.is\/wp-content\/uploads\/2025\/10\/Frambodslisti2025_fra_Kjornefnd2.pdf\">Fskj. 10a. Kj\u00f6rnefndarlisti fyrir Landsfund 2025<\/a><\/p><p data-block-key=\"dk0oj\"><a href=\"https:\/\/sjalfsbjorg.is\/wp-content\/uploads\/2025\/10\/Frambod_Varaformadur_Sjalfsbjargar-kynning_JHJ_1.pdf\">Fskj. 10b. Kynning \u00e1 frambo\u00f0i til varaformanns &#8211; J\u00f3n Hei\u00f0ar J\u00f3nsson<\/a><br \/><a href=\"https:\/\/sjalfsbjorg.is\/wp-content\/uploads\/2025\/10\/Kynning_Helga_Magnusdottir.pdf\">Fskj. 10c. Kynning \u00e1 frambo\u00f0i til ritara &#8211; Helga Magn\u00fasd\u00f3ttir<\/a><\/p><p data-block-key=\"4lbbt\"><a href=\"https:\/\/sjalfsbjorg.is\/wp-content\/uploads\/2025\/10\/Kynning_Maria_Jonsdottir.pdf\">Fskj. 10d. Kynning \u00e1 frambo\u00f0i til varamanns &#8211; Mar\u00eda J\u00f3nsd\u00f3ttir<\/a><\/p><p data-block-key=\"597bk\"><b>Eftir fund<\/b><\/p><p data-block-key=\"16elf\"><a href=\"https:\/\/sjalfsbjorg.is\/wp-content\/uploads\/2025\/10\/Fundargerd_landsfundar_Sjalfsbjargar_lsh._2025_yfirfarin.docx\">Fundarger\u00f0 Landsfundar 2025<\/a><\/p>\t\t\t\t\t\t\t\t<\/div>\n\t\t\t\t<\/div>\n\t\t\t\t\t<\/details>\n\t\t\t\t\t<\/div>\n\t\t\t\t\t\t<\/div>\n\t\t\t\t<div class=\"elementor-element elementor-element-7074827 elementor-widget elementor-widget-n-accordion\" data-id=\"7074827\" data-element_type=\"widget\" data-e-type=\"widget\" data-settings=\"{&quot;default_state&quot;:&quot;all_collapsed&quot;,&quot;max_items_expended&quot;:&quot;one&quot;,&quot;n_accordion_animation_duration&quot;:{&quot;unit&quot;:&quot;ms&quot;,&quot;size&quot;:400,&quot;sizes&quot;:[]}}\" data-widget_type=\"nested-accordion.default\">\n\t\t\t\t\t\t\t<div class=\"e-n-accordion\" aria-label=\"Accordion. Open links with Enter or Space, close with Escape, and navigate with Arrow Keys\">\n\t\t\t\t\t\t<details id=\"e-n-accordion-item-1170\" class=\"e-n-accordion-item\" >\n\t\t\t\t<summary class=\"e-n-accordion-item-title\" data-accordion-index=\"1\" tabindex=\"0\" aria-expanded=\"false\" aria-controls=\"e-n-accordion-item-1170\" >\n\t\t\t\t\t<span class='e-n-accordion-item-title-header'><div class=\"e-n-accordion-item-title-text\"> Landsfundur 2024 <\/div><\/span>\n\t\t\t\t\t\t\t<span class='e-n-accordion-item-title-icon'>\n\t\t\t<span class='e-opened' ><svg aria-hidden=\"true\" class=\"e-font-icon-svg e-fas-minus\" viewbox=\"0 0 448 512\" xmlns=\"http:\/\/www.w3.org\/2000\/svg\"><path d=\"M416 208H32c-17.67 0-32 14.33-32 32v32c0 17.67 14.33 32 32 32h384c17.67 0 32-14.33 32-32v-32c0-17.67-14.33-32-32-32z\"><\/path><\/svg><\/span>\n\t\t\t<span class='e-closed'><svg aria-hidden=\"true\" class=\"e-font-icon-svg e-fas-plus\" viewbox=\"0 0 448 512\" xmlns=\"http:\/\/www.w3.org\/2000\/svg\"><path d=\"M416 208H272V64c0-17.67-14.33-32-32-32h-32c-17.67 0-32 14.33-32 32v144H32c-17.67 0-32 14.33-32 32v32c0 17.67 14.33 32 32 32h144v144c0 17.67 14.33 32 32 32h32c17.67 0 32-14.33 32-32V304h144c17.67 0 32-14.33 32-32v-32c0-17.67-14.33-32-32-32z\"><\/path><\/svg><\/span>\n\t\t<\/span>\n\n\t\t\t\t\t\t<\/summary>\n\t\t\t\t<div role=\"region\" aria-labelledby=\"e-n-accordion-item-1170\" class=\"elementor-element elementor-element-ff4c8a2 e-con-full e-flex e-con e-child\" data-id=\"ff4c8a2\" data-element_type=\"container\" data-e-type=\"container\">\n\t\t\t\t<div class=\"elementor-element elementor-element-8b3dfe0 elementor-widget elementor-widget-text-editor\" data-id=\"8b3dfe0\" data-element_type=\"widget\" data-e-type=\"widget\" data-widget_type=\"text-editor.default\">\n\t\t\t\t\t\t\t\t\t<h4 data-block-key=\"20krz\"><b>Dagskr\u00e1 landsfundar Sj\u00e1lfsbjargar landssambands hreyfihamla\u00f0ra (lsh) 2024. Haldinn \u00ed n\u00fdbyggingu austan megin \u00ed H\u00e1t\u00fani 12.<\/b><\/h4><h4 data-block-key=\"dhrmp\">Setning landsfundar \u00e1 f\u00f6studeginum 26. apr\u00edl 2024 kl. 13:00. \u00c1\u00e6tlu\u00f0 lok landsfundar kl. 16:00 laugardaginn 27. apr\u00edl 2024.<\/h4><ol><li data-block-key=\"5734i\">Setning landsfundar kl. 13:00<ol><li data-block-key=\"9olq4\">\u00c1varp formanns.<\/li><li data-block-key=\"ad8fk\">Skipan fundarstj\u00f3ra og fundarritara.<\/li><li data-block-key=\"acqtn\">Kj\u00f6rbr\u00e9f kynnt.<\/li><li data-block-key=\"cfrq3\">Fundarger\u00f0 s\u00ed\u00f0asta landsfundar l\u00f6g\u00f0 fram til sam\u00feykktar<\/li><li data-block-key=\"bi7n7\">Dagskr\u00e1 l\u00f6g\u00f0 fram til sam\u00feykktar.<\/li><\/ol><\/li><li data-block-key=\"63o5u\">Inntaka n\u00fdrra a\u00f0ildarf\u00e9laga<p>Kaffihl\u00e9<\/p><\/li><li data-block-key=\"91eau\">Sk\u00fdrslur og \u00e1rsreikningar<ol><li data-block-key=\"daepk\">Sk\u00fdrsla stj\u00f3rnar fyrir s\u00ed\u00f0asta almanaks\u00e1r kynnt og r\u00e6dd \u2013 g\u00f6gn l\u00f6g\u00f0 fram og fjalla\u00f0 um stuttlega<\/li><li data-block-key=\"1g372\">Endursko\u00f0a\u00f0ur \u00e1rsreikningur Sj\u00e1lfsbjargar fyrir s\u00ed\u00f0asta \u00e1r kynntur, r\u00e6ddur og afgreiddur.<\/li><li data-block-key=\"6qf3h\">Sk\u00fdrslur a\u00f0ildarf\u00e9laga<\/li><\/ol><\/li><li data-block-key=\"70ui\">\u00c1rssk\u00fdrsla Kjarks endurh\u00e6fingar fyrir \u00e1ri\u00f0 2023 l\u00f6g\u00f0 fram til kynningar<\/li><\/ol><p data-block-key=\"dpr93\">Formannafundur ver\u00f0ur eftir a\u00f0 dagsskr\u00e1 fyrri dags kl\u00e1rast.<\/p><p data-block-key=\"f6dlf\"><b>Laugardagur 27. apr\u00edl 2024<\/b><br \/>Dagskr\u00e1 hefst kl 10:00<\/p><ol><li data-block-key=\"21vcm\">Fj\u00e1rhags\u00e1\u00e6tlun fyrir yfirstandandi \u00e1r og n\u00e6sta \u00e1r kynnt, r\u00e6dd og afgreidd.<\/li><li data-block-key=\"9bt1m\">\u00c1kv\u00f6r\u00f0un um \u00e1rgjald.<\/li><li data-block-key=\"e1j5f\">\u00c1lyktanir, stefnum\u00e1l og bar\u00e1ttum\u00e1l kynnt, r\u00e6dd og afgreidd.<p>H\u00e1degismatur<\/p><\/li><li data-block-key=\"10dt3\">Lagabreytingar kynntar, r\u00e6ddar og afgreiddar.<ol><li data-block-key=\"ka13\">Till\u00f6gur a\u00f0 lagabreytingum fr\u00e1 laganefnd<\/li><\/ol><\/li><li data-block-key=\"22mvi\">Kosningar.<\/li><li data-block-key=\"6lagu\">\u00d6nnur m\u00e1l.<\/li><li data-block-key=\"iuta\">Slit landsfundar.<\/li><\/ol><p data-block-key=\"dbkg1\"><b>Betra a\u00f0gengi \u2013 \u00f6llum \u00ed hag !<\/b><\/p><p data-block-key=\"4dkda\"><b>G\u00f6gn fyrir landsfund 2024<\/b><\/p><p data-block-key=\"ajgjs\"><a href=\"https:\/\/sjalfsbjorg.is\/wp-content\/uploads\/2025\/10\/Kjornefndarlisti_fyrir_landsfund_2024.xlsx\">Kj\u00f6rnefndarlisti fyrir landsfund 2024<\/a><\/p><p data-block-key=\"2mr6c\"><a href=\"https:\/\/sjalfsbjorg.is\/wp-content\/uploads\/2025\/10\/Lagabreytingatillogur_2024.docx\">Lagabreytingatil\u00f6gur 2024<\/a><\/p><p data-block-key=\"q6d\"><a href=\"https:\/\/sjalfsbjorg.is\/wp-content\/uploads\/2025\/10\/Arsskyrsla_Kjarkur_endurhaefing_2023_loka.pdf\">\u00c1rssk\u00fdrsla Kjarks endurh\u00e6fingar 2023<\/a><\/p><p data-block-key=\"3pqng\"><a href=\"https:\/\/sjalfsbjorg.is\/wp-content\/uploads\/2025\/10\/Alyktun_landsfundar_Sjalfsbjargar_lsh.docx\">\u00c1lyktun Landsfundar 2024<\/a><\/p><p data-block-key=\"87mct\"><a href=\"https:\/\/sjalfsbjorg.is\/wp-content\/uploads\/2025\/10\/Arsskyrsla_2023.pdf\">\u00c1rsk\u00fdrsla Sj\u00e1lfsbjargar lsh 2023<\/a><\/p><p data-block-key=\"275r8\"><a href=\"https:\/\/sjalfsbjorg.is\/wp-content\/uploads\/2025\/10\/Fundargerd_landsfundar_og_framhalds_landsfundar_2023.pdf\">Fundarger\u00f0 landsfundar og framhalds landsfundar 2023<\/a><\/p><p data-block-key=\"ahlre\"><a href=\"https:\/\/sjalfsbjorg.is\/wp-content\/uploads\/2025\/10\/Sjalfsbjorg_lsh_-_Arsreikningur_2023_0306.pdf\">\u00c1rsreikningur Sj\u00e1lfsbjargar lsh 2023 &#8211; settur n\u00fdr inn 3.6.2024<\/a><\/p><p data-block-key=\"99kt\"><a href=\"https:\/\/sjalfsbjorg.is\/wp-content\/uploads\/2025\/10\/Alyktun_um_hjalpartaeki.pdf\">\u00c1lyktun Landsfundar 2024 um hj\u00e1lpart\u00e6kjal\u00f6ggj\u00f6fina<\/a><\/p><p data-block-key=\"7n15n\"><a href=\"https:\/\/sjalfsbjorg.is\/wp-content\/uploads\/2025\/10\/Fundargerd_Landsfundur_Sjalfsbjorg_202426feb20252.pdf\">Fundarger\u00f0 Landsfundur Sj\u00e1lfsbj\u00f6rg_2024<\/a><\/p>\t\t\t\t\t\t\t\t<\/div>\n\t\t\t\t<\/div>\n\t\t\t\t\t<\/details>\n\t\t\t\t\t<\/div>\n\t\t\t\t\t\t<\/div>\n\t\t\t\t<div class=\"elementor-element elementor-element-767a200 elementor-widget elementor-widget-n-accordion\" data-id=\"767a200\" data-element_type=\"widget\" data-e-type=\"widget\" data-settings=\"{&quot;default_state&quot;:&quot;all_collapsed&quot;,&quot;max_items_expended&quot;:&quot;one&quot;,&quot;n_accordion_animation_duration&quot;:{&quot;unit&quot;:&quot;ms&quot;,&quot;size&quot;:400,&quot;sizes&quot;:[]}}\" data-widget_type=\"nested-accordion.default\">\n\t\t\t\t\t\t\t<div class=\"e-n-accordion\" aria-label=\"Accordion. Open links with Enter or Space, close with Escape, and navigate with Arrow Keys\">\n\t\t\t\t\t\t<details id=\"e-n-accordion-item-1240\" class=\"e-n-accordion-item\" >\n\t\t\t\t<summary class=\"e-n-accordion-item-title\" data-accordion-index=\"1\" tabindex=\"0\" aria-expanded=\"false\" aria-controls=\"e-n-accordion-item-1240\" >\n\t\t\t\t\t<span class='e-n-accordion-item-title-header'><div class=\"e-n-accordion-item-title-text\"> Landsfundur 2023 <\/div><\/span>\n\t\t\t\t\t\t\t<span class='e-n-accordion-item-title-icon'>\n\t\t\t<span class='e-opened' ><svg aria-hidden=\"true\" class=\"e-font-icon-svg e-fas-minus\" viewbox=\"0 0 448 512\" xmlns=\"http:\/\/www.w3.org\/2000\/svg\"><path d=\"M416 208H32c-17.67 0-32 14.33-32 32v32c0 17.67 14.33 32 32 32h384c17.67 0 32-14.33 32-32v-32c0-17.67-14.33-32-32-32z\"><\/path><\/svg><\/span>\n\t\t\t<span class='e-closed'><svg aria-hidden=\"true\" class=\"e-font-icon-svg e-fas-plus\" viewbox=\"0 0 448 512\" xmlns=\"http:\/\/www.w3.org\/2000\/svg\"><path d=\"M416 208H272V64c0-17.67-14.33-32-32-32h-32c-17.67 0-32 14.33-32 32v144H32c-17.67 0-32 14.33-32 32v32c0 17.67 14.33 32 32 32h144v144c0 17.67 14.33 32 32 32h32c17.67 0 32-14.33 32-32V304h144c17.67 0 32-14.33 32-32v-32c0-17.67-14.33-32-32-32z\"><\/path><\/svg><\/span>\n\t\t<\/span>\n\n\t\t\t\t\t\t<\/summary>\n\t\t\t\t<div role=\"region\" aria-labelledby=\"e-n-accordion-item-1240\" class=\"elementor-element elementor-element-0b1717e e-con-full e-flex e-con e-child\" data-id=\"0b1717e\" data-element_type=\"container\" data-e-type=\"container\">\n\t\t\t\t<div class=\"elementor-element elementor-element-814e65f elementor-widget elementor-widget-text-editor\" data-id=\"814e65f\" data-element_type=\"widget\" data-e-type=\"widget\" data-widget_type=\"text-editor.default\">\n\t\t\t\t\t\t\t\t\t<h4 data-block-key=\"6oydg\"><b>Dagskr\u00e1 landsfundar Sj\u00e1lfsbjargar landssambands hreyfihamla\u00f0ra (lsh) 2023<\/b><\/h4><h4 data-block-key=\"f8kod\">Setning landsfundar \u00e1 laugardeginum 23. september 2023 kl. 10:00. \u00c1\u00e6tlu\u00f0 lok landsfundar eigi s\u00ed\u00f0ar en 14:00. Fundur haldinn rafr\u00e6nn.<\/h4><ol><li data-block-key=\"2ooe4\">Setning landsfundar kl. 10:00<ol><li data-block-key=\"51ou2\">\u00c1varp formanns.<\/li><li data-block-key=\"1uede\">Skipan fundarstj\u00f3ra og fundarritara.<\/li><li data-block-key=\"6ud5g\">Kj\u00f6rbr\u00e9f kynnt.<\/li><li data-block-key=\"9ofhr\">Fundarger\u00f0 s\u00ed\u00f0asta landsfundar l\u00f6g\u00f0 fram til sam\u00feykktar<\/li><li data-block-key=\"7v8it\">Dagskr\u00e1 l\u00f6g\u00f0 fram til sam\u00feykktar.<\/li><\/ol><\/li><li data-block-key=\"90qpa\">Inntaka n\u00fdrra a\u00f0ildarf\u00e9laga<\/li><li data-block-key=\"cm0cd\">Sk\u00fdrslur og \u00e1rsreikningar<ol><li data-block-key=\"alo71\">Sk\u00fdrsla stj\u00f3rnar fyrir s\u00ed\u00f0asta almanaks\u00e1r kynnt og r\u00e6dd \u2013 g\u00f6gn l\u00f6g\u00f0 fram og fjalla\u00f0 um stuttlega<\/li><li data-block-key=\"c6uu3\">Endursko\u00f0a\u00f0ur \u00e1rsreikningur Sj\u00e1lfsbjargar fyrir s\u00ed\u00f0asta \u00e1r kynntur, r\u00e6ddur og afgreiddur.<\/li><li data-block-key=\"d53o3\">Sk\u00fdrslur a\u00f0ildarf\u00e9laga<\/li><\/ol><\/li><li data-block-key=\"6koo4\">\u00c1rssk\u00fdrsla Sj\u00e1lfsbjargarheimilisins fyrir \u00e1ri\u00f0 2022 l\u00f6g\u00f0 fram til kynningar<\/li><li data-block-key=\"dcjsi\">Fj\u00e1rhags\u00e1\u00e6tlun fyrir yfirstandandi \u00e1r og n\u00e6sta \u00e1r kynnt, r\u00e6dd og afgreidd.<\/li><li data-block-key=\"2ted2\">H\u00e1degismatur<\/li><li data-block-key=\"28o9t\">\u00c1kv\u00f6r\u00f0un um \u00e1rgjald.<\/li><li data-block-key=\"624rh\">\u00c1lyktanir, stefnum\u00e1l og bar\u00e1ttum\u00e1l kynnt, r\u00e6dd og afgreidd.<\/li><li data-block-key=\"8hk1v\">Lagabreytingar kynntar, r\u00e6ddar og afgreiddar.<ol><li data-block-key=\"82pik\">Till\u00f6gur a\u00f0 lagabreytingum fr\u00e1 laganefnd<\/li><\/ol><\/li><li data-block-key=\"d1e3c\">Kosningar.<\/li><li data-block-key=\"13utj\">\u00d6nnur m\u00e1l.<\/li><li data-block-key=\"7oqq5\">Slit landsfundar.<\/li><\/ol><p data-block-key=\"5urqe\"><b>Betra a\u00f0gengi \u2013 \u00f6llum \u00ed hag !<\/b><\/p><p data-block-key=\"a6qkq\"><b>G\u00f6gn:<\/b><\/p><p data-block-key=\"6pvr6\"><a href=\"https:\/\/sjalfsbjorg.is\/wp-content\/uploads\/2025\/10\/Sjalfsbjargorg_arsskyrsla_2022.pdf\">\u00c1rssk\u00fdrsla Sj\u00e1lfsbjargar landssambands hreyfihamla\u00f0ra 2022<\/a><\/p><p data-block-key=\"ff508\"><a href=\"https:\/\/sjalfsbjorg.is\/wp-content\/uploads\/2025\/10\/Arsskyrsla_Sjalfsbjargarheimilisins_2022_vefur.pdf\">\u00c1rssk\u00fdrsla Sj\u00e1lfsbjargarheimilisins 2022<\/a><\/p><p data-block-key=\"e855r\"><a href=\"https:\/\/sjalfsbjorg.is\/wp-content\/uploads\/2025\/10\/Lagabreytingartillaga_GS_mars_2023.pdf\">Breytingartillaga \u00e1 lagagrein 13<\/a><\/p><p data-block-key=\"5r1uj\"><a href=\"https:\/\/sjalfsbjorg.is\/wp-content\/uploads\/2025\/10\/Lagabreytingatillogur_laganenfnd_mars_2023.pdf\">Breytingartillaga \u00e1 lagagrein 13, 14 og 16<\/a><\/p><p data-block-key=\"6ri4u\"><a href=\"https:\/\/sjalfsbjorg.is\/wp-content\/uploads\/2025\/10\/Frambod_fyrir_Landsfund_2023.docx\">Frambo\u00f0 2023<\/a><\/p><p data-block-key=\"7b07b\"><a href=\"https:\/\/sjalfsbjorg.is\/wp-content\/uploads\/2025\/10\/Frambod_fyrir_Landsfund_2023-1.docx\">Kj\u00f6rnefndarlisti fyrir landsfund 2023<\/a><\/p><p data-block-key=\"cb4np\"><a href=\"https:\/\/sjalfsbjorg.is\/en\/starfsemin\/landsfundir\/skyrslur-adildarfelaga-2023\/\">Sk\u00fdrslur a\u00f0ildarf\u00e9laga<\/a><\/p><p data-block-key=\"8goh1\"><a href=\"https:\/\/sjalfsbjorg.is\/wp-content\/uploads\/2025\/10\/Fundargerd_Landsfundar_Sjalfsbjargar__23.09.2023_21.11.2024.pdf\">Fundarger\u00f0 Landsfundar 2023<\/a><\/p><p data-block-key=\"akpnh\"><a href=\"https:\/\/sjalfsbjorg.is\/wp-content\/uploads\/2025\/10\/Alyktun_Landsfundar_Sjalfsbjargar_Landssambands_Hreyfihamladra_um_hjalpartaekjamalhrey.docx\">\u00c1lyktun Landsfundar 2023 um hj\u00e1lpart\u00e6kjam\u00e1l<\/a><\/p><p data-block-key=\"2t7fv\"><a href=\"https:\/\/sjalfsbjorg.is\/wp-content\/uploads\/2025\/10\/Alyktun_landsfundar_Sjalfsbjargar_Landssambands_Hreyfihamladra_um_bilastaedi_hreyfiham.docx\">\u00c1lyktun Landsfundar 2023 um b\u00edlast\u00e6\u00f0i hreyfihamla\u00f0<\/a><\/p>\t\t\t\t\t\t\t\t<\/div>\n\t\t\t\t<\/div>\n\t\t\t\t\t<\/details>\n\t\t\t\t\t<\/div>\n\t\t\t\t\t\t<\/div>\n\t\t\t\t<div class=\"elementor-element elementor-element-a11fe65 elementor-widget elementor-widget-n-accordion\" data-id=\"a11fe65\" data-element_type=\"widget\" data-e-type=\"widget\" data-settings=\"{&quot;default_state&quot;:&quot;all_collapsed&quot;,&quot;max_items_expended&quot;:&quot;one&quot;,&quot;n_accordion_animation_duration&quot;:{&quot;unit&quot;:&quot;ms&quot;,&quot;size&quot;:400,&quot;sizes&quot;:[]}}\" data-widget_type=\"nested-accordion.default\">\n\t\t\t\t\t\t\t<div class=\"e-n-accordion\" aria-label=\"Accordion. Open links with Enter or Space, close with Escape, and navigate with Arrow Keys\">\n\t\t\t\t\t\t<details id=\"e-n-accordion-item-1680\" class=\"e-n-accordion-item\" >\n\t\t\t\t<summary class=\"e-n-accordion-item-title\" data-accordion-index=\"1\" tabindex=\"0\" aria-expanded=\"false\" aria-controls=\"e-n-accordion-item-1680\" >\n\t\t\t\t\t<span class='e-n-accordion-item-title-header'><div class=\"e-n-accordion-item-title-text\"> Landsfundur 2022 <\/div><\/span>\n\t\t\t\t\t\t\t<span class='e-n-accordion-item-title-icon'>\n\t\t\t<span class='e-opened' ><svg aria-hidden=\"true\" class=\"e-font-icon-svg e-fas-minus\" viewbox=\"0 0 448 512\" xmlns=\"http:\/\/www.w3.org\/2000\/svg\"><path d=\"M416 208H32c-17.67 0-32 14.33-32 32v32c0 17.67 14.33 32 32 32h384c17.67 0 32-14.33 32-32v-32c0-17.67-14.33-32-32-32z\"><\/path><\/svg><\/span>\n\t\t\t<span class='e-closed'><svg aria-hidden=\"true\" class=\"e-font-icon-svg e-fas-plus\" viewbox=\"0 0 448 512\" xmlns=\"http:\/\/www.w3.org\/2000\/svg\"><path d=\"M416 208H272V64c0-17.67-14.33-32-32-32h-32c-17.67 0-32 14.33-32 32v144H32c-17.67 0-32 14.33-32 32v32c0 17.67 14.33 32 32 32h144v144c0 17.67 14.33 32 32 32h32c17.67 0 32-14.33 32-32V304h144c17.67 0 32-14.33 32-32v-32c0-17.67-14.33-32-32-32z\"><\/path><\/svg><\/span>\n\t\t<\/span>\n\n\t\t\t\t\t\t<\/summary>\n\t\t\t\t<div role=\"region\" aria-labelledby=\"e-n-accordion-item-1680\" class=\"elementor-element elementor-element-afb8791 e-con-full e-flex e-con e-child\" data-id=\"afb8791\" data-element_type=\"container\" data-e-type=\"container\">\n\t\t\t\t<div class=\"elementor-element elementor-element-57f0e0b elementor-widget elementor-widget-text-editor\" data-id=\"57f0e0b\" data-element_type=\"widget\" data-e-type=\"widget\" data-widget_type=\"text-editor.default\">\n\t\t\t\t\t\t\t\t\t<p data-block-key=\"2m5wx\">Landsfundur Sj\u00e1lfsbjargar landssambands hreyfihamla\u00f0ra ver\u00f0ur haldinn \u00e1 Grand h\u00f3tel \u00feann 30. apr\u00edl 2022.<\/p><p data-block-key=\"1pnpt\">Setning landsfundar kl.\u00a0<b>09:30<\/b>. \u00c1\u00e6tlu\u00f0 lok Landsfundar eigi s\u00ed\u00f0ar en\u00a0<b>17:00<\/b>.<\/p><ol><li data-block-key=\"zvv5g\"><ol><li data-block-key=\"yylpl\">\u00c1varp formanns.<\/li><li data-block-key=\"unr4l\">Skipan fundarstj\u00f3ra og fundarritara.<\/li><li data-block-key=\"o1dhc\">Kj\u00f6rbr\u00e9f kynnt.<\/li><li data-block-key=\"ytp54\">Fundarger\u00f0 s\u00ed\u00f0asta landsfundar l\u00f6g\u00f0 fram til sam\u00feykktar<\/li><li data-block-key=\"2qp3o\">Dagskr\u00e1 l\u00f6g\u00f0 fram til sam\u00feykktar.<\/li><\/ol><\/li><li data-block-key=\"yqsx4\">Inntaka n\u00fdrra a\u00f0ildarf\u00e9laga<\/li><li data-block-key=\"gzaqv\">Inntaka n\u00fdrra f\u00e9lagsmanna me\u00f0 einstaklingsa\u00f0ild (lag\u00f0ur fram nafnalisti)<\/li><li data-block-key=\"0l5lo\">Sk\u00fdrslur og \u00e1rsreikningar<ol><li data-block-key=\"qpeih\">Sk\u00fdrsla stj\u00f3rnar fyrir s\u00ed\u00f0asta almanaks\u00e1r kynnt og r\u00e6dd \u2013 g\u00f6gn l\u00f6g\u00f0 fram og fjalla\u00f0 um stuttlega<\/li><li data-block-key=\"i42ap\">Endursko\u00f0a\u00f0ur \u00e1rsreikningur Sj\u00e1lfsbjargar fyrir s\u00ed\u00f0asta \u00e1r kynntur, r\u00e6ddur og afgreiddur.<\/li><li data-block-key=\"h3d42\">Sk\u00fdrslur a\u00f0ildarf\u00e9laga<\/li><\/ol><\/li><li data-block-key=\"od1fm\">\u00c1rssk\u00fdrsla Sj\u00e1lfsbjargarheimilisins fyrir \u00e1ri\u00f0 2021 l\u00f6g\u00f0 fram til kynningar<\/li><li data-block-key=\"so2em\">Fj\u00e1rhags\u00e1\u00e6tlun fyrir yfirstandandi \u00e1r og n\u00e6sta \u00e1r kynnt, r\u00e6dd og afgreidd.<\/li><li data-block-key=\"ictrh\">\u00c1kv\u00f6r\u00f0un um \u00e1rgjald.<\/li><li data-block-key=\"ocknl\">\u00c1lyktanir, stefnum\u00e1l og bar\u00e1ttum\u00e1l kynnt, r\u00e6dd og afgreidd.<\/li><li data-block-key=\"s2io9\">Lagabreytingar kynntar, r\u00e6ddar og afgreiddar.<ol><li data-block-key=\"8ewk9\">L\u00f6g\u00f0 ver\u00f0ur fram greinarger\u00f0 um stj\u00f3rnskipan og a\u00f0greining LSH og SBH<\/li><li data-block-key=\"69t2s\">Till\u00f6gur a\u00f0 lagabreytingum fr\u00e1 laganefnd<\/li><\/ol><\/li><li data-block-key=\"3ewnh\">Kosningar.<\/li><li data-block-key=\"sujad\">\u00d6nnur m\u00e1l.<\/li><li data-block-key=\"h7t9u\">Slit landsfundar.<\/li><\/ol><p data-block-key=\"fbjbn\"><b>Betra<\/b>\u00a0<b>a\u00f0gengi \u2013 \u00f6llum \u00ed hag<\/b><\/p><p data-block-key=\"lmjm1\">G\u00f6gn:<\/p><p data-block-key=\"oau81\"><a href=\"https:\/\/sjalfsbjorg.is\/wp-content\/uploads\/2025\/10\/Alyktanir_loka_2022.pdf\">Conclusions<\/a><\/p><p data-block-key=\"zv93p\"><a href=\"https:\/\/sjalfsbjorg.is\/wp-content\/uploads\/2025\/10\/Arsskyrsla_SBH_2021_LOKA.pdf\">\u00c1rssk\u00fdrsla Sj\u00e1lfsbjargarheimilisins 202<\/a>1<\/p><p data-block-key=\"u4t81\"><a href=\"https:\/\/sjalfsbjorg.is\/wp-content\/uploads\/2025\/10\/Sjalfsbjargorg_arsskyrsla_2021_web.pdf\">\u00c1rssk\u00fdrsla Sj\u00e1lfsbjargar landssambands hreyfihamla\u00f0ra 2021<\/a><\/p><p data-block-key=\"pno1m\"><a href=\"https:\/\/sjalfsbjorg.is\/wp-content\/uploads\/2025\/10\/Breytingartillaga_a_lagagrein_9_-_landsfundur_slh.pdf\">Breytingartillaga \u00e1 lagagrein 9<\/a><\/p><p data-block-key=\"tf0km\"><a href=\"https:\/\/sjalfsbjorg.is\/wp-content\/uploads\/2025\/10\/Breytingartillaga_a_lagagrein_10_-_landsfundur_slh.pdf\">Breytingartillaga \u00e1 lagagrein 10<\/a><\/p><p data-block-key=\"ux4qi\"><a href=\"https:\/\/sjalfsbjorg.is\/wp-content\/uploads\/2025\/10\/Breytingartillaga_a_lagagrein_13_-_landsfundur_slh.pdf\">Breytingartillaga \u00e1 lagagrein 13<\/a><\/p><p data-block-key=\"nn5gm\"><a href=\"https:\/\/sjalfsbjorg.is\/wp-content\/uploads\/2025\/10\/Tillaga_ad_lagabreytingu_fyrir_landsfund_Sjalfsbjargar_30._april_2022.pdf\">Breytingartillaga \u00e1 lagagreinum<\/a><br \/>&#8211;\u00a0<a href=\"https:\/\/sjalfsbjorg.is\/wp-content\/uploads\/2025\/10\/Greinargerd_vegna_lagabreyting_a_Landsfundi_Slh.pdf\">Greinarger\u00f0 vegna lagabreytingatillagna<\/a><\/p><p data-block-key=\"r1p6k\"><a href=\"https:\/\/sjalfsbjorg.is\/wp-content\/uploads\/2025\/10\/Kjornefndarlisti_fyrir_heimasidu.pdf\">Listi kj\u00f6rnefndar 2022-2023<\/a><\/p><p data-block-key=\"53sfz\"><a href=\"https:\/\/sjalfsbjorg.is\/en\/starfsemin\/landsfundir\/skyrslur-adildarfelaga-2022\/\">Sk\u00fdrslur a\u00f0ildarf\u00e9laga<\/a><\/p><h4 data-block-key=\"imz8a\"><b>Eftir fund:<\/b><\/h4><p data-block-key=\"5vctm\"><a href=\"https:\/\/sjalfsbjorg.is\/wp-content\/uploads\/2025\/10\/Fundargerd_Landsfundar_Sjalfsbjargar_lsh_30.04.2022_yfirfarin_og_leidrett.pdf\">Fundarger\u00f0 Landsfundar Sj\u00e1lfsbjargar_2022_yfirfarin<\/a><\/p>\t\t\t\t\t\t\t\t<\/div>\n\t\t\t\t<\/div>\n\t\t\t\t\t<\/details>\n\t\t\t\t\t<\/div>\n\t\t\t\t\t\t<\/div>\n\t\t\t\t<div class=\"elementor-element elementor-element-ba438c8 elementor-widget elementor-widget-n-accordion\" data-id=\"ba438c8\" data-element_type=\"widget\" data-e-type=\"widget\" data-settings=\"{&quot;default_state&quot;:&quot;all_collapsed&quot;,&quot;max_items_expended&quot;:&quot;one&quot;,&quot;n_accordion_animation_duration&quot;:{&quot;unit&quot;:&quot;ms&quot;,&quot;size&quot;:400,&quot;sizes&quot;:[]}}\" data-widget_type=\"nested-accordion.default\">\n\t\t\t\t\t\t\t<div class=\"e-n-accordion\" aria-label=\"Accordion. Open links with Enter or Space, close with Escape, and navigate with Arrow Keys\">\n\t\t\t\t\t\t<details id=\"e-n-accordion-item-1950\" class=\"e-n-accordion-item\" >\n\t\t\t\t<summary class=\"e-n-accordion-item-title\" data-accordion-index=\"1\" tabindex=\"0\" aria-expanded=\"false\" aria-controls=\"e-n-accordion-item-1950\" >\n\t\t\t\t\t<span class='e-n-accordion-item-title-header'><div class=\"e-n-accordion-item-title-text\"> Landsfundur 2021 <\/div><\/span>\n\t\t\t\t\t\t\t<span class='e-n-accordion-item-title-icon'>\n\t\t\t<span class='e-opened' ><svg aria-hidden=\"true\" class=\"e-font-icon-svg e-fas-minus\" viewbox=\"0 0 448 512\" xmlns=\"http:\/\/www.w3.org\/2000\/svg\"><path d=\"M416 208H32c-17.67 0-32 14.33-32 32v32c0 17.67 14.33 32 32 32h384c17.67 0 32-14.33 32-32v-32c0-17.67-14.33-32-32-32z\"><\/path><\/svg><\/span>\n\t\t\t<span class='e-closed'><svg aria-hidden=\"true\" class=\"e-font-icon-svg e-fas-plus\" viewbox=\"0 0 448 512\" xmlns=\"http:\/\/www.w3.org\/2000\/svg\"><path d=\"M416 208H272V64c0-17.67-14.33-32-32-32h-32c-17.67 0-32 14.33-32 32v144H32c-17.67 0-32 14.33-32 32v32c0 17.67 14.33 32 32 32h144v144c0 17.67 14.33 32 32 32h32c17.67 0 32-14.33 32-32V304h144c17.67 0 32-14.33 32-32v-32c0-17.67-14.33-32-32-32z\"><\/path><\/svg><\/span>\n\t\t<\/span>\n\n\t\t\t\t\t\t<\/summary>\n\t\t\t\t<div role=\"region\" aria-labelledby=\"e-n-accordion-item-1950\" class=\"elementor-element elementor-element-bc0f4aa e-con-full e-flex e-con e-child\" data-id=\"bc0f4aa\" data-element_type=\"container\" data-e-type=\"container\">\n\t\t\t\t<div class=\"elementor-element elementor-element-47861e8 elementor-widget elementor-widget-text-editor\" data-id=\"47861e8\" data-element_type=\"widget\" data-e-type=\"widget\" data-widget_type=\"text-editor.default\">\n\t\t\t\t\t\t\t\t\t<p data-block-key=\"bxheq\">Landsfundur Sj\u00e1lfsbjargar landssambands hreyfihamla\u00f0ra<\/p><p data-block-key=\"tk5nt\">ver\u00f0ur haldinn \u00feann 11. september kl. 9:30 \u00e1 H\u00f3tel Natura ( H\u00f3tel Loftlei\u00f0ir )<\/p><p data-block-key=\"eyg1f\">Morgunmatur \u00ed bo\u00f0i fr\u00e1 9:15 &#8211; 9:30<\/p><p data-block-key=\"owstn\">Kaffi er \u00e1\u00e6tla\u00f0 um kl. 10:30 og h\u00e1degismatur um kl. 12:00<\/p><p data-block-key=\"luvo9\">\u00c1\u00e6tlu\u00f0 lok Landsfundar eigi s\u00ed\u00f0ar en 15:30<\/p><p data-block-key=\"68977\"><b>Dagskr\u00e1 Landsfundar 2021<\/b><\/p><ol><li data-block-key=\"2wj35\">Setning landsfundar kl. 09:30<ol><li data-block-key=\"lmavr\">Skipan fundarstj\u00f3ra og fundarritara.<\/li><li data-block-key=\"6z6j2\">Kj\u00f6rbr\u00e9f kynnt.<\/li><li data-block-key=\"ljvv7\">Dagskr\u00e1 l\u00f6g\u00f0 fram til sam\u00feykktar.<\/li><\/ol><\/li><li data-block-key=\"9w14t\"><i>Inntaka n\u00fdrra a\u00f0ildarf\u00e9laga<\/i><\/li><li data-block-key=\"4ykq7\"><i>Inntaka n\u00fdrra f\u00e9lagsmanna me\u00f0 einstaklingsa\u00f0ild (lag\u00f0ur fram nafnalisti)<\/i><\/li><li data-block-key=\"8h6ux\">Sk\u00fdrslur og \u00e1rsreikningar<ol><li data-block-key=\"zupxx\">Sk\u00fdrsla stj\u00f3rnar fyrir s\u00ed\u00f0asta almanaks\u00e1r kynnt og r\u00e6dd \u2013 g\u00f6gn l\u00f6g\u00f0 fram og fjalla\u00f0 um stuttlega<\/li><li data-block-key=\"01yji\">Endursko\u00f0a\u00f0ur \u00e1rsreikningur Sj\u00e1lfsbjargar fyrir s\u00ed\u00f0asta \u00e1r kynntur, r\u00e6ddur og afgreiddur.<\/li><li data-block-key=\"rz89k\">Sk\u00fdrslur a\u00f0ildarf\u00e9laga<\/li><li data-block-key=\"q7fs0\">Sk\u00fdrsla og \u00e1rsreikningur Sj\u00e1lfsbjargarheimilisins fyrir s\u00ed\u00f0asta \u00e1r kynnt<\/li><\/ol><\/li><li data-block-key=\"aooj9\">Framt\u00ed\u00f0ar\u00e1\u00e6tlun Sj\u00e1lfsbjargarheimilisins kynnt<\/li><li data-block-key=\"g76lg\">Fj\u00e1rhags\u00e1\u00e6tlun fyrir yfirstandandi \u00e1r og n\u00e6sta \u00e1r kynnt, r\u00e6dd og afgreidd.<\/li><li data-block-key=\"a04d1\">\u00c1kv\u00f6r\u00f0un um \u00e1rgjald.<\/li><li data-block-key=\"ifmok\">\u00c1lyktanir, stefnum\u00e1l og bar\u00e1ttum\u00e1l kynnt, r\u00e6dd og afgreidd.<\/li><li data-block-key=\"yg0kz\">Lagabreytingar kynntar, r\u00e6ddar og afgreiddar.<\/li><li data-block-key=\"w2rum\">Kosningar.<\/li><li data-block-key=\"hlk3r\">\u00d6nnur m\u00e1l.<ol><li data-block-key=\"dnm0t\">M\u00e1laferli Brynju h\u00fassj\u00f3\u00f0s gegn H\u00e1t\u00fani 12 og 14, \u00e1samt Reykjav\u00edkurborg<\/li><li data-block-key=\"xc341\">M\u00e1lefnastarf og verkefni haust\/vetur 2021 &#8211; 2022<\/li><li data-block-key=\"wr5r8\">Tillaga til Landsfundar, Sj\u00e1lfsbj\u00f6rg \u00e1 h\u00f6fu\u00f0borgarsv\u00e6\u00f0inu<\/li><\/ol><\/li><li data-block-key=\"za5mt\">Slit landsfundar.<\/li><\/ol><p data-block-key=\"l7c9z\"><b>Betra<\/b>\u00a0<b>a\u00f0gengi \u2013 \u00f6llum \u00ed hag<\/b><\/p><p data-block-key=\"716g7\">G\u00f6gn:<\/p><p data-block-key=\"2bmoj\"><a href=\"https:\/\/sjalfsbjorg.is\/wp-content\/uploads\/2025\/10\/Arsskyrsla_Sjalfsbjargarheimilisins_2020_LOKA.pdf\">\u00c1rssk\u00fdrsla Sj\u00e1lfsbjargarheimilisins 2020<\/a><\/p><p data-block-key=\"cozlr\"><a href=\"https:\/\/sjalfsbjorg.is\/wp-content\/uploads\/2025\/10\/Listi-Kjornefndar-2021_22juli_-_heimasida_27.07.2021.pdf\">Listi kj\u00f6rnefndar 2021-2022<\/a><\/p><p data-block-key=\"17jr6\"><a href=\"https:\/\/sjalfsbjorg.is\/wp-content\/uploads\/2025\/10\/Alyktanir_a_Landsfundi_2021.pdf\">Conclusions<\/a><\/p><p data-block-key=\"xdpdf\"><a href=\"https:\/\/sjalfsbjorg.is\/wp-content\/uploads\/2025\/10\/Sjalfsbjorg_landssamband_hreyfihamladra_-_undirritadur_arsreikningur_2020.pdf\">\u00c1rsreikningur 2020<\/a><\/p><p data-block-key=\"i14oe\"><a href=\"https:\/\/sjalfsbjorg.is\/wp-content\/uploads\/2025\/10\/rekstrarreikningur21_22.jpg\">Fj\u00e1rhags\u00e1\u00e6tlun 2021 og 2022<\/a><\/p><p data-block-key=\"duksw\"><a href=\"https:\/\/sjalfsbjorg.is\/wp-content\/uploads\/2025\/10\/Sjalfsbjorg_arsskyrsla_2020_lokautgafa_pdf.pdf\">\u00c1rssk\u00fdrsla Sj\u00e1lfsbj\u00f6rg landsamband hreyfihamla\u00f0ra 2020<\/a><\/p><p data-block-key=\"5bxwd\"><a href=\"https:\/\/sjalfsbjorg.is\/wp-content\/uploads\/2025\/10\/Listi_Fulltrua_Endanlegur.xlsx\">Listi yfir fulltr\u00faa \u00e1 Landsfundi 2021<\/a><\/p><p data-block-key=\"o1tzq\"><a href=\"https:\/\/sjalfsbjorg.is\/wp-content\/uploads\/2025\/10\/Loka_Fundargerd_11.0.2021.pdf\">Fundarger\u00f0 Landsfundar 11.09.21<\/a><\/p><p data-block-key=\"zy3g7\"><a href=\"https:\/\/sjalfsbjorg.is\/en\/starfsemin\/landsfundir\/skyrslur-adildarfelaga-2021\/\">Sk\u00fdrslur a\u00f0ildarf\u00e9laga<\/a><\/p>\t\t\t\t\t\t\t\t<\/div>\n\t\t\t\t<\/div>\n\t\t\t\t\t<\/details>\n\t\t\t\t\t<\/div>\n\t\t\t\t\t\t<\/div>\n\t\t\t\t<div class=\"elementor-element elementor-element-bdd2dc8 elementor-widget elementor-widget-n-accordion\" data-id=\"bdd2dc8\" data-element_type=\"widget\" data-e-type=\"widget\" data-settings=\"{&quot;default_state&quot;:&quot;all_collapsed&quot;,&quot;max_items_expended&quot;:&quot;one&quot;,&quot;n_accordion_animation_duration&quot;:{&quot;unit&quot;:&quot;ms&quot;,&quot;size&quot;:400,&quot;sizes&quot;:[]}}\" data-widget_type=\"nested-accordion.default\">\n\t\t\t\t\t\t\t<div class=\"e-n-accordion\" aria-label=\"Accordion. Open links with Enter or Space, close with Escape, and navigate with Arrow Keys\">\n\t\t\t\t\t\t<details id=\"e-n-accordion-item-1990\" class=\"e-n-accordion-item\" >\n\t\t\t\t<summary class=\"e-n-accordion-item-title\" data-accordion-index=\"1\" tabindex=\"0\" aria-expanded=\"false\" aria-controls=\"e-n-accordion-item-1990\" >\n\t\t\t\t\t<span class='e-n-accordion-item-title-header'><div class=\"e-n-accordion-item-title-text\"> Landsfundur 2020 <\/div><\/span>\n\t\t\t\t\t\t\t<span class='e-n-accordion-item-title-icon'>\n\t\t\t<span class='e-opened' ><svg aria-hidden=\"true\" class=\"e-font-icon-svg e-fas-minus\" viewbox=\"0 0 448 512\" xmlns=\"http:\/\/www.w3.org\/2000\/svg\"><path d=\"M416 208H32c-17.67 0-32 14.33-32 32v32c0 17.67 14.33 32 32 32h384c17.67 0 32-14.33 32-32v-32c0-17.67-14.33-32-32-32z\"><\/path><\/svg><\/span>\n\t\t\t<span class='e-closed'><svg aria-hidden=\"true\" class=\"e-font-icon-svg e-fas-plus\" viewbox=\"0 0 448 512\" xmlns=\"http:\/\/www.w3.org\/2000\/svg\"><path d=\"M416 208H272V64c0-17.67-14.33-32-32-32h-32c-17.67 0-32 14.33-32 32v144H32c-17.67 0-32 14.33-32 32v32c0 17.67 14.33 32 32 32h144v144c0 17.67 14.33 32 32 32h32c17.67 0 32-14.33 32-32V304h144c17.67 0 32-14.33 32-32v-32c0-17.67-14.33-32-32-32z\"><\/path><\/svg><\/span>\n\t\t<\/span>\n\n\t\t\t\t\t\t<\/summary>\n\t\t\t\t<div role=\"region\" aria-labelledby=\"e-n-accordion-item-1990\" class=\"elementor-element elementor-element-9cec08c e-con-full e-flex e-con e-child\" data-id=\"9cec08c\" data-element_type=\"container\" data-e-type=\"container\">\n\t\t\t\t<div class=\"elementor-element elementor-element-bdf2b93 elementor-widget elementor-widget-text-editor\" data-id=\"bdf2b93\" data-element_type=\"widget\" data-e-type=\"widget\" data-widget_type=\"text-editor.default\">\n\t\t\t\t\t\t\t\t\t<h4 data-block-key=\"k1jjs\"><a href=\"http:\/\/wayback.vefsafn.is\/wayback\/20210212223606\/http:\/\/www.sjalfsbjorg.is\/wp-content\/uploads\/2020\/10\/Fundargerd-Landsfundar-2020.pdf\"><b>Fundarger\u00f0 Landsfundar 2020.<\/b><\/a><\/h4><h4 data-block-key=\"8087q\">Landsfundur 2020 ver\u00f0ur haldinn rafr\u00e6nn 26. september 2020.<\/h4><h4 data-block-key=\"fztie\">Dagskr\u00e1 skv. 11. gr. laga og till\u00f6gu stj\u00f3rnar vegna samkomutakmarkanna \u00ed lj\u00f3si Covid-19.<\/h4><ol><li data-block-key=\"8xt78\">Setning landsfundar kl. 09:30 (kaffi fr\u00e1 kl. 9:00-9:30).<ol><li data-block-key=\"ybhmg\">Skipan fundarstj\u00f3ra og fundarritara.<\/li><li data-block-key=\"aa4am\">Kj\u00f6rbr\u00e9f kynnt.<\/li><li data-block-key=\"do8wn\">Dagskr\u00e1 l\u00f6g\u00f0 fram til sam\u00feykktar.<\/li><\/ol><\/li><li data-block-key=\"0q28h\"><i>Inntaka n\u00fdrra a\u00f0ildarf\u00e9laga \u2013 fundarli\u00f0 fresta\u00f0 til Landsfundar 2021.<\/i><\/li><li data-block-key=\"dnhw6\"><i>Inntaka n\u00fdrra f\u00e9lagsmanna me\u00f0 einstaklingsa\u00f0ild (lag\u00f0ur fram nafnalisti) \u2013 fundarli\u00f0 fresta\u00f0 til Landsfundar 2021.<\/i><\/li><li data-block-key=\"9ddqb\">Sk\u00fdrslur og \u00e1rsreikningar<ol><li data-block-key=\"m5krm\">Sk\u00fdrsla stj\u00f3rnar fyrir s\u00ed\u00f0asta almanaks\u00e1r kynnt og r\u00e6dd \u2013 g\u00f6gn l\u00f6g\u00f0 fram og fjalla\u00f0 um stuttlega.<\/li><li data-block-key=\"dm4wn\">Endursko\u00f0a\u00f0ur \u00e1rsreikningur Sj\u00e1lfsbjargar fyrir s\u00ed\u00f0asta \u00e1r kynntur, r\u00e6ddur og afgreiddur.(<a href=\"http:\/\/wayback.vefsafn.is\/wayback\/20210212223606\/https:\/\/drive.google.com\/file\/d\/1FeKDKoFTrcMzBaNHh9zp5slllnpknLKC\/view?usp=sharing\">hlekkur \u00e1 sk\u00fdrslu li\u00f0ur a og b<\/a>)<\/li><li data-block-key=\"9qjqf\"><i>Sk\u00fdrslur a\u00f0ildarf\u00e9laga \u2013 fundarli\u00f0 fresta\u00f0 til Landsfundar 2021.<\/i><\/li><li data-block-key=\"pbj0t\"><i>Sk\u00fdrsla og \u00e1rsreikningur hj\u00fakrun og endurh\u00e6fingu Sj\u00e1lfsbjargar fyrir s\u00ed\u00f0asta \u00e1r kynnt \u2013 g\u00f6gn l\u00f6g\u00f0 fram fyrir en fundarli\u00f0 fresta\u00f0 til Landsfundar 2021.<\/i><a href=\"http:\/\/wayback.vefsafn.is\/wayback\/20210212223606\/http:\/\/www.sjalfsbjorg.is\/wp-content\/uploads\/2020\/09\/Li%C3%B0ur-4d_%C3%81rssk%C3%BDrsla-og-%C3%A1rsreikningur_Sj%C3%A1lfsbjargarheimili%C3%B0_2019_LOKA.pdf\"><i>(hlekkur \u00e1 sk\u00fdrslu)<\/i><\/a><\/li><\/ol><\/li><li data-block-key=\"foqgx\"><a href=\"http:\/\/wayback.vefsafn.is\/wayback\/20210212223606\/http:\/\/www.sjalfsbjorg.is\/wp-content\/uploads\/2020\/09\/Lidur-5_Fjarhagsaaetlun-Landsfundur.pdf\">Fj\u00e1rhags\u00e1\u00e6tlun<\/a>\u00a0fyrir yfirstandandi \u00e1r og n\u00e6sta \u00e1r kynnt, r\u00e6dd og afgreidd.<\/li><li data-block-key=\"ryypb\">\u00c1kv\u00f6r\u00f0un um \u00e1rgjald.<\/li><li data-block-key=\"32d9c\"><a href=\"http:\/\/wayback.vefsafn.is\/wayback\/20210212223606\/http:\/\/www.sjalfsbjorg.is\/wp-content\/uploads\/2020\/09\/Lidur-7b_Drogadalyktun.pdf\">Conclusions<\/a>, stefnum\u00e1l og bar\u00e1ttum\u00e1l kynnt, r\u00e6dd og afgreidd.<\/li><li data-block-key=\"bc80g\">Lagabreytingar kynntar, r\u00e6ddar og afgreiddar.(<a href=\"http:\/\/wayback.vefsafn.is\/wayback\/20210212223606\/http:\/\/www.sjalfsbjorg.is\/wp-content\/uploads\/2020\/09\/Li%C3%B0ur-8_Tillaga-a%C3%B0-lagabreytingum-fyrir-Landsfund.pdf\">Lagabreytingartill\u00f6gur<\/a>\u00a0og\u00a0<a href=\"http:\/\/wayback.vefsafn.is\/wayback\/20210212223606\/http:\/\/www.sjalfsbjorg.is\/wp-content\/uploads\/2020\/09\/Lidur-8_Greinargerd-vegna-lagabreytingatillagna.pdf\">greinarger\u00f0<\/a>)<\/li><li data-block-key=\"h0hqx\">Tillaga um nafnabreytingu Sj\u00e1lfsbjargarheimilisins\u00a0<a href=\"http:\/\/wayback.vefsafn.is\/wayback\/20210212223606\/http:\/\/www.sjalfsbjorg.is\/wp-content\/uploads\/2020\/09\/Li%C3%B0ur-9_Tillaga-a%C3%B0-nafnabreytingu-SBH.pdf\">(hlekkur \u00e1 skjal).<\/a><\/li><li data-block-key=\"vtnyu\">Kosningar.\u00a0<a href=\"http:\/\/wayback.vefsafn.is\/wayback\/20210212223606\/http:\/\/www.sjalfsbjorg.is\/wp-content\/uploads\/2020\/09\/Lidur-10_Frambodslisti_2020_a_vef.pdf\">Frambo\u00f0slisti 2020(hlekkur \u00e1 skjal)<\/a><\/li><li data-block-key=\"1ruu0\">\u00d6nnur m\u00e1l.<ol><li data-block-key=\"1grtf\">Sta\u00f0a l\u00f3\u00f0aruppbyggingar \u2013 m\u00e1laferli.<\/li><\/ol><\/li><li data-block-key=\"96tle\">Slit landsfundar. \u00c1\u00e6tlu\u00f0 kl. 14:00.<\/li><\/ol><p data-block-key=\"ubisi\">Eftir a\u00f0 fundi var sliti\u00f0 kom \u00deorkell Sigurlaugsson me\u00f0 eftirfarandi:\u00a0<i>Vill a\u00f0 lokum \u00f3ska eftir a\u00f0 fundarstj\u00f3ri l\u00e1ti b\u00f3ka \u00ed fundarger\u00f0 a\u00f0alfundar \u00feakkl\u00e6ti til \u00deorsteins Fr. Sigur\u00f0ssonar fyrir hans st\u00f6rf fyrir f\u00e9lagi\u00f0 og \u00f3ska honum \u00e1framhaldandi g\u00f3\u00f0s bata. \u00c9g vil einnig a\u00f0 \u00fea\u00f0 s\u00e9 b\u00f3ka\u00f0 \u00ed fundarger\u00f0 \u00feakkl\u00e6ti til \u00de\u00f3rd\u00edsar R\u00fanar \u00de\u00f3risd\u00f3ttur fyrir hennar st\u00f6rf \u00e1 \u00e1rinu og umsj\u00f3n me\u00f0 \u00e1rssk\u00fdrslum f\u00e9lagana sem voru vanda\u00f0ar a\u00f0 allri ger\u00f0.\u00a0<\/i><\/p><p data-block-key=\"acc54\"><b>Betra\u00a0 a\u00f0gengi \u2013 \u00f6llum \u00ed hag !<\/b><\/p>\t\t\t\t\t\t\t\t<\/div>\n\t\t\t\t<\/div>\n\t\t\t\t\t<\/details>\n\t\t\t\t\t<\/div>\n\t\t\t\t\t\t<\/div>\n\t\t\t\t<div class=\"elementor-element elementor-element-83e8694 elementor-widget elementor-widget-n-accordion\" data-id=\"83e8694\" data-element_type=\"widget\" data-e-type=\"widget\" data-settings=\"{&quot;default_state&quot;:&quot;all_collapsed&quot;,&quot;max_items_expended&quot;:&quot;one&quot;,&quot;n_accordion_animation_duration&quot;:{&quot;unit&quot;:&quot;ms&quot;,&quot;size&quot;:400,&quot;sizes&quot;:[]}}\" data-widget_type=\"nested-accordion.default\">\n\t\t\t\t\t\t\t<div class=\"e-n-accordion\" aria-label=\"Accordion. Open links with Enter or Space, close with Escape, and navigate with Arrow Keys\">\n\t\t\t\t\t\t<details id=\"e-n-accordion-item-1380\" class=\"e-n-accordion-item\" >\n\t\t\t\t<summary class=\"e-n-accordion-item-title\" data-accordion-index=\"1\" tabindex=\"0\" aria-expanded=\"false\" aria-controls=\"e-n-accordion-item-1380\" >\n\t\t\t\t\t<span class='e-n-accordion-item-title-header'><div class=\"e-n-accordion-item-title-text\"> Landsfundur 2019 <\/div><\/span>\n\t\t\t\t\t\t\t<span class='e-n-accordion-item-title-icon'>\n\t\t\t<span class='e-opened' ><svg aria-hidden=\"true\" class=\"e-font-icon-svg e-fas-minus\" viewbox=\"0 0 448 512\" xmlns=\"http:\/\/www.w3.org\/2000\/svg\"><path d=\"M416 208H32c-17.67 0-32 14.33-32 32v32c0 17.67 14.33 32 32 32h384c17.67 0 32-14.33 32-32v-32c0-17.67-14.33-32-32-32z\"><\/path><\/svg><\/span>\n\t\t\t<span class='e-closed'><svg aria-hidden=\"true\" class=\"e-font-icon-svg e-fas-plus\" viewbox=\"0 0 448 512\" xmlns=\"http:\/\/www.w3.org\/2000\/svg\"><path d=\"M416 208H272V64c0-17.67-14.33-32-32-32h-32c-17.67 0-32 14.33-32 32v144H32c-17.67 0-32 14.33-32 32v32c0 17.67 14.33 32 32 32h144v144c0 17.67 14.33 32 32 32h32c17.67 0 32-14.33 32-32V304h144c17.67 0 32-14.33 32-32v-32c0-17.67-14.33-32-32-32z\"><\/path><\/svg><\/span>\n\t\t<\/span>\n\n\t\t\t\t\t\t<\/summary>\n\t\t\t\t<div role=\"region\" aria-labelledby=\"e-n-accordion-item-1380\" class=\"elementor-element elementor-element-d73ce3d e-con-full e-flex e-con e-child\" data-id=\"d73ce3d\" data-element_type=\"container\" data-e-type=\"container\">\n\t\t\t\t<div class=\"elementor-element elementor-element-437bea2 elementor-widget elementor-widget-text-editor\" data-id=\"437bea2\" data-element_type=\"widget\" data-e-type=\"widget\" data-widget_type=\"text-editor.default\">\n\t\t\t\t\t\t\t\t\t<h4 data-block-key=\"12apj\">Landsfundur 2019 var haldinn \u00ed H\u00e1t\u00fani 12, 105 Reykjav\u00edk 4. ma\u00ed \u00ed h\u00fasn\u00e6\u00f0i \u00dej\u00f3nustumi\u00f0st\u00f6\u00f0var.<\/h4><h4 data-block-key=\"ywukl\">Dagskr\u00e1 skv. 11. gr. laga.<\/h4><p data-block-key=\"gp8z5\"><b>Eftirfarandi eru g\u00f6gn er tengjast fundinum:<\/b><\/p><p data-block-key=\"3qulb\"><a href=\"#\">Fskj-0A \u2013 L\u00f6g Sj\u00e1lfsbjargar lsh.<\/a><\/p><p data-block-key=\"4kqk5\"><a href=\"#\">Fskj-0B \u2013 T\u00edmal\u00edna vegna Landsfundar 2019<\/a><\/p><p data-block-key=\"gsg0d\"><a href=\"#\">Fskj-0C-Fundarger\u00f0 landsfundar 2019.<\/a><\/p><p data-block-key=\"hlfzq\"><a href=\"#\">Fskj-01 \u2013 Dagskr\u00e1 Landsfundar 2019<\/a><\/p><p data-block-key=\"4iua4\"><a href=\"#\">Fskj-02 \u2013 \u00c1rssk\u00fdrsla Sj\u00e1lfsbjargar 2018<\/a><\/p><p data-block-key=\"xuqfl\"><a href=\"#\">Fskj-02 \u2013 \u00c1rsreikningur-2018<\/a><\/p><p data-block-key=\"zz4rm\">Fskj-03 \u2013 Sk\u00fdrslur a\u00f0ildarf\u00e9laga<\/p><p data-block-key=\"8ig6q\"><a href=\"#\">Fskj-04 \u2013 Sk\u00fdrsla Sj\u00e1lfsbjargarheimilisins 2018<\/a><\/p><p data-block-key=\"12c5m\">Fskj-05 \u2013 Fj\u00e1rhags\u00e1\u00e6tlanir Sj\u00e1lfsbjargar 2019 og 2020<\/p><p data-block-key=\"8oanc\"><a href=\"#\">Fskj-06 \u2013 Tillaga um \u00e1rgjald<\/a><\/p><p data-block-key=\"yu1p7\">Fskj-07 \u2013 \u00c1rsverkefni 2019<\/p><p data-block-key=\"3wq29\"><a href=\"#\">Fskj-08 \u2013 Kj\u00f6rnefndarlisti 2019<\/a><\/p><p data-block-key=\"yci84\"><a href=\"#\">Fskj-08 \u2013 Frambo\u00f0slisti Kj\u00f6rnefndar 2019<\/a><\/p><p data-block-key=\"345tz\"><a href=\"#\">Fskj-09 \u2013 Dr\u00f6g a\u00f0 \u00e1lyktunum Landsfundar 2019<\/a><\/p><p data-block-key=\"j29f5\"><a href=\"#\">Fskj-09 \u2013 \u00c1lyktanir landsfundar sam\u00feykktar<\/a><\/p><p data-block-key=\"z5sb1\"><a href=\"#\">Fskj-10 \u2013 Merkin \u00ferj\u00fa<\/a><\/p><p data-block-key=\"cks27\"><a href=\"#\">Fskj-11 \u2013 Hj\u00e1lparli\u00f0asj\u00f3\u00f0ur \u2013 breyting \u00e1 regluger\u00f0<\/a><\/p><p data-block-key=\"3c87z\"><a href=\"#\">Fskj-12 \u2013 Starfs\u00e1\u00e6tlun Sj\u00e1lfsbjargar 2019-2020<\/a><\/p>\t\t\t\t\t\t\t\t<\/div>\n\t\t\t\t<\/div>\n\t\t\t\t\t<\/details>\n\t\t\t\t\t<\/div>\n\t\t\t\t\t\t<\/div>\n\t\t\t\t<div class=\"elementor-element elementor-element-2e5c2b7 elementor-widget elementor-widget-n-accordion\" data-id=\"2e5c2b7\" data-element_type=\"widget\" data-e-type=\"widget\" data-settings=\"{&quot;default_state&quot;:&quot;all_collapsed&quot;,&quot;max_items_expended&quot;:&quot;one&quot;,&quot;n_accordion_animation_duration&quot;:{&quot;unit&quot;:&quot;ms&quot;,&quot;size&quot;:400,&quot;sizes&quot;:[]}}\" data-widget_type=\"nested-accordion.default\">\n\t\t\t\t\t\t\t<div class=\"e-n-accordion\" aria-label=\"Accordion. Open links with Enter or Space, close with Escape, and navigate with Arrow Keys\">\n\t\t\t\t\t\t<details id=\"e-n-accordion-item-4860\" class=\"e-n-accordion-item\" >\n\t\t\t\t<summary class=\"e-n-accordion-item-title\" data-accordion-index=\"1\" tabindex=\"0\" aria-expanded=\"false\" aria-controls=\"e-n-accordion-item-4860\" >\n\t\t\t\t\t<span class='e-n-accordion-item-title-header'><div class=\"e-n-accordion-item-title-text\"> Landsfundur 2018 <\/div><\/span>\n\t\t\t\t\t\t\t<span class='e-n-accordion-item-title-icon'>\n\t\t\t<span class='e-opened' ><svg aria-hidden=\"true\" class=\"e-font-icon-svg e-fas-minus\" viewbox=\"0 0 448 512\" xmlns=\"http:\/\/www.w3.org\/2000\/svg\"><path d=\"M416 208H32c-17.67 0-32 14.33-32 32v32c0 17.67 14.33 32 32 32h384c17.67 0 32-14.33 32-32v-32c0-17.67-14.33-32-32-32z\"><\/path><\/svg><\/span>\n\t\t\t<span class='e-closed'><svg aria-hidden=\"true\" class=\"e-font-icon-svg e-fas-plus\" viewbox=\"0 0 448 512\" xmlns=\"http:\/\/www.w3.org\/2000\/svg\"><path d=\"M416 208H272V64c0-17.67-14.33-32-32-32h-32c-17.67 0-32 14.33-32 32v144H32c-17.67 0-32 14.33-32 32v32c0 17.67 14.33 32 32 32h144v144c0 17.67 14.33 32 32 32h32c17.67 0 32-14.33 32-32V304h144c17.67 0 32-14.33 32-32v-32c0-17.67-14.33-32-32-32z\"><\/path><\/svg><\/span>\n\t\t<\/span>\n\n\t\t\t\t\t\t<\/summary>\n\t\t\t\t<div role=\"region\" aria-labelledby=\"e-n-accordion-item-4860\" class=\"elementor-element elementor-element-75eea03 e-con-full e-flex e-con e-child\" data-id=\"75eea03\" data-element_type=\"container\" data-e-type=\"container\">\n\t\t\t\t<div class=\"elementor-element elementor-element-8d99ada elementor-widget elementor-widget-text-editor\" data-id=\"8d99ada\" data-element_type=\"widget\" data-e-type=\"widget\" data-widget_type=\"text-editor.default\">\n\t\t\t\t\t\t\t\t\t<p data-block-key=\"w9gco\">Landsfundur 2018 ver\u00f0ur haldinn \u00ed H\u00e1t\u00fani 12, 105 Reykjav\u00edk 21. apr\u00edl\u00a0 \u00ed h\u00fasn\u00e6\u00f0i \u00dej\u00f3nustumi\u00f0st\u00f6\u00f0var. Dagskr\u00e1 ver\u00f0ur skv. 11. gr. laga.<\/p><h4 data-block-key=\"9u1gn\">\u00ddmis g\u00f6gn var\u00f0andi fundinn:<\/h4><p data-block-key=\"y9px2\"><a href=\"http:\/\/wayback.vefsafn.is\/wayback\/20210212223710\/http:\/\/www.sjalfsbjorg.is\/wp-content\/uploads\/2018\/02\/L%C3%B6g-Sj%C3%A1lfsbjargar-landssambands-okt-2016.pdf\">Fskj-0A \u2013 L\u00f6g Sj\u00e1lfsbjargar landssambands-okt-2016<\/a><\/p><p data-block-key=\"90vbo\"><a href=\"http:\/\/wayback.vefsafn.is\/wayback\/20210212223710\/http:\/\/www.sjalfsbjorg.is\/wp-content\/uploads\/2018\/02\/T%C3%ADmal%C3%ADna-v-laga-Landsfundur2018.xlsx\">Fskj-0B \u2013 T\u00edmal\u00edna-v-laga-Landsfundur2018<\/a><\/p><p data-block-key=\"jhkz1\"><a href=\"http:\/\/wayback.vefsafn.is\/wayback\/20210212223710\/http:\/\/www.sjalfsbjorg.is\/wp-content\/uploads\/2018\/04\/Fundarger%C3%B0-Landsfundar-Sj%C3%A1lfsbjargar-lsh-21.4.2018.pdf\">Fskj-0C \u2013 Fundarger\u00f0-Landsfundar-Sj\u00e1lfsbjargar-lsh-21.4.2018<\/a><\/p><p data-block-key=\"i3ldw\"><a href=\"http:\/\/wayback.vefsafn.is\/wayback\/20210212223710\/http:\/\/www.sjalfsbjorg.is\/wp-content\/uploads\/2018\/04\/Dagskr%C3%A1-Landsfundar-2018-20180326.docx\">Fskj-01 \u2013 Dagskr\u00e1-Landsfundar-2018<\/a><\/p><p data-block-key=\"cnt6m\"><a href=\"http:\/\/wayback.vefsafn.is\/wayback\/20210212223710\/http:\/\/www.sjalfsbjorg.is\/wp-content\/uploads\/2018\/04\/ARSSKYRSLA-2017-180412.compressed.pdf\">Fskj-02 \u2013 ARSSKYRSLA-2017<\/a><\/p><p data-block-key=\"y4dck\"><a href=\"http:\/\/wayback.vefsafn.is\/wayback\/20210212223710\/http:\/\/www.sjalfsbjorg.is\/wp-content\/uploads\/2018\/04\/%C3%81rsreikningur-2017-lokaeintak.pdf\">Fskj-02 \u2013 \u00c1rsreikningur-2017.pdf<\/a><\/p><p data-block-key=\"dx726\">Fskj-03 \u2013 Sk\u00fdrslur a\u00f0ildarf\u00e9laga<\/p><p data-block-key=\"iral5\">Fskj-04 \u2013 \u00c1rssk\u00fdrsla Sj\u00e1lfsbjargarheimilisins 2017<\/p><p data-block-key=\"1t4sr\"><a href=\"http:\/\/wayback.vefsafn.is\/wayback\/20210212223710\/http:\/\/www.sjalfsbjorg.is\/wp-content\/uploads\/2018\/04\/Rekstrar%C3%A1%C3%A6tlun-2018-2019-Landsfundur.docx\">Fskj-05 \u2013 Rekstrar\u00e1\u00e6tlun-2018-2019<\/a><\/p><p data-block-key=\"g6tvu\"><a href=\"http:\/\/wayback.vefsafn.is\/wayback\/20210212223710\/http:\/\/www.sjalfsbjorg.is\/wp-content\/uploads\/2018\/04\/%C3%81rgjald-tillaga.docx\">Fskj-05a \u2013 \u00c1rgjald-tillaga<\/a><\/p><p data-block-key=\"8dok0\">Fskj-06 \u2013 \u00c1rsverkefni Sj\u00e1lfsbjargar 2018<\/p><p data-block-key=\"pulsm\"><a href=\"http:\/\/wayback.vefsafn.is\/wayback\/20210212223710\/http:\/\/www.sjalfsbjorg.is\/wp-content\/uploads\/2018\/04\/Dr%C3%B6g-a%C3%B0-%C3%A1lyktunumInn-inn-%C3%A1-VEF.docx\">Fskj-07 \u2013 Dr\u00f6g-a\u00f0-\u00e1lyktunum \u00e1 Landsfundi2018<\/a><\/p><p data-block-key=\"au13e\"><a href=\"http:\/\/wayback.vefsafn.is\/wayback\/20210212223710\/http:\/\/www.sjalfsbjorg.is\/wp-content\/uploads\/2018\/04\/%C3%81lyktanir-sam%C3%BEykktar-%C3%A1-Landsfundi-Sj%C3%A1lfsbjargar-2018.docx\">Fskj-07a \u2013 \u00c1lyktanir-sam\u00feykktar-\u00e1-Landsfundi-Sj\u00e1lfsbjargar-2018<\/a><\/p><p data-block-key=\"wj4gt\"><a href=\"http:\/\/wayback.vefsafn.is\/wayback\/20210212223710\/http:\/\/www.sjalfsbjorg.is\/wp-content\/uploads\/2018\/03\/Tillaga-um-stefnu-v-n%C3%BDrrar-Landsmi%C3%B0st%C3%B6%C3%B0var.docx\">Fskj-07b \u2013 Tillaga um stefnu v n\u00fdrrar Landsmi\u00f0st\u00f6\u00f0var<\/a><\/p><p data-block-key=\"l7zci\"><a href=\"http:\/\/wayback.vefsafn.is\/wayback\/20210212223710\/http:\/\/www.sjalfsbjorg.is\/wp-content\/uploads\/2018\/03\/Lagabr-tillaga-um-a%C3%B0-stj%C3%B3rn-Sj%C3%A1lfsbjargar-ver%C3%B0i-einnig-stj%C3%B3rn-SBH-180223.pdf\">Fskj-07c \u2013 Lagabr-tillaga um a\u00f0 stj\u00f3rn Sj\u00e1lfsbjargar ver\u00f0i einnig stj\u00f3rn SBH-180223<\/a><\/p><p data-block-key=\"c631k\"><a href=\"http:\/\/wayback.vefsafn.is\/wayback\/20210212223710\/http:\/\/www.sjalfsbjorg.is\/wp-content\/uploads\/2018\/03\/Listi-Kj%C3%B6rnefndar-2018-%C3%A1-vefs%C3%AD%C3%B0u.pdf\">Fskj-08 \u2013 Listi-Kj\u00f6rnefndar-2018-\u00e1-vefs\u00ed\u00f0u<\/a><\/p><p data-block-key=\"l1ksp\"><a href=\"http:\/\/wayback.vefsafn.is\/wayback\/20210212223710\/http:\/\/www.sjalfsbjorg.is\/wp-content\/uploads\/2018\/04\/Starfs%C3%A1%C3%A6tlun-Sj%C3%A1lfsbjargar-lsh-2018-2019.docx\">Fskj-09 \u2013 Starfs\u00e1\u00e6tlun-Sj\u00e1lfsbjargar-lsh-2018-2019<\/a><\/p><p data-block-key=\"79g5t\"><a href=\"http:\/\/wayback.vefsafn.is\/wayback\/20210212223710\/http:\/\/www.sjalfsbjorg.is\/wp-content\/uploads\/2018\/03\/Tillaga-um-ni%C3%B0urfellingu-styrktarsj%C3%B3%C3%B0s-Theod%C3%B3rs.docx\">Fskj-10 \u2013 Tillaga um ni\u00f0urfellingu styrktarsj\u00f3\u00f0s Theod\u00f3rs<\/a><\/p>\t\t\t\t\t\t\t\t<\/div>\n\t\t\t\t<\/div>\n\t\t\t\t\t<\/details>\n\t\t\t\t\t<\/div>\n\t\t\t\t\t\t<\/div>\n\t\t\t\t<div class=\"elementor-element elementor-element-2cdb79a elementor-widget elementor-widget-n-accordion\" data-id=\"2cdb79a\" data-element_type=\"widget\" data-e-type=\"widget\" data-settings=\"{&quot;default_state&quot;:&quot;all_collapsed&quot;,&quot;max_items_expended&quot;:&quot;one&quot;,&quot;n_accordion_animation_duration&quot;:{&quot;unit&quot;:&quot;ms&quot;,&quot;size&quot;:400,&quot;sizes&quot;:[]}}\" data-widget_type=\"nested-accordion.default\">\n\t\t\t\t\t\t\t<div class=\"e-n-accordion\" aria-label=\"Accordion. Open links with Enter or Space, close with Escape, and navigate with Arrow Keys\">\n\t\t\t\t\t\t<details id=\"e-n-accordion-item-4700\" class=\"e-n-accordion-item\" >\n\t\t\t\t<summary class=\"e-n-accordion-item-title\" data-accordion-index=\"1\" tabindex=\"0\" aria-expanded=\"false\" aria-controls=\"e-n-accordion-item-4700\" >\n\t\t\t\t\t<span class='e-n-accordion-item-title-header'><div class=\"e-n-accordion-item-title-text\"> Landsfundur 2017 <\/div><\/span>\n\t\t\t\t\t\t\t<span class='e-n-accordion-item-title-icon'>\n\t\t\t<span class='e-opened' ><svg aria-hidden=\"true\" class=\"e-font-icon-svg e-fas-minus\" viewbox=\"0 0 448 512\" xmlns=\"http:\/\/www.w3.org\/2000\/svg\"><path d=\"M416 208H32c-17.67 0-32 14.33-32 32v32c0 17.67 14.33 32 32 32h384c17.67 0 32-14.33 32-32v-32c0-17.67-14.33-32-32-32z\"><\/path><\/svg><\/span>\n\t\t\t<span class='e-closed'><svg aria-hidden=\"true\" class=\"e-font-icon-svg e-fas-plus\" viewbox=\"0 0 448 512\" xmlns=\"http:\/\/www.w3.org\/2000\/svg\"><path d=\"M416 208H272V64c0-17.67-14.33-32-32-32h-32c-17.67 0-32 14.33-32 32v144H32c-17.67 0-32 14.33-32 32v32c0 17.67 14.33 32 32 32h144v144c0 17.67 14.33 32 32 32h32c17.67 0 32-14.33 32-32V304h144c17.67 0 32-14.33 32-32v-32c0-17.67-14.33-32-32-32z\"><\/path><\/svg><\/span>\n\t\t<\/span>\n\n\t\t\t\t\t\t<\/summary>\n\t\t\t\t<div role=\"region\" aria-labelledby=\"e-n-accordion-item-4700\" class=\"elementor-element elementor-element-03f7c34 e-con-full e-flex e-con e-child\" data-id=\"03f7c34\" data-element_type=\"container\" data-e-type=\"container\">\n\t\t\t\t<div class=\"elementor-element elementor-element-1625847 elementor-widget elementor-widget-text-editor\" data-id=\"1625847\" data-element_type=\"widget\" data-e-type=\"widget\" data-widget_type=\"text-editor.default\">\n\t\t\t\t\t\t\t\t\t<p data-block-key=\"3rzok\">Landsfundur Sj\u00e1lfsbjargar lsh. 2017<\/p><p data-block-key=\"kg4nr\">\u00a0<\/p><p data-block-key=\"q2fh5\">Landsfundur 2017 var haldinn \u00ed H\u00e1t\u00fani 12, 105 Reykjav\u00edk 6. ma\u00ed 2017 \u00ed h\u00fasn\u00e6\u00f0i \u00dej\u00f3nustumi\u00f0st\u00f6\u00f0var. Dagskr\u00e1 var skv. 11. gr. laga.<\/p><h4 data-block-key=\"evl0d\">\u00ddmis g\u00f6gn var\u00f0andi fundinn:<\/h4><p data-block-key=\"taazd\"><a href=\"http:\/\/wayback.vefsafn.is\/wayback\/20210212223747\/http:\/\/www.sjalfsbjorg.is\/um-sjalfsbjorg\/stjorn-og-starfsmenn\/log-sjalfsbjargar\/\">Fskj-0A \u2013 L\u00f6g Sj\u00e1lfsbjargar lsh.<\/a><\/p><p data-block-key=\"zgtz6\"><a href=\"http:\/\/wayback.vefsafn.is\/wayback\/20210212223747\/http:\/\/www.sjalfsbjorg.is\/wp-content\/uploads\/2017\/02\/Timalina-vegna-laga-fra-2016.pdf\">Fskj-0B \u2013 T\u00edmal\u00edna vegna Landsfundar 2017<\/a><\/p><p data-block-key=\"fkxsk\"><a href=\"http:\/\/wayback.vefsafn.is\/wayback\/20210212223747\/http:\/\/www.sjalfsbjorg.is\/wp-content\/uploads\/2019\/06\/Fundarger%C3%B0-landsfundar-Sja%CC%81lfsbjargar-lsh-2017.pdf\">Fskj-0C \u2013 Fundarger\u00f0 landsfundar Sja\u0301lfsbjargar lsh 2017<\/a><\/p><p data-block-key=\"y4rw6\"><a href=\"http:\/\/wayback.vefsafn.is\/wayback\/20210212223747\/http:\/\/www.sjalfsbjorg.is\/wp-content\/uploads\/2017\/05\/Dagskr%C3%A1-Landsfundar-2017-170425.pdf\">Fskj-01 \u2013 Dagskr\u00e1-Landsfundar 2017<\/a><\/p><p data-block-key=\"0ftrf\"><a href=\"http:\/\/wayback.vefsafn.is\/wayback\/20210212223747\/http:\/\/www.sjalfsbjorg.is\/wp-content\/uploads\/2017\/04\/sjalfsbjorg_ARSSKYRSLA2016_ok.pdf\">Fskj-02 \u2013 \u00c1rssk\u00fdrsla 2016 og \u00e1rsreikningur 2016<\/a><\/p><p data-block-key=\"psig5\">Fskj-03 \u2013 Sk\u00fdrslur a\u00f0ildarf\u00e9laga<\/p><p data-block-key=\"9cxp4\">Fskj-04 \u2013 Sk\u00fdrsla Sj\u00e1lfsbjargarheimilisins 2016<\/p><p data-block-key=\"87sfe\"><a href=\"http:\/\/wayback.vefsafn.is\/wayback\/20210212223747\/http:\/\/www.sjalfsbjorg.is\/wp-content\/uploads\/2017\/05\/Fjarhagsa%C3%A6tlun-2017-18.pdf\">Fskj-05 \u2013 Fjarhagsa\u00e6tlun-2017-18<\/a><\/p><p data-block-key=\"ksl0c\"><a href=\"http:\/\/wayback.vefsafn.is\/wayback\/20210212223747\/http:\/\/www.sjalfsbjorg.is\/wp-content\/uploads\/2017\/04\/%C3%81rgjald-tillaga.pdf\">Fskj-05a \u2013 \u00c1rgjald-tillaga<\/a><\/p><p data-block-key=\"znj76\">Fskj-06 \u2013 \u00c1rsverkefni 2017<\/p><p data-block-key=\"xe8ym\"><a href=\"http:\/\/wayback.vefsafn.is\/wayback\/20210212223747\/http:\/\/www.sjalfsbjorg.is\/wp-content\/uploads\/2017\/04\/H%C3%BAsn%C3%A6%C3%B0isnefnd-tillaga.pdf\">Fskj-07 \u2013 H\u00fasn\u00e6\u00f0isnefnd-tillaga<\/a><\/p><p data-block-key=\"hv4x9\"><a href=\"http:\/\/wayback.vefsafn.is\/wayback\/20210212223747\/http:\/\/www.sjalfsbjorg.is\/wp-content\/uploads\/2017\/04\/%C3%81lyktanir-lag%C3%B0ar-fyrir-Landsfund-2017.pdf\">Fskj-08 \u2013 \u00c1lyktanir-tillaga<\/a><\/p><p data-block-key=\"9ryju\"><a href=\"http:\/\/wayback.vefsafn.is\/wayback\/20210212223747\/http:\/\/www.sjalfsbjorg.is\/wp-content\/uploads\/2017\/04\/Listi-Kj%C3%B6rnefndar-Sj%C3%A1lfsbjargar-070417.pdf\">Fskj-09 \u2013 Listi Kj\u00f6rnefndar Sj\u00e1lfsbjargar 070417<\/a><\/p><p data-block-key=\"7oii8\"><a href=\"http:\/\/wayback.vefsafn.is\/wayback\/20210212223747\/http:\/\/www.sjalfsbjorg.is\/wp-content\/uploads\/2017\/05\/Starfs%C3%A1%C3%A6tlun-Sj%C3%A1lfsbjargar-lsh-2017-2018.pdf\">Fskj-09a \u2013 Starfs\u00e1\u00e6tlun Sj\u00e1lfsbjargar lsh-2017-2018<\/a><\/p><p data-block-key=\"5di95\"><a href=\"http:\/\/wayback.vefsafn.is\/wayback\/20210212223747\/http:\/\/www.sjalfsbjorg.is\/wp-content\/uploads\/2017\/07\/SVOT-greining-Ni%C3%B0ursta%C3%B0a.pdf\">Fskj-10 \u2013 Ni\u00f0ursta\u00f0a SVOT greiningar \u00e1 Landsfundi 2017<\/a><\/p><p data-block-key=\"78cbg\"><a href=\"https:\/\/sjalfsbjorg.is\/en\/documents\/124\/Fundarger%C3%B0_landsfundar_Sjalfsbjargar_lsh_2017.pdf\/\">Fundarger\u00f0 Landsfundar 2017<\/a><\/p>\t\t\t\t\t\t\t\t<\/div>\n\t\t\t\t<\/div>\n\t\t\t\t\t<\/details>\n\t\t\t\t\t<\/div>\n\t\t\t\t\t\t<\/div>\n\t\t\t\t<div class=\"elementor-element elementor-element-b4bf254 elementor-widget elementor-widget-n-accordion\" data-id=\"b4bf254\" data-element_type=\"widget\" data-e-type=\"widget\" data-settings=\"{&quot;default_state&quot;:&quot;all_collapsed&quot;,&quot;max_items_expended&quot;:&quot;one&quot;,&quot;n_accordion_animation_duration&quot;:{&quot;unit&quot;:&quot;ms&quot;,&quot;size&quot;:400,&quot;sizes&quot;:[]}}\" data-widget_type=\"nested-accordion.default\">\n\t\t\t\t\t\t\t<div class=\"e-n-accordion\" aria-label=\"Accordion. Open links with Enter or Space, close with Escape, and navigate with Arrow Keys\">\n\t\t\t\t\t\t<details id=\"e-n-accordion-item-1890\" class=\"e-n-accordion-item\" >\n\t\t\t\t<summary class=\"e-n-accordion-item-title\" data-accordion-index=\"1\" tabindex=\"0\" aria-expanded=\"false\" aria-controls=\"e-n-accordion-item-1890\" >\n\t\t\t\t\t<span class='e-n-accordion-item-title-header'><div class=\"e-n-accordion-item-title-text\"> Landsfundur 2016 <\/div><\/span>\n\t\t\t\t\t\t\t<span class='e-n-accordion-item-title-icon'>\n\t\t\t<span class='e-opened' ><svg aria-hidden=\"true\" class=\"e-font-icon-svg e-fas-minus\" viewbox=\"0 0 448 512\" xmlns=\"http:\/\/www.w3.org\/2000\/svg\"><path d=\"M416 208H32c-17.67 0-32 14.33-32 32v32c0 17.67 14.33 32 32 32h384c17.67 0 32-14.33 32-32v-32c0-17.67-14.33-32-32-32z\"><\/path><\/svg><\/span>\n\t\t\t<span class='e-closed'><svg aria-hidden=\"true\" class=\"e-font-icon-svg e-fas-plus\" viewbox=\"0 0 448 512\" xmlns=\"http:\/\/www.w3.org\/2000\/svg\"><path d=\"M416 208H272V64c0-17.67-14.33-32-32-32h-32c-17.67 0-32 14.33-32 32v144H32c-17.67 0-32 14.33-32 32v32c0 17.67 14.33 32 32 32h144v144c0 17.67 14.33 32 32 32h32c17.67 0 32-14.33 32-32V304h144c17.67 0 32-14.33 32-32v-32c0-17.67-14.33-32-32-32z\"><\/path><\/svg><\/span>\n\t\t<\/span>\n\n\t\t\t\t\t\t<\/summary>\n\t\t\t\t<div role=\"region\" aria-labelledby=\"e-n-accordion-item-1890\" class=\"elementor-element elementor-element-05d7814 e-con-full e-flex e-con e-child\" data-id=\"05d7814\" data-element_type=\"container\" data-e-type=\"container\">\n\t\t\t\t<div class=\"elementor-element elementor-element-13d17b4 elementor-widget elementor-widget-text-editor\" data-id=\"13d17b4\" data-element_type=\"widget\" data-e-type=\"widget\" data-widget_type=\"text-editor.default\">\n\t\t\t\t\t\t\t\t\t<p data-block-key=\"bu0m2\">Landsfundur Sj\u00e1lfsbjargar lsf. 2016<\/p><p data-block-key=\"k393o\">Landsfundir Sj\u00e1lfsbjargar\u00a0 eru haldnir \u00e1r hvert a\u00f0 hausti.<\/p><p data-block-key=\"y6b56\">Fyrsti Landsfundur Sj\u00e1lfsbjargar var haldinn 2015 \u00ed Bolungarv\u00edk\/\u00cdsafir\u00f0i.<\/p><p data-block-key=\"shnun\">Annar Landsfundur Sj\u00e1lfsbjargar var haldinn 1. okt\u00f3ber 2016 H\u00e1t\u00fani 12 \u00ed \u00dej\u00f3nustumi\u00f0st\u00f6\u00f0inni.<\/p><p data-block-key=\"zmuph\"><b>\u00ddmis g\u00f6gn var\u00f0andi landsfundinn:<\/b><\/p><p data-block-key=\"7xf6w\"><a href=\"http:\/\/wayback.vefsafn.is\/wayback\/20210212223821\/http:\/\/www.sjalfsbjorg.is\/wp-content\/uploads\/2016\/09\/Dagskra-annars-landsfundar-Sj%C3%A1lfsbjargar-lsf-01102016.pdf\">Fskj-01 \u2013 Dagskr\u00e1 2. landsfundar Sj\u00e1lfsbjargar lsf.<\/a><\/p><p data-block-key=\"lt6eq\"><a href=\"http:\/\/wayback.vefsafn.is\/wayback\/20210212223821\/http:\/\/www.sjalfsbjorg.is\/wp-content\/uploads\/2016\/09\/ARSSKYRSLA2015_Sjb-280916-1.pdf\">Fskj-02 \u2013 Sk\u00fdrsla framkv\u00e6mdastj\u00f3rnar Sj\u00e1lfsbjargar lsf fyrir starfst\u00edmabili\u00f0 sept. 2015 \u2013 sept 2016<\/a><\/p><p data-block-key=\"b71y5\">Fskj-03 \u2013 Sk\u00fdrsla Sj\u00e1lfsbjargarheimilisins 2015<\/p><p data-block-key=\"xjyac\">Fskj-04 \u2013 \u00c1rsverkefni 2017 kynnt<\/p><p data-block-key=\"n6ky0\"><a href=\"http:\/\/wayback.vefsafn.is\/wayback\/20210212223821\/http:\/\/www.sjalfsbjorg.is\/wp-content\/uploads\/2016\/09\/Lagabreytingartillogur-fyrir-landsfund-Sjalfsbjargar-2016-1.pdf\">Fskj-05a \u2013 Lagabreytingatill\u00f6gur fr\u00e1 framkv\u00e6mdastj\u00f3rn Sj\u00e1lfsbjargar lsf.\u00a0<\/a><\/p><p data-block-key=\"t0nc9\"><a href=\"http:\/\/wayback.vefsafn.is\/wayback\/20210212223821\/http:\/\/www.sjalfsbjorg.is\/wp-content\/uploads\/2016\/09\/L%C3%B6g-Sj%C3%A1lfsbjargar-helstu-breytingar-160928.pdf\">Fskj-05b \u2013 Helstu breytingar sem koma fram \u00ed till\u00f6gum framkv\u00e6mdastj\u00f3rnar.<\/a><\/p><p data-block-key=\"7pghq\"><a href=\"http:\/\/wayback.vefsafn.is\/wayback\/20210212223821\/http:\/\/www.sjalfsbjorg.is\/wp-content\/uploads\/2016\/09\/Sbj-Ak-1-Lagabreytingatillogur-230916.pdf\">Fskj-05c \u2013 Lagabreytingatill\u00f6gur fr\u00e1 Sj\u00e1lfsbj\u00f6rg \u00e1 Akureyri.<\/a><\/p><p data-block-key=\"tsh4c\"><a href=\"http:\/\/wayback.vefsafn.is\/wayback\/20210212223821\/http:\/\/www.sjalfsbjorg.is\/wp-content\/uploads\/2016\/09\/Sbj-Ak-2-Lagabreytingatillogur-eftir-br-230916.pdf\">Fskj-05d \u2013 Tillaga fr\u00e1 Akureyri me\u00f0 breytingum.<\/a><\/p><p data-block-key=\"gqv77\"><a href=\"http:\/\/wayback.vefsafn.is\/wayback\/20210212223821\/http:\/\/www.sjalfsbjorg.is\/wp-content\/uploads\/2016\/09\/Sbj-h%C3%B6f-2-Lagabreytingartillo%CC%88gur-allar-240916.pdf\">Fskj-05e \u2013 Lagabreytingatill\u00f6gur fr\u00e1 Sj\u00e1lfsbj\u00f6rg \u00e1 h\u00f6fu\u00f0borgarsv\u00e6\u00f0inu<\/a><\/p><p data-block-key=\"m9beo\"><a href=\"http:\/\/wayback.vefsafn.is\/wayback\/20210212223821\/http:\/\/www.sjalfsbjorg.is\/wp-content\/uploads\/2016\/09\/Sbj-h%C3%B6f-1-Lagabreytingartillo%CC%88gur-samantekt-270916.pdf\">Fskj-05f \u2013 Samantekt tillagna fulltr\u00faa Sj\u00e1lfsbjargar \u00e1 h\u00f6fu\u00f0borgarsv\u00e6\u00f0inu<\/a><\/p><p data-block-key=\"mxbbe\"><a href=\"http:\/\/wayback.vefsafn.is\/wayback\/20210212223821\/http:\/\/www.sjalfsbjorg.is\/wp-content\/uploads\/2016\/09\/Listi_kj%C3%B6rnefndar_Sj%C3%A1lfsbjargar_pr_30_agust_2016.pdf\">Fskj-06 \u2013 Frambo\u00f0slisti fyrir 2. landsfund Sj\u00e1lfsbjargar lsf. pr. 30. \u00e1g\u00fast 2016<\/a><\/p><p data-block-key=\"z8t45\"><a href=\"http:\/\/wayback.vefsafn.is\/wayback\/20210212223821\/http:\/\/www.sjalfsbjorg.is\/wp-content\/uploads\/2016\/09\/Alyktun-um-Samning-Sameinudu-thjodanna-tillaga.pdf\">Fskj-07 \u2013 Tillaga a\u00f0 \u00e1lyktun um samning Sameinu\u00f0u \u00fej\u00f3\u00f0anna um r\u00e9ttindi fatla\u00f0s f\u00f3lks<\/a><\/p><p data-block-key=\"6u0v9\"><a href=\"https:\/\/sjalfsbjorg.is\/wp-content\/uploads\/2025\/10\/Fundargerd-Landsfundur_Sjalfsbjargar_2016.pdf\">Fundarger\u00f0 Landsfundar 2016<\/a><\/p>\t\t\t\t\t\t\t\t<\/div>\n\t\t\t\t<\/div>\n\t\t\t\t\t<\/details>\n\t\t\t\t\t<\/div>\n\t\t\t\t\t\t<\/div>\n\t\t\t\t<\/div>\n\t\t\t\t\t<\/div>\n\t\t\t\t<\/div>\n\t\t\t\t<\/div>","protected":false},"excerpt":{"rendered":"<p>Landsfundur 2026 H\u00e9r koma uppl\u00fdsingar vegna landsfundar 2026 Fundarbo\u00f0 landsfundar Sj\u00e1lfsbjargar landssambands hreyfihamla\u00f0ra (lsh) 2026. Haldinn \u00ed sal Sj\u00e1lfsbjargar \u00e1 h\u00f6fu\u00f0borgarsv\u00e6\u00f0inu, H\u00e1t\u00fani 12, inngangur 7. \u00deann 24. apr\u00edl 2026 kl.13:00 og 25. apr\u00edl 2026 kl. 9:30. Dagskr\u00e1 samkv\u00e6mt 21.gr. laga Eftirfarandi g\u00f6gn eru fylgiskj\u00f6l fundarins. 00.00 T\u00edmal\u00edna Landsfundar 2026 Fskj 3.1. Landsfundarfulltr\u00faar Fskj 4.1. Dagskr\u00e1 [&hellip;]<\/p>\n","protected":false},"author":1,"featured_media":0,"parent":766,"menu_order":0,"comment_status":"closed","ping_status":"closed","template":"elementor_theme","meta":{"footnotes":""},"class_list":["post-821","page","type-page","status-publish","hentry"],"_links":{"self":[{"href":"https:\/\/sjalfsbjorg.is\/en\/wp-json\/wp\/v2\/pages\/821","targetHints":{"allow":["GET"]}}],"collection":[{"href":"https:\/\/sjalfsbjorg.is\/en\/wp-json\/wp\/v2\/pages"}],"about":[{"href":"https:\/\/sjalfsbjorg.is\/en\/wp-json\/wp\/v2\/types\/page"}],"author":[{"embeddable":true,"href":"https:\/\/sjalfsbjorg.is\/en\/wp-json\/wp\/v2\/users\/1"}],"replies":[{"embeddable":true,"href":"https:\/\/sjalfsbjorg.is\/en\/wp-json\/wp\/v2\/comments?post=821"}],"version-history":[{"count":3,"href":"https:\/\/sjalfsbjorg.is\/en\/wp-json\/wp\/v2\/pages\/821\/revisions"}],"predecessor-version":[{"id":13321,"href":"https:\/\/sjalfsbjorg.is\/en\/wp-json\/wp\/v2\/pages\/821\/revisions\/13321"}],"up":[{"embeddable":true,"href":"https:\/\/sjalfsbjorg.is\/en\/wp-json\/wp\/v2\/pages\/766"}],"wp:attachment":[{"href":"https:\/\/sjalfsbjorg.is\/en\/wp-json\/wp\/v2\/media?parent=821"}],"curies":[{"name":"wp","href":"https:\/\/api.w.org\/{rel}","templated":true}]}}